{"id":59,"date":"2015-09-20T16:30:15","date_gmt":"2015-09-20T15:30:15","guid":{"rendered":"http:\/\/turnaround.cz\/restrukturalizacni-forum-2015\/?page_id=59"},"modified":"2015-11-06T07:55:22","modified_gmt":"2015-11-06T06:55:22","slug":"prednasejici","status":"publish","type":"page","link":"https:\/\/turnaround.cz\/restrukturalizacni-forum-2015\/en\/prednasejici\/","title":{"rendered":"Speakers"},"content":{"rendered":"<p><\/p>\n<h2 id=\"alexander1\">Juraj Alexander<\/h2>\n<img loading=\"lazy\" decoding=\"async\" data-attachment-id=\"73\" data-permalink=\"https:\/\/turnaround.cz\/restrukturalizacni-forum-2015\/en\/prednasejici\/juraj-alexander-2\/\" data-orig-file=\"https:\/\/turnaround.cz\/restrukturalizacni-forum-2015\/wp-content\/uploads\/sites\/2\/2015\/09\/Juraj-Alexander1.jpg\" data-orig-size=\"150,200\" data-comments-opened=\"0\" data-image-meta=\"{&quot;aperture&quot;:&quot;9&quot;,&quot;credit&quot;:&quot;&quot;,&quot;camera&quot;:&quot;Canon EOS-1Ds Mark II&quot;,&quot;caption&quot;:&quot;&quot;,&quot;created_timestamp&quot;:&quot;1210338852&quot;,&quot;copyright&quot;:&quot;&quot;,&quot;focal_length&quot;:&quot;135&quot;,&quot;iso&quot;:&quot;100&quot;,&quot;shutter_speed&quot;:&quot;0.01&quot;,&quot;title&quot;:&quot;&quot;,&quot;orientation&quot;:&quot;1&quot;}\" data-image-title=\"Juraj Alexander\" data-image-description=\"\" data-image-caption=\"\" data-medium-file=\"https:\/\/turnaround.cz\/restrukturalizacni-forum-2015\/wp-content\/uploads\/sites\/2\/2015\/09\/Juraj-Alexander1.jpg\" data-large-file=\"https:\/\/turnaround.cz\/restrukturalizacni-forum-2015\/wp-content\/uploads\/sites\/2\/2015\/09\/Juraj-Alexander1.jpg\" class=\"alignleft size-full wp-image-73\" src=\"http:\/\/turnaround.cz\/restrukturalizacni-forum-2015\/wp-content\/uploads\/sites\/2\/2015\/09\/Juraj-Alexander1.jpg\" alt=\"Juraj Alexander\" width=\"150\" height=\"200\" \/>\n<h2><\/h2>\n<h2><\/h2>\n<h2><\/h2>\n<h2><\/h2>\n<h2 id=\"behounek1\">Jan B\u011bhounek<\/h2>\n<a href=\"http:\/\/turnaround.cz\/restrukturalizacni-forum-2015\/wp-content\/uploads\/sites\/2\/2015\/09\/Jan-Behounek.jpg\"><img loading=\"lazy\" decoding=\"async\" data-attachment-id=\"226\" data-permalink=\"https:\/\/turnaround.cz\/restrukturalizacni-forum-2015\/en\/prednasejici\/jan-behounek\/\" data-orig-file=\"https:\/\/turnaround.cz\/restrukturalizacni-forum-2015\/wp-content\/uploads\/sites\/2\/2015\/09\/Jan-Behounek.jpg\" data-orig-size=\"237,318\" data-comments-opened=\"0\" data-image-meta=\"{&quot;aperture&quot;:&quot;0&quot;,&quot;credit&quot;:&quot;&quot;,&quot;camera&quot;:&quot;&quot;,&quot;caption&quot;:&quot;&quot;,&quot;created_timestamp&quot;:&quot;0&quot;,&quot;copyright&quot;:&quot;&quot;,&quot;focal_length&quot;:&quot;0&quot;,&quot;iso&quot;:&quot;0&quot;,&quot;shutter_speed&quot;:&quot;0&quot;,&quot;title&quot;:&quot;&quot;,&quot;orientation&quot;:&quot;0&quot;}\" data-image-title=\"Jan Behounek\" data-image-description=\"\" data-image-caption=\"\" data-medium-file=\"https:\/\/turnaround.cz\/restrukturalizacni-forum-2015\/wp-content\/uploads\/sites\/2\/2015\/09\/Jan-Behounek-224x300.jpg\" data-large-file=\"https:\/\/turnaround.cz\/restrukturalizacni-forum-2015\/wp-content\/uploads\/sites\/2\/2015\/09\/Jan-Behounek.jpg\" class=\"  wp-image-226 alignleft\" src=\"http:\/\/turnaround.cz\/restrukturalizacni-forum-2015\/wp-content\/uploads\/sites\/2\/2015\/09\/Jan-Behounek-224x300.jpg\" alt=\"Jan Behounek\" width=\"166\" height=\"222\" srcset=\"https:\/\/turnaround.cz\/restrukturalizacni-forum-2015\/wp-content\/uploads\/sites\/2\/2015\/09\/Jan-Behounek-224x300.jpg 224w, https:\/\/turnaround.cz\/restrukturalizacni-forum-2015\/wp-content\/uploads\/sites\/2\/2015\/09\/Jan-Behounek.jpg 237w\" sizes=\"auto, (max-width: 166px) 100vw, 166px\" \/><\/a>\n<h2><\/h2>\n<h2><\/h2>\n<h2><\/h2>\n<h2><\/h2>\n<h2 id=\"herczeg1\">Ji\u0159\u00ed Herczeg<\/h2>\n<img loading=\"lazy\" decoding=\"async\" data-attachment-id=\"72\" data-permalink=\"https:\/\/turnaround.cz\/restrukturalizacni-forum-2015\/en\/prednasejici\/jiri-herczeg-2\/\" data-orig-file=\"https:\/\/turnaround.cz\/restrukturalizacni-forum-2015\/wp-content\/uploads\/sites\/2\/2015\/09\/Jiri-Herczeg1.jpg\" data-orig-size=\"167,200\" data-comments-opened=\"0\" data-image-meta=\"{&quot;aperture&quot;:&quot;0&quot;,&quot;credit&quot;:&quot;&quot;,&quot;camera&quot;:&quot;&quot;,&quot;caption&quot;:&quot;&quot;,&quot;created_timestamp&quot;:&quot;0&quot;,&quot;copyright&quot;:&quot;&quot;,&quot;focal_length&quot;:&quot;0&quot;,&quot;iso&quot;:&quot;0&quot;,&quot;shutter_speed&quot;:&quot;0&quot;,&quot;title&quot;:&quot;&quot;,&quot;orientation&quot;:&quot;1&quot;}\" data-image-title=\"Jiri Herczeg\" data-image-description=\"\" data-image-caption=\"\" data-medium-file=\"https:\/\/turnaround.cz\/restrukturalizacni-forum-2015\/wp-content\/uploads\/sites\/2\/2015\/09\/Jiri-Herczeg1.jpg\" data-large-file=\"https:\/\/turnaround.cz\/restrukturalizacni-forum-2015\/wp-content\/uploads\/sites\/2\/2015\/09\/Jiri-Herczeg1.jpg\" class=\"alignleft size-full wp-image-72\" src=\"http:\/\/turnaround.cz\/restrukturalizacni-forum-2015\/wp-content\/uploads\/sites\/2\/2015\/09\/Jiri-Herczeg1.jpg\" alt=\"Jiri Herczeg\" width=\"167\" height=\"200\" \/>\n<h2><\/h2>\n<h2><\/h2>\n<h2><\/h2>\n<h2><\/h2>\n<h2 id=\"holodnak1\">Maro\u0161 Holod\u0148\u00e1k<\/h2>\n<img loading=\"lazy\" decoding=\"async\" data-attachment-id=\"74\" data-permalink=\"https:\/\/turnaround.cz\/restrukturalizacni-forum-2015\/en\/prednasejici\/maros_holodnak-2\/\" data-orig-file=\"https:\/\/turnaround.cz\/restrukturalizacni-forum-2015\/wp-content\/uploads\/sites\/2\/2015\/09\/Maros_Holodnak1.jpg\" data-orig-size=\"149,200\" data-comments-opened=\"0\" data-image-meta=\"{&quot;aperture&quot;:&quot;0&quot;,&quot;credit&quot;:&quot;&quot;,&quot;camera&quot;:&quot;&quot;,&quot;caption&quot;:&quot;&quot;,&quot;created_timestamp&quot;:&quot;0&quot;,&quot;copyright&quot;:&quot;&quot;,&quot;focal_length&quot;:&quot;0&quot;,&quot;iso&quot;:&quot;0&quot;,&quot;shutter_speed&quot;:&quot;0&quot;,&quot;title&quot;:&quot;&quot;,&quot;orientation&quot;:&quot;1&quot;}\" data-image-title=\"Maros_Holodnak\" data-image-description=\"\" data-image-caption=\"\" data-medium-file=\"https:\/\/turnaround.cz\/restrukturalizacni-forum-2015\/wp-content\/uploads\/sites\/2\/2015\/09\/Maros_Holodnak1.jpg\" data-large-file=\"https:\/\/turnaround.cz\/restrukturalizacni-forum-2015\/wp-content\/uploads\/sites\/2\/2015\/09\/Maros_Holodnak1.jpg\" class=\"alignleft size-full wp-image-74\" src=\"http:\/\/turnaround.cz\/restrukturalizacni-forum-2015\/wp-content\/uploads\/sites\/2\/2015\/09\/Maros_Holodnak1.jpg\" alt=\"Maros_Holodnak\" width=\"149\" height=\"200\" \/>\n<h2><\/h2>\n<h2><\/h2>\n<h2><\/h2>\n<h2><\/h2>\n<h2 id=\"kafka1\">Tom\u00e1\u0161 Kafka<\/h2>\n<img loading=\"lazy\" decoding=\"async\" data-attachment-id=\"76\" data-permalink=\"https:\/\/turnaround.cz\/restrukturalizacni-forum-2015\/en\/prednasejici\/tomaskafka\/\" data-orig-file=\"https:\/\/turnaround.cz\/restrukturalizacni-forum-2015\/wp-content\/uploads\/sites\/2\/2015\/09\/TomasKafka.jpg\" data-orig-size=\"150,200\" data-comments-opened=\"0\" data-image-meta=\"{&quot;aperture&quot;:&quot;5.6&quot;,&quot;credit&quot;:&quot;Roman Mlejnek&quot;,&quot;camera&quot;:&quot;Canon EOS 5D Mark II&quot;,&quot;caption&quot;:&quot;&quot;,&quot;created_timestamp&quot;:&quot;1348236337&quot;,&quot;copyright&quot;:&quot;&quot;,&quot;focal_length&quot;:&quot;70&quot;,&quot;iso&quot;:&quot;200&quot;,&quot;shutter_speed&quot;:&quot;0.008&quot;,&quot;title&quot;:&quot;&quot;,&quot;orientation&quot;:&quot;1&quot;}\" data-image-title=\"TomasKafka\" data-image-description=\"\" data-image-caption=\"\" data-medium-file=\"https:\/\/turnaround.cz\/restrukturalizacni-forum-2015\/wp-content\/uploads\/sites\/2\/2015\/09\/TomasKafka.jpg\" data-large-file=\"https:\/\/turnaround.cz\/restrukturalizacni-forum-2015\/wp-content\/uploads\/sites\/2\/2015\/09\/TomasKafka.jpg\" class=\"alignleft size-full wp-image-76\" src=\"http:\/\/turnaround.cz\/restrukturalizacni-forum-2015\/wp-content\/uploads\/sites\/2\/2015\/09\/TomasKafka.jpg\" alt=\"TomasKafka\" width=\"150\" height=\"200\" \/>\n<h2><\/h2>\n<h2><\/h2>\n<h2><\/h2>\n<h2><\/h2>\n<h2 id=\"koch1\">Axel Koch<\/h2>\n<img loading=\"lazy\" decoding=\"async\" data-attachment-id=\"62\" data-permalink=\"https:\/\/turnaround.cz\/restrukturalizacni-forum-2015\/en\/prednasejici\/axel-koch\/\" data-orig-file=\"https:\/\/turnaround.cz\/restrukturalizacni-forum-2015\/wp-content\/uploads\/sites\/2\/2015\/09\/Axel-Koch.jpg\" data-orig-size=\"109,76\" data-comments-opened=\"0\" data-image-meta=\"{&quot;aperture&quot;:&quot;0&quot;,&quot;credit&quot;:&quot;&quot;,&quot;camera&quot;:&quot;&quot;,&quot;caption&quot;:&quot;&quot;,&quot;created_timestamp&quot;:&quot;0&quot;,&quot;copyright&quot;:&quot;&quot;,&quot;focal_length&quot;:&quot;0&quot;,&quot;iso&quot;:&quot;0&quot;,&quot;shutter_speed&quot;:&quot;0&quot;,&quot;title&quot;:&quot;&quot;,&quot;orientation&quot;:&quot;0&quot;}\" data-image-title=\"Axel Koch\" data-image-description=\"\" data-image-caption=\"\" data-medium-file=\"https:\/\/turnaround.cz\/restrukturalizacni-forum-2015\/wp-content\/uploads\/sites\/2\/2015\/09\/Axel-Koch.jpg\" data-large-file=\"https:\/\/turnaround.cz\/restrukturalizacni-forum-2015\/wp-content\/uploads\/sites\/2\/2015\/09\/Axel-Koch.jpg\" class=\"alignleft size-full wp-image-62\" src=\"http:\/\/turnaround.cz\/restrukturalizacni-forum-2015\/wp-content\/uploads\/sites\/2\/2015\/09\/Axel-Koch.jpg\" alt=\"Axel Koch\" width=\"109\" height=\"76\" \/>\n<h2><\/h2>\n<h2><\/h2>\n<h2 id=\"machon1\">Martin Macho\u0148<\/h2>\n<h2><a href=\"http:\/\/turnaround.cz\/restrukturalizacni-forum-2015\/wp-content\/uploads\/sites\/2\/2015\/09\/Martin-Machon.jpg\"><img loading=\"lazy\" decoding=\"async\" data-attachment-id=\"193\" data-permalink=\"https:\/\/turnaround.cz\/restrukturalizacni-forum-2015\/en\/prednasejici\/martin-machon\/\" data-orig-file=\"https:\/\/turnaround.cz\/restrukturalizacni-forum-2015\/wp-content\/uploads\/sites\/2\/2015\/09\/Martin-Machon.jpg\" data-orig-size=\"2793,3537\" data-comments-opened=\"0\" data-image-meta=\"{&quot;aperture&quot;:&quot;13&quot;,&quot;credit&quot;:&quot;&quot;,&quot;camera&quot;:&quot;NIKON D3&quot;,&quot;caption&quot;:&quot;&quot;,&quot;created_timestamp&quot;:&quot;1406628795&quot;,&quot;copyright&quot;:&quot;&quot;,&quot;focal_length&quot;:&quot;58&quot;,&quot;iso&quot;:&quot;320&quot;,&quot;shutter_speed&quot;:&quot;0.01&quot;,&quot;title&quot;:&quot;&quot;,&quot;orientation&quot;:&quot;1&quot;}\" data-image-title=\"Martin Machon\" data-image-description=\"\" data-image-caption=\"\" data-medium-file=\"https:\/\/turnaround.cz\/restrukturalizacni-forum-2015\/wp-content\/uploads\/sites\/2\/2015\/09\/Martin-Machon-237x300.jpg\" data-large-file=\"https:\/\/turnaround.cz\/restrukturalizacni-forum-2015\/wp-content\/uploads\/sites\/2\/2015\/09\/Martin-Machon-809x1024.jpg\" class=\"  wp-image-193 alignleft\" src=\"http:\/\/turnaround.cz\/restrukturalizacni-forum-2015\/wp-content\/uploads\/sites\/2\/2015\/09\/Martin-Machon-237x300.jpg\" alt=\"Martin Machon\" width=\"165\" height=\"209\" srcset=\"https:\/\/turnaround.cz\/restrukturalizacni-forum-2015\/wp-content\/uploads\/sites\/2\/2015\/09\/Martin-Machon-237x300.jpg 237w, https:\/\/turnaround.cz\/restrukturalizacni-forum-2015\/wp-content\/uploads\/sites\/2\/2015\/09\/Martin-Machon-809x1024.jpg 809w\" sizes=\"auto, (max-width: 165px) 100vw, 165px\" \/><\/a><\/h2>\n<h2><\/h2>\n<h2><\/h2>\n<h2><\/h2>\n<h2><\/h2>\n<h2><\/h2>\n<h2 id=\"pechouckova1\">Jana P\u011bchou\u010dkov\u00e1<\/h2>\n<a href=\"http:\/\/turnaround.cz\/restrukturalizacni-forum-2015\/wp-content\/uploads\/sites\/2\/2015\/09\/JanaPechouckova.jpg\"><img loading=\"lazy\" decoding=\"async\" data-attachment-id=\"252\" data-permalink=\"https:\/\/turnaround.cz\/restrukturalizacni-forum-2015\/en\/prednasejici\/janapechouckova\/\" data-orig-file=\"https:\/\/turnaround.cz\/restrukturalizacni-forum-2015\/wp-content\/uploads\/sites\/2\/2015\/09\/JanaPechouckova.jpg\" data-orig-size=\"326,371\" data-comments-opened=\"0\" data-image-meta=\"{&quot;aperture&quot;:&quot;0&quot;,&quot;credit&quot;:&quot;&quot;,&quot;camera&quot;:&quot;&quot;,&quot;caption&quot;:&quot;&quot;,&quot;created_timestamp&quot;:&quot;0&quot;,&quot;copyright&quot;:&quot;&quot;,&quot;focal_length&quot;:&quot;0&quot;,&quot;iso&quot;:&quot;0&quot;,&quot;shutter_speed&quot;:&quot;0&quot;,&quot;title&quot;:&quot;&quot;,&quot;orientation&quot;:&quot;0&quot;}\" data-image-title=\"JanaPechouckova\" data-image-description=\"\" data-image-caption=\"\" data-medium-file=\"https:\/\/turnaround.cz\/restrukturalizacni-forum-2015\/wp-content\/uploads\/sites\/2\/2015\/09\/JanaPechouckova-264x300.jpg\" data-large-file=\"https:\/\/turnaround.cz\/restrukturalizacni-forum-2015\/wp-content\/uploads\/sites\/2\/2015\/09\/JanaPechouckova.jpg\" class=\"  wp-image-252 alignleft\" src=\"http:\/\/turnaround.cz\/restrukturalizacni-forum-2015\/wp-content\/uploads\/sites\/2\/2015\/09\/JanaPechouckova-264x300.jpg\" alt=\"JanaPechouckova\" width=\"173\" height=\"196\" srcset=\"https:\/\/turnaround.cz\/restrukturalizacni-forum-2015\/wp-content\/uploads\/sites\/2\/2015\/09\/JanaPechouckova-264x300.jpg 264w, https:\/\/turnaround.cz\/restrukturalizacni-forum-2015\/wp-content\/uploads\/sites\/2\/2015\/09\/JanaPechouckova.jpg 326w\" sizes=\"auto, (max-width: 173px) 100vw, 173px\" \/><\/a>\n<h2><\/h2>\n<h2><\/h2>\n<h2><\/h2>\n<h2><\/h2>\n<h2 id=\"plch1\">David Plch<\/h2>\n<img loading=\"lazy\" decoding=\"async\" data-attachment-id=\"70\" data-permalink=\"https:\/\/turnaround.cz\/restrukturalizacni-forum-2015\/en\/prednasejici\/david-plch-2\/\" data-orig-file=\"https:\/\/turnaround.cz\/restrukturalizacni-forum-2015\/wp-content\/uploads\/sites\/2\/2015\/09\/David-Plch1.jpg\" data-orig-size=\"205,200\" data-comments-opened=\"0\" data-image-meta=\"{&quot;aperture&quot;:&quot;0&quot;,&quot;credit&quot;:&quot;&quot;,&quot;camera&quot;:&quot;&quot;,&quot;caption&quot;:&quot;&quot;,&quot;created_timestamp&quot;:&quot;0&quot;,&quot;copyright&quot;:&quot;&quot;,&quot;focal_length&quot;:&quot;0&quot;,&quot;iso&quot;:&quot;0&quot;,&quot;shutter_speed&quot;:&quot;0&quot;,&quot;title&quot;:&quot;&quot;,&quot;orientation&quot;:&quot;1&quot;}\" data-image-title=\"David Plch\" data-image-description=\"\" data-image-caption=\"\" data-medium-file=\"https:\/\/turnaround.cz\/restrukturalizacni-forum-2015\/wp-content\/uploads\/sites\/2\/2015\/09\/David-Plch1.jpg\" data-large-file=\"https:\/\/turnaround.cz\/restrukturalizacni-forum-2015\/wp-content\/uploads\/sites\/2\/2015\/09\/David-Plch1.jpg\" class=\"alignleft size-full wp-image-70\" src=\"http:\/\/turnaround.cz\/restrukturalizacni-forum-2015\/wp-content\/uploads\/sites\/2\/2015\/09\/David-Plch1.jpg\" alt=\"David Plch\" width=\"205\" height=\"200\" \/>\n<h2><\/h2>\n<h2><\/h2>\n<h2><\/h2>\n<h2><\/h2>\n<h2 id=\"rasovsky1\">Tom\u00e1\u0161 Ra\u0161ovsk\u00fd<\/h2>\n<img loading=\"lazy\" decoding=\"async\" data-attachment-id=\"177\" data-permalink=\"https:\/\/turnaround.cz\/restrukturalizacni-forum-2015\/en\/prednasejici\/tomas-rasovsky_v2\/\" data-orig-file=\"https:\/\/turnaround.cz\/restrukturalizacni-forum-2015\/wp-content\/uploads\/sites\/2\/2015\/09\/Tomas-Rasovsky_v2.jpg\" data-orig-size=\"1425,1617\" data-comments-opened=\"0\" data-image-meta=\"{&quot;aperture&quot;:&quot;13&quot;,&quot;credit&quot;:&quot;&quot;,&quot;camera&quot;:&quot;NIKON D300&quot;,&quot;caption&quot;:&quot;&quot;,&quot;created_timestamp&quot;:&quot;1234798127&quot;,&quot;copyright&quot;:&quot;&quot;,&quot;focal_length&quot;:&quot;38&quot;,&quot;iso&quot;:&quot;200&quot;,&quot;shutter_speed&quot;:&quot;0.01&quot;,&quot;title&quot;:&quot;&quot;,&quot;orientation&quot;:&quot;1&quot;}\" data-image-title=\"Tomas Rasovsky_v2\" data-image-description=\"\" data-image-caption=\"\" data-medium-file=\"https:\/\/turnaround.cz\/restrukturalizacni-forum-2015\/wp-content\/uploads\/sites\/2\/2015\/09\/Tomas-Rasovsky_v2-264x300.jpg\" data-large-file=\"https:\/\/turnaround.cz\/restrukturalizacni-forum-2015\/wp-content\/uploads\/sites\/2\/2015\/09\/Tomas-Rasovsky_v2-902x1024.jpg\" class=\"  wp-image-177 alignleft\" src=\"http:\/\/turnaround.cz\/restrukturalizacni-forum-2015\/wp-content\/uploads\/sites\/2\/2015\/09\/Tomas-Rasovsky_v2-264x300.jpg\" alt=\"Tomas Rasovsky_v2\" width=\"184\" height=\"244\" \/>\n<h2><\/h2>\n<h2><\/h2>\n<h2><\/h2>\n<h2><\/h2>\n<h2 id=\"richter1\">Tom\u00e1\u0161 Richter<\/h2>\n<img loading=\"lazy\" decoding=\"async\" data-attachment-id=\"77\" data-permalink=\"https:\/\/turnaround.cz\/restrukturalizacni-forum-2015\/en\/prednasejici\/tr-photo-2\/\" data-orig-file=\"https:\/\/turnaround.cz\/restrukturalizacni-forum-2015\/wp-content\/uploads\/sites\/2\/2015\/09\/TR-photo1.png\" data-orig-size=\"134,200\" data-comments-opened=\"0\" data-image-meta=\"{&quot;aperture&quot;:&quot;0&quot;,&quot;credit&quot;:&quot;&quot;,&quot;camera&quot;:&quot;&quot;,&quot;caption&quot;:&quot;&quot;,&quot;created_timestamp&quot;:&quot;0&quot;,&quot;copyright&quot;:&quot;&quot;,&quot;focal_length&quot;:&quot;0&quot;,&quot;iso&quot;:&quot;0&quot;,&quot;shutter_speed&quot;:&quot;0&quot;,&quot;title&quot;:&quot;&quot;,&quot;orientation&quot;:&quot;0&quot;}\" data-image-title=\"TR photo\" data-image-description=\"\" data-image-caption=\"\" data-medium-file=\"https:\/\/turnaround.cz\/restrukturalizacni-forum-2015\/wp-content\/uploads\/sites\/2\/2015\/09\/TR-photo1.png\" data-large-file=\"https:\/\/turnaround.cz\/restrukturalizacni-forum-2015\/wp-content\/uploads\/sites\/2\/2015\/09\/TR-photo1.png\" class=\"alignleft size-full wp-image-77\" src=\"http:\/\/turnaround.cz\/restrukturalizacni-forum-2015\/wp-content\/uploads\/sites\/2\/2015\/09\/TR-photo1.png\" alt=\"TR photo\" width=\"134\" height=\"200\" \/>\n<h2><\/h2>\n<h2><\/h2>\n<h2><\/h2>\n<h2><\/h2>\n<h2 id=\"saint-denis1\">Georg Saint-Denis<\/h2>\n<img loading=\"lazy\" decoding=\"async\" data-attachment-id=\"71\" data-permalink=\"https:\/\/turnaround.cz\/restrukturalizacni-forum-2015\/en\/prednasejici\/georg-saint-denis-2\/\" data-orig-file=\"https:\/\/turnaround.cz\/restrukturalizacni-forum-2015\/wp-content\/uploads\/sites\/2\/2015\/09\/Georg-Saint-Denis1.png\" data-orig-size=\"147,200\" data-comments-opened=\"0\" data-image-meta=\"{&quot;aperture&quot;:&quot;0&quot;,&quot;credit&quot;:&quot;&quot;,&quot;camera&quot;:&quot;&quot;,&quot;caption&quot;:&quot;&quot;,&quot;created_timestamp&quot;:&quot;0&quot;,&quot;copyright&quot;:&quot;&quot;,&quot;focal_length&quot;:&quot;0&quot;,&quot;iso&quot;:&quot;0&quot;,&quot;shutter_speed&quot;:&quot;0&quot;,&quot;title&quot;:&quot;&quot;,&quot;orientation&quot;:&quot;0&quot;}\" data-image-title=\"Georg Saint-Denis\" data-image-description=\"\" data-image-caption=\"\" data-medium-file=\"https:\/\/turnaround.cz\/restrukturalizacni-forum-2015\/wp-content\/uploads\/sites\/2\/2015\/09\/Georg-Saint-Denis1.png\" data-large-file=\"https:\/\/turnaround.cz\/restrukturalizacni-forum-2015\/wp-content\/uploads\/sites\/2\/2015\/09\/Georg-Saint-Denis1.png\" class=\"alignleft size-full wp-image-71\" src=\"http:\/\/turnaround.cz\/restrukturalizacni-forum-2015\/wp-content\/uploads\/sites\/2\/2015\/09\/Georg-Saint-Denis1.png\" alt=\"Georg Saint-Denis\" width=\"147\" height=\"200\" \/>\n<h2><\/h2>\n<h2><\/h2>\n<h2><\/h2>\n<h2><\/h2>\n<h2 id=\"smutny1\">Petr Smutn\u00fd<\/h2>\n<img loading=\"lazy\" decoding=\"async\" data-attachment-id=\"75\" data-permalink=\"https:\/\/turnaround.cz\/restrukturalizacni-forum-2015\/en\/prednasejici\/petr-smutny-2\/\" data-orig-file=\"https:\/\/turnaround.cz\/restrukturalizacni-forum-2015\/wp-content\/uploads\/sites\/2\/2015\/09\/Petr-Smutny1.png\" data-orig-size=\"142,200\" data-comments-opened=\"0\" data-image-meta=\"{&quot;aperture&quot;:&quot;0&quot;,&quot;credit&quot;:&quot;&quot;,&quot;camera&quot;:&quot;&quot;,&quot;caption&quot;:&quot;&quot;,&quot;created_timestamp&quot;:&quot;0&quot;,&quot;copyright&quot;:&quot;&quot;,&quot;focal_length&quot;:&quot;0&quot;,&quot;iso&quot;:&quot;0&quot;,&quot;shutter_speed&quot;:&quot;0&quot;,&quot;title&quot;:&quot;&quot;,&quot;orientation&quot;:&quot;0&quot;}\" data-image-title=\"Petr Smutny\" data-image-description=\"\" data-image-caption=\"\" data-medium-file=\"https:\/\/turnaround.cz\/restrukturalizacni-forum-2015\/wp-content\/uploads\/sites\/2\/2015\/09\/Petr-Smutny1.png\" data-large-file=\"https:\/\/turnaround.cz\/restrukturalizacni-forum-2015\/wp-content\/uploads\/sites\/2\/2015\/09\/Petr-Smutny1.png\" class=\"alignleft size-full wp-image-75\" src=\"http:\/\/turnaround.cz\/restrukturalizacni-forum-2015\/wp-content\/uploads\/sites\/2\/2015\/09\/Petr-Smutny1.png\" alt=\"Petr Smutny\" width=\"142\" height=\"200\" \/>\n<h2><\/h2>\n<h2><\/h2>\n<h2><\/h2>\n<h2><\/h2>\n<h2 id=\"wallenfels1\">Ji\u0159\u00ed Wallenfels<br \/>\n<img loading=\"lazy\" decoding=\"async\" data-attachment-id=\"178\" data-permalink=\"https:\/\/turnaround.cz\/restrukturalizacni-forum-2015\/en\/prednasejici\/jiri-wallenfels\/\" data-orig-file=\"https:\/\/turnaround.cz\/restrukturalizacni-forum-2015\/wp-content\/uploads\/sites\/2\/2015\/09\/Jiri-Wallenfels-e1444728101889.jpeg\" data-orig-size=\"2041,1807\" data-comments-opened=\"0\" data-image-meta=\"{&quot;aperture&quot;:&quot;2.4&quot;,&quot;credit&quot;:&quot;&quot;,&quot;camera&quot;:&quot;iPad Air&quot;,&quot;caption&quot;:&quot;&quot;,&quot;created_timestamp&quot;:&quot;1444664115&quot;,&quot;copyright&quot;:&quot;&quot;,&quot;focal_length&quot;:&quot;3.3&quot;,&quot;iso&quot;:&quot;40&quot;,&quot;shutter_speed&quot;:&quot;0.02&quot;,&quot;title&quot;:&quot;&quot;,&quot;orientation&quot;:&quot;1&quot;}\" data-image-title=\"Jiri Wallenfels\" data-image-description=\"\" data-image-caption=\"\" data-medium-file=\"https:\/\/turnaround.cz\/restrukturalizacni-forum-2015\/wp-content\/uploads\/sites\/2\/2015\/09\/Jiri-Wallenfels-e1444728101889-300x266.jpeg\" data-large-file=\"https:\/\/turnaround.cz\/restrukturalizacni-forum-2015\/wp-content\/uploads\/sites\/2\/2015\/09\/Jiri-Wallenfels-e1444728101889-1024x907.jpeg\" class=\"alignleft wp-image-178 \" src=\"http:\/\/turnaround.cz\/restrukturalizacni-forum-2015\/wp-content\/uploads\/sites\/2\/2015\/09\/Jiri-Wallenfels-e1444728101889-300x266.jpeg\" alt=\"Jiri Wallenfels\" width=\"175\" height=\"156\" srcset=\"https:\/\/turnaround.cz\/restrukturalizacni-forum-2015\/wp-content\/uploads\/sites\/2\/2015\/09\/Jiri-Wallenfels-e1444728101889-300x266.jpeg 300w, https:\/\/turnaround.cz\/restrukturalizacni-forum-2015\/wp-content\/uploads\/sites\/2\/2015\/09\/Jiri-Wallenfels-e1444728101889-1024x907.jpeg 1024w, https:\/\/turnaround.cz\/restrukturalizacni-forum-2015\/wp-content\/uploads\/sites\/2\/2015\/09\/Jiri-Wallenfels-e1444728101889.jpeg 2041w\" sizes=\"auto, (max-width: 175px) 100vw, 175px\" \/><\/h2>\n<p><\/p>","protected":false},"excerpt":{"rendered":"<p>Juraj Alexander Jan B\u011bhounek Ji\u0159\u00ed Herczeg Maro\u0161 Holod\u0148\u00e1k Tom\u00e1\u0161 Kafka Axel Koch Martin Macho\u0148 Jana P\u011bchou\u010dkov\u00e1 David Plch Tom\u00e1\u0161 Ra\u0161ovsk\u00fd Tom\u00e1\u0161 Richter Georg Saint-Denis Petr Smutn\u00fd Ji\u0159\u00ed Wallenfels<\/p>\n","protected":false},"author":1,"featured_media":0,"parent":0,"menu_order":0,"comment_status":"closed","ping_status":"closed","template":"","meta":{"ngg_post_thumbnail":0,"jetpack_post_was_ever_published":false,"footnotes":""},"class_list":["post-59","page","type-page","status-publish","hentry"],"acf":[],"jetpack_sharing_enabled":true,"jetpack_shortlink":"https:\/\/wp.me\/P6Wloj-X","_links":{"self":[{"href":"https:\/\/turnaround.cz\/restrukturalizacni-forum-2015\/en\/wp-json\/wp\/v2\/pages\/59","targetHints":{"allow":["GET"]}}],"collection":[{"href":"https:\/\/turnaround.cz\/restrukturalizacni-forum-2015\/en\/wp-json\/wp\/v2\/pages"}],"about":[{"href":"https:\/\/turnaround.cz\/restrukturalizacni-forum-2015\/en\/wp-json\/wp\/v2\/types\/page"}],"author":[{"embeddable":true,"href":"https:\/\/turnaround.cz\/restrukturalizacni-forum-2015\/en\/wp-json\/wp\/v2\/users\/1"}],"replies":[{"embeddable":true,"href":"https:\/\/turnaround.cz\/restrukturalizacni-forum-2015\/en\/wp-json\/wp\/v2\/comments?post=59"}],"version-history":[{"count":30,"href":"https:\/\/turnaround.cz\/restrukturalizacni-forum-2015\/en\/wp-json\/wp\/v2\/pages\/59\/revisions"}],"predecessor-version":[{"id":255,"href":"https:\/\/turnaround.cz\/restrukturalizacni-forum-2015\/en\/wp-json\/wp\/v2\/pages\/59\/revisions\/255"}],"wp:attachment":[{"href":"https:\/\/turnaround.cz\/restrukturalizacni-forum-2015\/en\/wp-json\/wp\/v2\/media?parent=59"}],"curies":[{"name":"wp","href":"https:\/\/api.w.org\/{rel}","templated":true}]}}