{"id":59,"date":"2015-09-20T16:30:15","date_gmt":"2015-09-20T15:30:15","guid":{"rendered":"http:\/\/turnaround.cz\/restrukturalizacni-forum-2015\/?page_id=59"},"modified":"2015-11-06T07:55:22","modified_gmt":"2015-11-06T06:55:22","slug":"prednasejici","status":"publish","type":"page","link":"https:\/\/turnaround.cz\/restrukturalizacni-forum-2015\/prednasejici\/","title":{"rendered":"P\u0159edn\u00e1\u0161ej\u00edc\u00ed"},"content":{"rendered":"<p><\/p>\n<h2 id=\"alexander\">Juraj Alexander<\/h2>\n<p><img loading=\"lazy\" decoding=\"async\" data-attachment-id=\"73\" data-permalink=\"https:\/\/turnaround.cz\/restrukturalizacni-forum-2015\/prednasejici\/juraj-alexander-2\/\" data-orig-file=\"https:\/\/turnaround.cz\/restrukturalizacni-forum-2015\/wp-content\/uploads\/sites\/2\/2015\/09\/Juraj-Alexander1.jpg\" data-orig-size=\"150,200\" data-comments-opened=\"0\" data-image-meta=\"{&quot;aperture&quot;:&quot;9&quot;,&quot;credit&quot;:&quot;&quot;,&quot;camera&quot;:&quot;Canon EOS-1Ds Mark II&quot;,&quot;caption&quot;:&quot;&quot;,&quot;created_timestamp&quot;:&quot;1210338852&quot;,&quot;copyright&quot;:&quot;&quot;,&quot;focal_length&quot;:&quot;135&quot;,&quot;iso&quot;:&quot;100&quot;,&quot;shutter_speed&quot;:&quot;0.01&quot;,&quot;title&quot;:&quot;&quot;,&quot;orientation&quot;:&quot;1&quot;}\" data-image-title=\"Juraj Alexander\" data-image-description=\"\" data-image-caption=\"\" data-medium-file=\"https:\/\/turnaround.cz\/restrukturalizacni-forum-2015\/wp-content\/uploads\/sites\/2\/2015\/09\/Juraj-Alexander1.jpg\" data-large-file=\"https:\/\/turnaround.cz\/restrukturalizacni-forum-2015\/wp-content\/uploads\/sites\/2\/2015\/09\/Juraj-Alexander1.jpg\" class=\"alignleft size-full wp-image-73\" src=\"http:\/\/turnaround.cz\/restrukturalizacni-forum-2015\/wp-content\/uploads\/sites\/2\/2015\/09\/Juraj-Alexander1.jpg\" alt=\"Juraj Alexander\" width=\"150\" height=\"200\" \/>Juraj Alexander je advok\u00e1tem na pozici counsel a jedn\u00edm ze dvou vedouc\u00edch t\u00fdmu pro \u0159e\u0161en\u00ed restrukturalizac\u00ed, insolvenc\u00ed a bankrot\u016f pra\u017esk\u00e9 kancel\u00e1\u0159e Dentons. Zam\u011b\u0159uje se na insolven\u010dn\u00ed pr\u00e1vo v\u010detn\u011b jeho p\u0159eshrani\u010dn\u00edch prvk\u016f, f\u00faze, akvizice, financov\u00e1n\u00ed a soudn\u00ed spory a jako advok\u00e1t b\u011b\u017en\u011b zastupuje banky v r\u00e1mci v\u00fdznamn\u00fdch insolven\u010dn\u00edch \u0159\u00edzen\u00ed a soudn\u00edch spor\u016f. Publikoval \u0159adu \u010dl\u00e1nk\u016f v oblasti insolvenc\u00ed a touto oblast\u00ed se zab\u00fdv\u00e1 t\u00e9\u017e na r\u016fzn\u00fdch konferenc\u00edch a semin\u00e1\u0159\u00edch. Vystudoval pr\u00e1vnickou fakultu Masarykovy university v Brn\u011b a na Fordham University School of Law v New Yorku z\u00edskal titul LL.M.<\/p>\n<h2 id=\"behounek\">Jan B\u011bhounek<\/h2>\n<p><a href=\"http:\/\/turnaround.cz\/restrukturalizacni-forum-2015\/wp-content\/uploads\/sites\/2\/2015\/09\/Jan-Behounek.jpg\"><img loading=\"lazy\" decoding=\"async\" data-attachment-id=\"226\" data-permalink=\"https:\/\/turnaround.cz\/restrukturalizacni-forum-2015\/prednasejici\/jan-behounek\/\" data-orig-file=\"https:\/\/turnaround.cz\/restrukturalizacni-forum-2015\/wp-content\/uploads\/sites\/2\/2015\/09\/Jan-Behounek.jpg\" data-orig-size=\"237,318\" data-comments-opened=\"0\" data-image-meta=\"{&quot;aperture&quot;:&quot;0&quot;,&quot;credit&quot;:&quot;&quot;,&quot;camera&quot;:&quot;&quot;,&quot;caption&quot;:&quot;&quot;,&quot;created_timestamp&quot;:&quot;0&quot;,&quot;copyright&quot;:&quot;&quot;,&quot;focal_length&quot;:&quot;0&quot;,&quot;iso&quot;:&quot;0&quot;,&quot;shutter_speed&quot;:&quot;0&quot;,&quot;title&quot;:&quot;&quot;,&quot;orientation&quot;:&quot;0&quot;}\" data-image-title=\"Jan Behounek\" data-image-description=\"\" data-image-caption=\"\" data-medium-file=\"https:\/\/turnaround.cz\/restrukturalizacni-forum-2015\/wp-content\/uploads\/sites\/2\/2015\/09\/Jan-Behounek-224x300.jpg\" data-large-file=\"https:\/\/turnaround.cz\/restrukturalizacni-forum-2015\/wp-content\/uploads\/sites\/2\/2015\/09\/Jan-Behounek.jpg\" class=\"  wp-image-226 alignleft\" src=\"http:\/\/turnaround.cz\/restrukturalizacni-forum-2015\/wp-content\/uploads\/sites\/2\/2015\/09\/Jan-Behounek-224x300.jpg\" alt=\"Jan Behounek\" width=\"166\" height=\"222\" srcset=\"https:\/\/turnaround.cz\/restrukturalizacni-forum-2015\/wp-content\/uploads\/sites\/2\/2015\/09\/Jan-Behounek-224x300.jpg 224w, https:\/\/turnaround.cz\/restrukturalizacni-forum-2015\/wp-content\/uploads\/sites\/2\/2015\/09\/Jan-Behounek.jpg 237w\" sizes=\"auto, (max-width: 166px) 100vw, 166px\" \/><\/a>Jan B\u011bhounek se oblast\u00ed risk managementu a pohled\u00e1vek zaob\u00edr\u00e1 od roku 2002. V\u00a0letech 2000-2008 pracoval v\u00a0GE Money Bank, v\u00a0roce 2003 pracoval na centr\u00e1le GE Financial Services v\u00a0americk\u00e9m Cincinnati na odd\u011blen\u00ed Risk Management, v\u00a0letech 2006-2008 pak vedl odd\u011blen\u00ed pohled\u00e1vek pro skupinu GE Money v\u00a0\u010cR i SR. V\u00a0roce 2008 zalo\u017eil a po celou dobu \u0159\u00eddil spole\u010dnost CollectionsPro, kter\u00e1 se zaob\u00edrala poradenstv\u00edm v\u00a0oblasti \u0159\u00edzen\u00ed probl\u00e9mov\u00fdch \u00fav\u011br\u016f a pozd\u011bji i spr\u00e1vou pohled\u00e1vek pro velk\u00e9 finan\u010dn\u00ed instituce. Za svou historii Jan pracoval v\u00a0r\u00e1mci CollectionsPro na projektech v\u00a010 evropsk\u00fdch zem\u00edch, mezi klienty pat\u0159ily spole\u010dnosti ze skupin Erste, Raiffeisen, KBC, PPF, Penta, BNP Paribas, Generali a dal\u0161\u00ed. Se spole\u010dnost\u00ed CollectionsPro realizoval i projekty v\u00a0oblasti komunikac\u00ed, ve\u0159ejn\u00fdch slu\u017eeb, \u010di elektronick\u00fdch plateb. Od \u0159\u00edjna leto\u0161n\u00edho roku funguje Jan jako extern\u00ed poradce v\u00a0oblasti pohled\u00e1vek. Jan vystudoval Vysokou \u0161kole ekonomickou v\u00a0Praze, obor statistika a pojistn\u00e1 matematika.<\/p>\n<h2><\/h2>\n<h2 id=\"herczeg\">Ji\u0159\u00ed Herczeg<\/h2>\n<p><img loading=\"lazy\" decoding=\"async\" data-attachment-id=\"72\" data-permalink=\"https:\/\/turnaround.cz\/restrukturalizacni-forum-2015\/prednasejici\/jiri-herczeg-2\/\" data-orig-file=\"https:\/\/turnaround.cz\/restrukturalizacni-forum-2015\/wp-content\/uploads\/sites\/2\/2015\/09\/Jiri-Herczeg1.jpg\" data-orig-size=\"167,200\" data-comments-opened=\"0\" data-image-meta=\"{&quot;aperture&quot;:&quot;0&quot;,&quot;credit&quot;:&quot;&quot;,&quot;camera&quot;:&quot;&quot;,&quot;caption&quot;:&quot;&quot;,&quot;created_timestamp&quot;:&quot;0&quot;,&quot;copyright&quot;:&quot;&quot;,&quot;focal_length&quot;:&quot;0&quot;,&quot;iso&quot;:&quot;0&quot;,&quot;shutter_speed&quot;:&quot;0&quot;,&quot;title&quot;:&quot;&quot;,&quot;orientation&quot;:&quot;1&quot;}\" data-image-title=\"Jiri Herczeg\" data-image-description=\"\" data-image-caption=\"\" data-medium-file=\"https:\/\/turnaround.cz\/restrukturalizacni-forum-2015\/wp-content\/uploads\/sites\/2\/2015\/09\/Jiri-Herczeg1.jpg\" data-large-file=\"https:\/\/turnaround.cz\/restrukturalizacni-forum-2015\/wp-content\/uploads\/sites\/2\/2015\/09\/Jiri-Herczeg1.jpg\" class=\"alignleft size-full wp-image-72\" src=\"http:\/\/turnaround.cz\/restrukturalizacni-forum-2015\/wp-content\/uploads\/sites\/2\/2015\/09\/Jiri-Herczeg1.jpg\" alt=\"Jiri Herczeg\" width=\"167\" height=\"200\" \/>Ji\u0159\u00ed Herczeg je advok\u00e1tem se specializac\u00ed na trestn\u00ed pr\u00e1vo, \u00fastavn\u00ed pr\u00e1vo, ochranu z\u00e1kladn\u00edch lidsk\u00fdch pr\u00e1v a svobod a \u0159\u00edzen\u00ed p\u0159ed Evropsk\u00fdm soudem pro lidsk\u00e1 pr\u00e1va. Nyn\u00ed p\u016fsob\u00ed v advok\u00e1tn\u00ed kancel\u00e1\u0159i White &#038; Case na pozici counsel. V roce 2005 Ji\u0159\u00ed z\u00edskal Bolzanovu cenu ud\u011blenou Rektorem Univerzity Karlovy v Praze za pr\u00e1ci \u201eSvoboda projevu a jej\u00ed meze\u201c. M\u00e1 za sebou p\u011btiletou praxi vy\u0161et\u0159ovatele u Policie \u010cR se specializac\u00ed na hospod\u00e1\u0159skou kriminalitu. Od roku 2008 Ji\u0159\u00ed p\u016fsob\u00ed tak\u00e9 jako docent pro obor trestn\u00ed pr\u00e1vo, kriminologie a kriminalistika Pr\u00e1vnick\u00e9 fakulty Univerzity Karlovy.<\/p>\n<h2 id=\"holodnak\">Maro\u0161 Holod\u0148\u00e1k<\/h2>\n<p><img loading=\"lazy\" decoding=\"async\" data-attachment-id=\"74\" data-permalink=\"https:\/\/turnaround.cz\/restrukturalizacni-forum-2015\/prednasejici\/maros_holodnak-2\/\" data-orig-file=\"https:\/\/turnaround.cz\/restrukturalizacni-forum-2015\/wp-content\/uploads\/sites\/2\/2015\/09\/Maros_Holodnak1.jpg\" data-orig-size=\"149,200\" data-comments-opened=\"0\" data-image-meta=\"{&quot;aperture&quot;:&quot;0&quot;,&quot;credit&quot;:&quot;&quot;,&quot;camera&quot;:&quot;&quot;,&quot;caption&quot;:&quot;&quot;,&quot;created_timestamp&quot;:&quot;0&quot;,&quot;copyright&quot;:&quot;&quot;,&quot;focal_length&quot;:&quot;0&quot;,&quot;iso&quot;:&quot;0&quot;,&quot;shutter_speed&quot;:&quot;0&quot;,&quot;title&quot;:&quot;&quot;,&quot;orientation&quot;:&quot;1&quot;}\" data-image-title=\"Maros_Holodnak\" data-image-description=\"\" data-image-caption=\"\" data-medium-file=\"https:\/\/turnaround.cz\/restrukturalizacni-forum-2015\/wp-content\/uploads\/sites\/2\/2015\/09\/Maros_Holodnak1.jpg\" data-large-file=\"https:\/\/turnaround.cz\/restrukturalizacni-forum-2015\/wp-content\/uploads\/sites\/2\/2015\/09\/Maros_Holodnak1.jpg\" class=\"alignleft size-full wp-image-74\" src=\"http:\/\/turnaround.cz\/restrukturalizacni-forum-2015\/wp-content\/uploads\/sites\/2\/2015\/09\/Maros_Holodnak1.jpg\" alt=\"Maros_Holodnak\" width=\"149\" height=\"200\" \/>Maro\u0161 Holod\u0148\u00e1k je directorem v odd\u011blen\u00ed KPMG Forenzn\u00edch slu\u017eeb pro st\u0159edn\u00ed a v\u00fdchodn\u00ed Evropu. Ji\u017e 15 let se Maro\u0161 zam\u011b\u0159uje p\u0159edev\u0161\u00edm na vy\u0161et\u0159ov\u00e1n\u00ed podvod\u016f a \u0159\u00edzen\u00ed rizik podvod\u016f. Maro\u0161 vedl vy\u0161et\u0159ov\u00e1n\u00ed nap\u0159\u00ed\u010d v\u0161emi odv\u011btv\u00edmi a podnikov\u00fdmi procesy a byl zapojen\u00fd do mnoha soudn\u00edch spor\u016f. Z\u00e1rove\u0148 m\u00e1 Maro\u0161 zku\u0161enosti v oblasti navrhov\u00e1n\u00ed a implementaci kontrol, procesn\u00edch a organiza\u010dn\u00edch zm\u011bn, a informa\u010dn\u00edch syst\u00e9m\u016f s c\u00edlem prevence, odhalov\u00e1n\u00ed a sn\u00ed\u017een\u00ed rizik podvod\u016f a nesrovnalost\u00ed. Maro\u0161 pom\u00e1h\u00e1 spole\u010dnostem s v\u00fdvojem strategie boje proti podvod\u016fm a zaveden\u00ed odd\u011blen\u00ed \u0159\u00edzen\u00ed rizik podvod\u016f. Maro\u0161 je tak\u00e9 zodpov\u011bdn\u00fd za pou\u017eit\u00ed specializovan\u00fdch elektronick\u00fdch n\u00e1stroj\u016f pro anal\u00fdzu dat.<\/p>\n<h2 id=\"kafka\">Tom\u00e1\u0161 Kafka<\/h2>\n<p><img loading=\"lazy\" decoding=\"async\" data-attachment-id=\"76\" data-permalink=\"https:\/\/turnaround.cz\/restrukturalizacni-forum-2015\/prednasejici\/tomaskafka\/\" data-orig-file=\"https:\/\/turnaround.cz\/restrukturalizacni-forum-2015\/wp-content\/uploads\/sites\/2\/2015\/09\/TomasKafka.jpg\" data-orig-size=\"150,200\" data-comments-opened=\"0\" data-image-meta=\"{&quot;aperture&quot;:&quot;5.6&quot;,&quot;credit&quot;:&quot;Roman Mlejnek&quot;,&quot;camera&quot;:&quot;Canon EOS 5D Mark II&quot;,&quot;caption&quot;:&quot;&quot;,&quot;created_timestamp&quot;:&quot;1348236337&quot;,&quot;copyright&quot;:&quot;&quot;,&quot;focal_length&quot;:&quot;70&quot;,&quot;iso&quot;:&quot;200&quot;,&quot;shutter_speed&quot;:&quot;0.008&quot;,&quot;title&quot;:&quot;&quot;,&quot;orientation&quot;:&quot;1&quot;}\" data-image-title=\"TomasKafka\" data-image-description=\"\" data-image-caption=\"\" data-medium-file=\"https:\/\/turnaround.cz\/restrukturalizacni-forum-2015\/wp-content\/uploads\/sites\/2\/2015\/09\/TomasKafka.jpg\" data-large-file=\"https:\/\/turnaround.cz\/restrukturalizacni-forum-2015\/wp-content\/uploads\/sites\/2\/2015\/09\/TomasKafka.jpg\" class=\"alignleft size-full wp-image-76\" src=\"http:\/\/turnaround.cz\/restrukturalizacni-forum-2015\/wp-content\/uploads\/sites\/2\/2015\/09\/TomasKafka.jpg\" alt=\"TomasKafka\" width=\"150\" height=\"200\" \/>Tom\u00e1\u0161 Kafka je partnerem odd\u011blen\u00ed\u00a0investigativn\u00edch slu\u017eeb a \u0159e\u0161en\u00ed spor\u016f spole\u010dnosti EY. Tom\u00e1\u0161 pravideln\u011b p\u0159edn\u00e1\u0161\u00ed pro \u010dleny Institutu \u010dlen\u016f spr\u00e1vn\u00edch org\u00e1n\u016f a spolupod\u00edlel se na vzniku sp\u0159\u00edzn\u011bn\u00e9ho Ethics &#038; Compliance Officer Club (ECOC), v r\u00e1mci kter\u00e9ho tak\u00e9 prezentuje. Tom\u00e1\u0161 z\u00edskal rozs\u00e1hl\u00e9 mezin\u00e1rodn\u00ed zku\u0161enosti s vy\u0161et\u0159ov\u00e1n\u00edm podvod\u016f, zav\u00e1d\u011bn\u00edm komplexn\u00edch program\u016f prevence podvodn\u00e9ho jedn\u00e1n\u00ed a protikorup\u010dn\u00edmi audity b\u011bhem pr\u00e1ce na projektech a jejich veden\u00ed v \u010cesk\u00e9 republice a ve st\u0159edn\u00ed a v\u00fdchodn\u00ed Evrop\u011b. Je Certifikovan\u00fdm \u00fa\u010detn\u00edm znalcem (ACCA) a \u010dlenem Asociace certifikovan\u00fdch vy\u0161et\u0159ovatel\u016f podvod\u016f (ACFE). Vystudoval ekonomii na Fakult\u011b soci\u00e1ln\u00edch v\u011bd Univerzity Karlovy v Praze, kde absolvoval s diplomovou prac\u00ed na t\u00e9ma Pran\u00ed \u0161pinav\u00fdch pen\u011bz.<\/p>\n<h2 id=\"koch\">Axel Koch<\/h2>\n<p><img loading=\"lazy\" decoding=\"async\" data-attachment-id=\"62\" data-permalink=\"https:\/\/turnaround.cz\/restrukturalizacni-forum-2015\/prednasejici\/axel-koch\/\" data-orig-file=\"https:\/\/turnaround.cz\/restrukturalizacni-forum-2015\/wp-content\/uploads\/sites\/2\/2015\/09\/Axel-Koch.jpg\" data-orig-size=\"109,76\" data-comments-opened=\"0\" data-image-meta=\"{&quot;aperture&quot;:&quot;0&quot;,&quot;credit&quot;:&quot;&quot;,&quot;camera&quot;:&quot;&quot;,&quot;caption&quot;:&quot;&quot;,&quot;created_timestamp&quot;:&quot;0&quot;,&quot;copyright&quot;:&quot;&quot;,&quot;focal_length&quot;:&quot;0&quot;,&quot;iso&quot;:&quot;0&quot;,&quot;shutter_speed&quot;:&quot;0&quot;,&quot;title&quot;:&quot;&quot;,&quot;orientation&quot;:&quot;0&quot;}\" data-image-title=\"Axel Koch\" data-image-description=\"\" data-image-caption=\"\" data-medium-file=\"https:\/\/turnaround.cz\/restrukturalizacni-forum-2015\/wp-content\/uploads\/sites\/2\/2015\/09\/Axel-Koch.jpg\" data-large-file=\"https:\/\/turnaround.cz\/restrukturalizacni-forum-2015\/wp-content\/uploads\/sites\/2\/2015\/09\/Axel-Koch.jpg\" class=\"alignleft size-full wp-image-62\" src=\"http:\/\/turnaround.cz\/restrukturalizacni-forum-2015\/wp-content\/uploads\/sites\/2\/2015\/09\/Axel-Koch.jpg\" alt=\"Axel Koch\" width=\"109\" height=\"76\" \/>Axel Koch je spolumajitelem a gener\u00e1ln\u00edm \u0159editelem investi\u010dn\u00ed spole\u010dnosti 5-Haven Holding GmbH v N\u011bmecku a vlastn\u00edkem a gener\u00e1ln\u00edm \u0159editelem poradensk\u00e9 spole\u010dnosti OKA-Y Consult AG ve \u0160v\u00fdcarsku. Axel m\u00e1 mnohalet\u00e9 zku\u0161enosti interim mana\u017eera, kde p\u016fsobil na projektech v r\u016fzn\u00fdch odv\u011btv\u00edch v z\u00e1padn\u00ed, st\u0159edn\u00ed i v\u00fdchodn\u00ed Evrop\u011b. Ve sv\u00e9 praxi \u0159e\u0161\u00ed komplexn\u00ed restrukturaliza\u010dn\u00ed projekty spojen\u00e9 s f\u00fazemi a akvizicemi. D\u00e1le tak\u00e9 poskytuje poradensk\u00e9 slu\u017eby managamentu spole\u010dnost\u00ed ve finan\u010dn\u00edch pot\u00ed\u017e\u00edch.<\/p>\n<h2 id=\"machon\">Martin Macho\u0148<\/h2>\n<p><a href=\"http:\/\/turnaround.cz\/restrukturalizacni-forum-2015\/wp-content\/uploads\/sites\/2\/2015\/09\/Martin-Machon.jpg\"><img loading=\"lazy\" decoding=\"async\" data-attachment-id=\"193\" data-permalink=\"https:\/\/turnaround.cz\/restrukturalizacni-forum-2015\/prednasejici\/martin-machon\/\" data-orig-file=\"https:\/\/turnaround.cz\/restrukturalizacni-forum-2015\/wp-content\/uploads\/sites\/2\/2015\/09\/Martin-Machon.jpg\" data-orig-size=\"2793,3537\" data-comments-opened=\"0\" data-image-meta=\"{&quot;aperture&quot;:&quot;13&quot;,&quot;credit&quot;:&quot;&quot;,&quot;camera&quot;:&quot;NIKON D3&quot;,&quot;caption&quot;:&quot;&quot;,&quot;created_timestamp&quot;:&quot;1406628795&quot;,&quot;copyright&quot;:&quot;&quot;,&quot;focal_length&quot;:&quot;58&quot;,&quot;iso&quot;:&quot;320&quot;,&quot;shutter_speed&quot;:&quot;0.01&quot;,&quot;title&quot;:&quot;&quot;,&quot;orientation&quot;:&quot;1&quot;}\" data-image-title=\"Martin Machon\" data-image-description=\"\" data-image-caption=\"\" data-medium-file=\"https:\/\/turnaround.cz\/restrukturalizacni-forum-2015\/wp-content\/uploads\/sites\/2\/2015\/09\/Martin-Machon-237x300.jpg\" data-large-file=\"https:\/\/turnaround.cz\/restrukturalizacni-forum-2015\/wp-content\/uploads\/sites\/2\/2015\/09\/Martin-Machon-809x1024.jpg\" class=\"  wp-image-193 alignleft\" src=\"http:\/\/turnaround.cz\/restrukturalizacni-forum-2015\/wp-content\/uploads\/sites\/2\/2015\/09\/Martin-Machon-237x300.jpg\" alt=\"Martin Machon\" width=\"165\" height=\"209\" srcset=\"https:\/\/turnaround.cz\/restrukturalizacni-forum-2015\/wp-content\/uploads\/sites\/2\/2015\/09\/Martin-Machon-237x300.jpg 237w, https:\/\/turnaround.cz\/restrukturalizacni-forum-2015\/wp-content\/uploads\/sites\/2\/2015\/09\/Martin-Machon-809x1024.jpg 809w\" sizes=\"auto, (max-width: 165px) 100vw, 165px\" \/><\/a>Martin Macho\u0148 je zakladatelem spole\u010dnosti APS Holding a od po\u010d\u00e1tku zast\u00e1v\u00e1 posty p\u0159edsedy p\u0159edstavenstva a v\u00fdkonn\u00e9ho \u0159editele. M\u00e1 v\u00edce ne\u017e dvan\u00e1ctiletou zku\u0161enost s investicemi a poradenstv\u00edm v segmentu nespl\u00e1cen\u00fdch pohled\u00e1vek. Pod jeho veden\u00edm se APS vypracovalo v regionu st\u0159edn\u00ed a jihov\u00fdchodn\u00ed Evropy v l\u00eddra v oblastech investic, managementu a inkasa pohled\u00e1vkov\u00fdch portfoli\u00ed a nov\u011b tak\u00e9 investic do nemovitost\u00ed. APS v sou\u010dasnosti spravuje aktiva v celkov\u00e9 hodnot\u011b p\u0159esahuj\u00edc\u00ed 2,9 mld\u00a0EUR. Martin vede t\u00fdm v\u00edce ne\u017e 450 profesion\u00e1l\u016f p\u016fsob\u00edc\u00edch v \u010cesk\u00e9 Republice, Ma\u010farsku, Polsku, Rumunsku, Srbsku, Slovensku, \u0158ecku. APS v r\u00e1mci investi\u010dn\u00edch projekt\u016f spolupracuje s \u0159adou presti\u017en\u00edch partner\u016f a instituc\u00ed jako je nap\u0159\u00edklad International Finance Corporation. APS pl\u00e1nuje dal\u0161\u00ed postupnou expanzi v regionu Evropy a p\u0159edev\u0161\u00edm Asie. Prvn\u00ed asijskou zem\u00ed, v n\u00ed\u017e APS p\u016fsob\u00ed je Vietnam a sv\u00e9 aktivity bude v n\u00e1sleduj\u00edc\u00edch letech nad\u00e1le roz\u0161i\u0159ovat. Martin z\u00edskal titul MBA na Rochester University of New York a v minulosti pracoval pro spole\u010dnosti Societe Generale a Lucent Technologies. Ve voln\u00e9m \u010dase se v\u011bnuje studiu ciz\u00edch jazyk\u016f, golfu, cyklistice, hudb\u011b a cestov\u00e1n\u00ed.<\/p>\n<h2 id=\"pechouckova\">Jana P\u011bchou\u010dkov\u00e1<\/h2>\n<p><a href=\"http:\/\/turnaround.cz\/restrukturalizacni-forum-2015\/wp-content\/uploads\/sites\/2\/2015\/09\/JanaPechouckova.jpg\"><img loading=\"lazy\" decoding=\"async\" data-attachment-id=\"252\" data-permalink=\"https:\/\/turnaround.cz\/restrukturalizacni-forum-2015\/prednasejici\/janapechouckova\/\" data-orig-file=\"https:\/\/turnaround.cz\/restrukturalizacni-forum-2015\/wp-content\/uploads\/sites\/2\/2015\/09\/JanaPechouckova.jpg\" data-orig-size=\"326,371\" data-comments-opened=\"0\" data-image-meta=\"{&quot;aperture&quot;:&quot;0&quot;,&quot;credit&quot;:&quot;&quot;,&quot;camera&quot;:&quot;&quot;,&quot;caption&quot;:&quot;&quot;,&quot;created_timestamp&quot;:&quot;0&quot;,&quot;copyright&quot;:&quot;&quot;,&quot;focal_length&quot;:&quot;0&quot;,&quot;iso&quot;:&quot;0&quot;,&quot;shutter_speed&quot;:&quot;0&quot;,&quot;title&quot;:&quot;&quot;,&quot;orientation&quot;:&quot;0&quot;}\" data-image-title=\"JanaPechouckova\" data-image-description=\"\" data-image-caption=\"\" data-medium-file=\"https:\/\/turnaround.cz\/restrukturalizacni-forum-2015\/wp-content\/uploads\/sites\/2\/2015\/09\/JanaPechouckova-264x300.jpg\" data-large-file=\"https:\/\/turnaround.cz\/restrukturalizacni-forum-2015\/wp-content\/uploads\/sites\/2\/2015\/09\/JanaPechouckova.jpg\" class=\"  wp-image-252 alignleft\" src=\"http:\/\/turnaround.cz\/restrukturalizacni-forum-2015\/wp-content\/uploads\/sites\/2\/2015\/09\/JanaPechouckova-264x300.jpg\" alt=\"JanaPechouckova\" width=\"173\" height=\"196\" srcset=\"https:\/\/turnaround.cz\/restrukturalizacni-forum-2015\/wp-content\/uploads\/sites\/2\/2015\/09\/JanaPechouckova-264x300.jpg 264w, https:\/\/turnaround.cz\/restrukturalizacni-forum-2015\/wp-content\/uploads\/sites\/2\/2015\/09\/JanaPechouckova.jpg 326w\" sizes=\"auto, (max-width: 173px) 100vw, 173px\" \/><\/a>Jana P\u011bchou\u010dkov\u00e1 je senior mana\u017eerem odd\u011blen\u00ed vym\u00e1h\u00e1n\u00ed pohled\u00e1vek v\u00a0GE Money Bank. Ve stejn\u00e9 spole\u010dnosti zast\u00e1vala od roku 2001 r\u016fzn\u00e9 pozice v\u00a0oblasti intern\u00edho auditu (v\u010detn\u011b vedouc\u00edho intern\u00edho auditu v\u00a0letech 2004-2006) a v\u00a0odd\u011blen\u00ed risk managementu. Od roku 2007 byla zodpov\u011bdn\u00e1 za veden\u00ed t\u00fdmu \u0159\u00edzen\u00ed spot\u0159ebitelsk\u00fdch kreditn\u00edch rizik cel\u00e9 skupiny GE v\u00a0\u010cesk\u00e9 republice, tj. GE Money Bank, GE Money Auto a dnes ji\u017e neexistuj\u00edc\u00ed GE Money Multiservis.\u00a0 \u0160est let \u0159\u00edzen\u00ed \u00fav\u011brov\u00fdch rizik nakonec z\u00faro\u010dila tak\u00e9 jako CRO GE Money Nordic, kde m\u011bla v\u00a0letech 2013-2014 na starost odd\u011blen\u00ed \u0159\u00edzen\u00ed rizik v\u00a0bance se \u0161v\u00e9dskou licenc\u00ed, p\u016fsob\u00edc\u00ed na 3 skandin\u00e1vsk\u00fdch trz\u00edch. Od roku 2015 p\u016fsob\u00ed zp\u011bt v\u00a0\u010cesk\u00e9 republice a ve sv\u00e9 roli je zodpov\u011bdn\u00e1 za celou agendu spojenou s\u00a0vym\u00e1h\u00e1n\u00edm spot\u0159ebitelsk\u00fdch pohled\u00e1vek. Jana vystudovala Univerzitu Pardubice, Ekonomicko-spr\u00e1vn\u00ed fakultu.<\/p>\n<h2 id=\"plch\">David Plch<\/h2>\n<p><img loading=\"lazy\" decoding=\"async\" data-attachment-id=\"70\" data-permalink=\"https:\/\/turnaround.cz\/restrukturalizacni-forum-2015\/prednasejici\/david-plch-2\/\" data-orig-file=\"https:\/\/turnaround.cz\/restrukturalizacni-forum-2015\/wp-content\/uploads\/sites\/2\/2015\/09\/David-Plch1.jpg\" data-orig-size=\"205,200\" data-comments-opened=\"0\" data-image-meta=\"{&quot;aperture&quot;:&quot;0&quot;,&quot;credit&quot;:&quot;&quot;,&quot;camera&quot;:&quot;&quot;,&quot;caption&quot;:&quot;&quot;,&quot;created_timestamp&quot;:&quot;0&quot;,&quot;copyright&quot;:&quot;&quot;,&quot;focal_length&quot;:&quot;0&quot;,&quot;iso&quot;:&quot;0&quot;,&quot;shutter_speed&quot;:&quot;0&quot;,&quot;title&quot;:&quot;&quot;,&quot;orientation&quot;:&quot;1&quot;}\" data-image-title=\"David Plch\" data-image-description=\"\" data-image-caption=\"\" data-medium-file=\"https:\/\/turnaround.cz\/restrukturalizacni-forum-2015\/wp-content\/uploads\/sites\/2\/2015\/09\/David-Plch1.jpg\" data-large-file=\"https:\/\/turnaround.cz\/restrukturalizacni-forum-2015\/wp-content\/uploads\/sites\/2\/2015\/09\/David-Plch1.jpg\" class=\"alignleft size-full wp-image-70\" src=\"http:\/\/turnaround.cz\/restrukturalizacni-forum-2015\/wp-content\/uploads\/sites\/2\/2015\/09\/David-Plch1.jpg\" alt=\"David Plch\" width=\"205\" height=\"200\" \/>David Plch je \u0159\u00edd\u00edc\u00edm partnerem a vedouc\u00edm skupiny pr\u00e1vn\u00edk\u016f v pra\u017esk\u00e9 kancel\u00e1\u0159i se zam\u011b\u0159en\u00edm na bankovnictv\u00ed a finan\u010dn\u00ed restrukturalizaci a problematiku insolvence, se specializuje na oblast financov\u00e1n\u00ed, finan\u010dn\u00ed restrukturalizace a platebn\u00ed neschopnosti. Pravideln\u011b poskytuje poradenstv\u00ed finan\u010dn\u00edm instituc\u00edm a v\u00fdznamn\u00fdm spole\u010dnostem v souvislosti s jejich mezin\u00e1rodn\u00edmi projekty ve st\u0159edn\u00ed a v\u00fdchodn\u00ed Evrop\u011b. David hr\u00e1l v\u00fdznamnou roli v n\u011bkolika \u00fasp\u011b\u0161n\u011b zavr\u0161en\u00fdch p\u0159\u00edpadech mimosoudn\u00edch restrukturalizac\u00ed; zastupoval \u0159\u00edd\u00edc\u00ed v\u00fdbor prioritn\u00edch v\u011b\u0159itel\u016f velk\u00e9ho \u010desk\u00e9ho chemick\u00e9ho koncernu Aliachem, pod\u00edlel se na n\u011bkolika p\u0159\u00edpadech restrukturalizac\u00ed v oblasti projektov\u00e9ho a exportn\u00edho financov\u00e1n\u00ed s v\u00fdznamn\u00fdm mezin\u00e1rodn\u00edm p\u0159esahem, d\u00e1le byl zapojen do komplexn\u00ed reorganizace KORD Group \u2013 pr\u016fmyslov\u00e9 skupiny s provozy ve st\u0159edn\u00ed a v\u00fdchodn\u00ed Evrop\u011b, a \u00fa\u010dastnil se \u0159ady projekt\u016f t\u00fdkaj\u00edc\u00edch se prodeje nebo strukturov\u00e1n\u00ed portfoli\u00ed nekvalitn\u00edch \u00fav\u011br\u016f. Tuto transakci TMA vyhl\u00e1sila Nejlep\u0161\u00ed transakc\u00ed turnaround managementu za r. 2012. David je tak\u00e9 m\u00edstop\u0159edsedou \u010desk\u00e9 afiliace Turnaround Management Association \u010cR.<\/p>\n<h2 id=\"rasovsky\">Tom\u00e1\u0161 Ra\u0161ovsk\u00fd<\/h2>\n<p><img loading=\"lazy\" decoding=\"async\" data-attachment-id=\"177\" data-permalink=\"https:\/\/turnaround.cz\/restrukturalizacni-forum-2015\/prednasejici\/tomas-rasovsky_v2\/\" data-orig-file=\"https:\/\/turnaround.cz\/restrukturalizacni-forum-2015\/wp-content\/uploads\/sites\/2\/2015\/09\/Tomas-Rasovsky_v2.jpg\" data-orig-size=\"1425,1617\" data-comments-opened=\"0\" data-image-meta=\"{&quot;aperture&quot;:&quot;13&quot;,&quot;credit&quot;:&quot;&quot;,&quot;camera&quot;:&quot;NIKON D300&quot;,&quot;caption&quot;:&quot;&quot;,&quot;created_timestamp&quot;:&quot;1234798127&quot;,&quot;copyright&quot;:&quot;&quot;,&quot;focal_length&quot;:&quot;38&quot;,&quot;iso&quot;:&quot;200&quot;,&quot;shutter_speed&quot;:&quot;0.01&quot;,&quot;title&quot;:&quot;&quot;,&quot;orientation&quot;:&quot;1&quot;}\" data-image-title=\"Tomas Rasovsky_v2\" data-image-description=\"\" data-image-caption=\"\" data-medium-file=\"https:\/\/turnaround.cz\/restrukturalizacni-forum-2015\/wp-content\/uploads\/sites\/2\/2015\/09\/Tomas-Rasovsky_v2-264x300.jpg\" data-large-file=\"https:\/\/turnaround.cz\/restrukturalizacni-forum-2015\/wp-content\/uploads\/sites\/2\/2015\/09\/Tomas-Rasovsky_v2-902x1024.jpg\" class=\"  wp-image-177 alignleft\" src=\"http:\/\/turnaround.cz\/restrukturalizacni-forum-2015\/wp-content\/uploads\/sites\/2\/2015\/09\/Tomas-Rasovsky_v2-264x300.jpg\" alt=\"Tomas Rasovsky_v2\" width=\"184\" height=\"244\" \/>Jednou z hlavn\u00edch specializac\u00ed advok\u00e1tn\u00ed kancel\u00e1\u0159e Tom\u00e1\u0161e Ra\u0161ovsk\u00e9ho je vym\u00e1h\u00e1n\u00ed a spr\u00e1va v\u011bt\u0161\u00edch pohled\u00e1vkov\u00fdch celk\u016f a to ve v\u0161ech f\u00e1z\u00edch jejich v\u00fdvoje, stejn\u011b jako s \u0159e\u0161en\u00edm pr\u00e1vn\u011b \u010di \u00a0v\u011bcn\u011b komplikovan\u00fdch individu\u00e1ln\u00edch pohled\u00e1vek. Kancel\u00e1\u0159 je \u010dlenem sdru\u017een\u00ed EuroCollectNet, jeho\u017e hlavn\u00ed agendou je spolupr\u00e1ce p\u0159i p\u0159eshrani\u010dn\u00edm vym\u00e1h\u00e1n\u00ed pohled\u00e1vek v r\u00e1mci Evropy, USA, Jihoafrick\u00e9 republice a dal\u0161\u00edch \u010dlensk\u00fdch zem\u00edch sdru\u017een\u00ed. Tom\u00e1\u0161 Ra\u0161ovsk\u00fd studoval Pr\u00e1vnickou fakultu Masarykovy univerzity v Brn\u011b a d\u00e1le Pr\u00e1vnickou fakultu Erasmus University v Rotterdamu.<\/p>\n<h2 id=\"richter\">Tom\u00e1\u0161 Richter<\/h2>\n<p><img loading=\"lazy\" decoding=\"async\" data-attachment-id=\"77\" data-permalink=\"https:\/\/turnaround.cz\/restrukturalizacni-forum-2015\/prednasejici\/tr-photo-2\/\" data-orig-file=\"https:\/\/turnaround.cz\/restrukturalizacni-forum-2015\/wp-content\/uploads\/sites\/2\/2015\/09\/TR-photo1.png\" data-orig-size=\"134,200\" data-comments-opened=\"0\" data-image-meta=\"{&quot;aperture&quot;:&quot;0&quot;,&quot;credit&quot;:&quot;&quot;,&quot;camera&quot;:&quot;&quot;,&quot;caption&quot;:&quot;&quot;,&quot;created_timestamp&quot;:&quot;0&quot;,&quot;copyright&quot;:&quot;&quot;,&quot;focal_length&quot;:&quot;0&quot;,&quot;iso&quot;:&quot;0&quot;,&quot;shutter_speed&quot;:&quot;0&quot;,&quot;title&quot;:&quot;&quot;,&quot;orientation&quot;:&quot;0&quot;}\" data-image-title=\"TR photo\" data-image-description=\"\" data-image-caption=\"\" data-medium-file=\"https:\/\/turnaround.cz\/restrukturalizacni-forum-2015\/wp-content\/uploads\/sites\/2\/2015\/09\/TR-photo1.png\" data-large-file=\"https:\/\/turnaround.cz\/restrukturalizacni-forum-2015\/wp-content\/uploads\/sites\/2\/2015\/09\/TR-photo1.png\" class=\"alignleft size-full wp-image-77\" src=\"http:\/\/turnaround.cz\/restrukturalizacni-forum-2015\/wp-content\/uploads\/sites\/2\/2015\/09\/TR-photo1.png\" alt=\"TR photo\" width=\"134\" height=\"200\" \/>Tom\u00e1\u0161 Richter je Of Counsel v kancel\u00e1\u0159i Clifford Chance LLP v Praze (od roku 2006) a extern\u00ed vyu\u010duj\u00edc\u00ed na Institutu ekonomick\u00fdch studi\u00ed Fakulty soci\u00e1ln\u00edch v\u011bd Univerzity Karlovy v Praze (od roku 2002). Ph.D. v oboru obchodn\u00ed pr\u00e1vo z\u00edskal na Masarykov\u011b univerzit\u011b v Brn\u011b v roce 2002, LL.M. v oboru mezin\u00e1rodn\u00ed obchodn\u00ed pr\u00e1vo na St\u0159edoevropsk\u00e9 univerzit\u011b v Budape\u0161ti v roce 1996, Mgr. v oboru pr\u00e1vo na Karlov\u011b Univerzit\u011b v Praze v roce 1994. Advok\u00e1tem je od roku 1998, krom\u011b Prahy praktikoval kr\u00e1tce v Lond\u00fdn\u011b a Frankfurtu nad Mohanem. V letech 2011 a\u017e 2014 byl profesorem na nizozemsk\u00e9 Radboud University Nijmegen, kde byl dr\u017eitelem Chair in Cross-Border Corporate Insolvency Law. Pro Oxford University Press spoluedituje knihy v edici The Oxford International and Comparative Insolvency Law Series.<\/p>\n<h2 id=\"saint-denis\">Georg Saint-Denis<\/h2>\n<p><img loading=\"lazy\" decoding=\"async\" data-attachment-id=\"71\" data-permalink=\"https:\/\/turnaround.cz\/restrukturalizacni-forum-2015\/prednasejici\/georg-saint-denis-2\/\" data-orig-file=\"https:\/\/turnaround.cz\/restrukturalizacni-forum-2015\/wp-content\/uploads\/sites\/2\/2015\/09\/Georg-Saint-Denis1.png\" data-orig-size=\"147,200\" data-comments-opened=\"0\" data-image-meta=\"{&quot;aperture&quot;:&quot;0&quot;,&quot;credit&quot;:&quot;&quot;,&quot;camera&quot;:&quot;&quot;,&quot;caption&quot;:&quot;&quot;,&quot;created_timestamp&quot;:&quot;0&quot;,&quot;copyright&quot;:&quot;&quot;,&quot;focal_length&quot;:&quot;0&quot;,&quot;iso&quot;:&quot;0&quot;,&quot;shutter_speed&quot;:&quot;0&quot;,&quot;title&quot;:&quot;&quot;,&quot;orientation&quot;:&quot;0&quot;}\" data-image-title=\"Georg Saint-Denis\" data-image-description=\"\" data-image-caption=\"\" data-medium-file=\"https:\/\/turnaround.cz\/restrukturalizacni-forum-2015\/wp-content\/uploads\/sites\/2\/2015\/09\/Georg-Saint-Denis1.png\" data-large-file=\"https:\/\/turnaround.cz\/restrukturalizacni-forum-2015\/wp-content\/uploads\/sites\/2\/2015\/09\/Georg-Saint-Denis1.png\" class=\"alignleft size-full wp-image-71\" src=\"http:\/\/turnaround.cz\/restrukturalizacni-forum-2015\/wp-content\/uploads\/sites\/2\/2015\/09\/Georg-Saint-Denis1.png\" alt=\"Georg Saint-Denis\" width=\"147\" height=\"200\" \/>Georg Saint-Denis je spolumajitelem a gener\u00e1ln\u00edm \u0159editelem investi\u010dn\u00ed spole\u010dnosti 5-Haven Holding GmbH v N\u011bmecku a gener\u00e1ln\u00edm \u0159editelem spole\u010dnosti Ch. Renz GmbH v N\u011bmecku. Georg m\u00e1 rozs\u00e1hl\u00e9 zku\u0161enosti z oblasti automobilov\u00e9ho a textiln\u00edho pr\u016fmyslu. Zab\u00fdv\u00e1 se komplexn\u00edmi restrukturalizacemi na v\u0161ech \u00farovn\u00edch: finan\u010dn\u00ed, opera\u010dn\u00ed a strategick\u00e9. D\u00e1le se ve sv\u00e9 praxi v\u011bnuje f\u00faz\u00edm a akvizic\u00edm, MBO (management buy-out) a MBI (management buy-in).<\/p>\n<h2><\/h2>\n<h2 id=\"smutny\">Petr Smutn\u00fd<\/h2>\n<p><img loading=\"lazy\" decoding=\"async\" data-attachment-id=\"75\" data-permalink=\"https:\/\/turnaround.cz\/restrukturalizacni-forum-2015\/prednasejici\/petr-smutny-2\/\" data-orig-file=\"https:\/\/turnaround.cz\/restrukturalizacni-forum-2015\/wp-content\/uploads\/sites\/2\/2015\/09\/Petr-Smutny1.png\" data-orig-size=\"142,200\" data-comments-opened=\"0\" data-image-meta=\"{&quot;aperture&quot;:&quot;0&quot;,&quot;credit&quot;:&quot;&quot;,&quot;camera&quot;:&quot;&quot;,&quot;caption&quot;:&quot;&quot;,&quot;created_timestamp&quot;:&quot;0&quot;,&quot;copyright&quot;:&quot;&quot;,&quot;focal_length&quot;:&quot;0&quot;,&quot;iso&quot;:&quot;0&quot;,&quot;shutter_speed&quot;:&quot;0&quot;,&quot;title&quot;:&quot;&quot;,&quot;orientation&quot;:&quot;0&quot;}\" data-image-title=\"Petr Smutny\" data-image-description=\"\" data-image-caption=\"\" data-medium-file=\"https:\/\/turnaround.cz\/restrukturalizacni-forum-2015\/wp-content\/uploads\/sites\/2\/2015\/09\/Petr-Smutny1.png\" data-large-file=\"https:\/\/turnaround.cz\/restrukturalizacni-forum-2015\/wp-content\/uploads\/sites\/2\/2015\/09\/Petr-Smutny1.png\" class=\"alignleft size-full wp-image-75\" src=\"http:\/\/turnaround.cz\/restrukturalizacni-forum-2015\/wp-content\/uploads\/sites\/2\/2015\/09\/Petr-Smutny1.png\" alt=\"Petr Smutny\" width=\"142\" height=\"200\" \/>Petr Smutn\u00fd je partnerem ve spole\u010dnosti PricewaterhouseCoopers, kde \u0159\u00edd\u00ed odd\u011blen\u00ed restrukturalizac\u00ed v r\u00e1mci regionu v\u00fdchodn\u00ed a st\u0159edn\u00ed Evropy. Zam\u011b\u0159uje se p\u0159edev\u0161\u00edm na poskytov\u00e1n\u00ed poradenstv\u00ed ohro\u017een\u00fdm spole\u010dnostem nebo spole\u010dnostem \u010del\u00edc\u00edch insolvenci. Petr m\u00e1 dlouhodob\u00e9 zku\u0161enosti s projekty posouzen\u00ed v\u00fdkonnosti spole\u010dnosti, finan\u010dn\u00ed anal\u00fdzy a restrukturalizace. V minulosti vedl po\u010detn\u00e9 restrukturaliza\u010dn\u00ed projekty jak v \u010cesk\u00e9 a Slovensk\u00e9 republice, tak i ve Slovinsku, Srbsku a Chorvatsku. Petr se pod\u00edlel take na komplexn\u00ed reorganizaci KORD Group \u2013 pr\u016fmyslov\u00e9 skupiny s provozy ve st\u0159edn\u00ed a v\u00fdchodn\u00ed Evrop\u011b, je\u017e z\u00edskala ocen\u011bn\u00ed jako Restrukturalizace roku 2012 v r\u00e1mci Evropy. Takt\u00e9\u017e hr\u00e1l v\u00fdznamnou roli v r\u00e1mci restrukturalizace loterijn\u00ed spole\u010dnosti SAZKA, kter\u00e1 m\u011bla mnoho inovativn\u00edch prvk\u016f a z\u00edskala ocen\u011bn\u00ed Restrukturalizace roku 2014. Petr je p\u0159edsedou Turnaround Management Association \u010cR, spolupracuje s \u0159adou p\u0159edn\u00edch \u010desk\u00fdch bank na rozvoji odd\u011blen\u00ed pro vym\u00e1h\u00e1n\u00ed p\u016fj\u010dek a \u00fa\u010dastn\u00ed se \u0161kolen\u00ed \u010desk\u00fdch insolven\u010dn\u00edch spr\u00e1vc\u016f a soudc\u016f.<\/p>\n<h2 id=\"wallenfels\">Ji\u0159\u00ed Wallenfels<\/h2>\n<img loading=\"lazy\" decoding=\"async\" data-attachment-id=\"178\" data-permalink=\"https:\/\/turnaround.cz\/restrukturalizacni-forum-2015\/prednasejici\/jiri-wallenfels\/\" data-orig-file=\"https:\/\/turnaround.cz\/restrukturalizacni-forum-2015\/wp-content\/uploads\/sites\/2\/2015\/09\/Jiri-Wallenfels-e1444728101889.jpeg\" data-orig-size=\"2041,1807\" data-comments-opened=\"0\" data-image-meta=\"{&quot;aperture&quot;:&quot;2.4&quot;,&quot;credit&quot;:&quot;&quot;,&quot;camera&quot;:&quot;iPad Air&quot;,&quot;caption&quot;:&quot;&quot;,&quot;created_timestamp&quot;:&quot;1444664115&quot;,&quot;copyright&quot;:&quot;&quot;,&quot;focal_length&quot;:&quot;3.3&quot;,&quot;iso&quot;:&quot;40&quot;,&quot;shutter_speed&quot;:&quot;0.02&quot;,&quot;title&quot;:&quot;&quot;,&quot;orientation&quot;:&quot;1&quot;}\" data-image-title=\"Jiri Wallenfels\" data-image-description=\"\" data-image-caption=\"\" data-medium-file=\"https:\/\/turnaround.cz\/restrukturalizacni-forum-2015\/wp-content\/uploads\/sites\/2\/2015\/09\/Jiri-Wallenfels-e1444728101889-300x266.jpeg\" data-large-file=\"https:\/\/turnaround.cz\/restrukturalizacni-forum-2015\/wp-content\/uploads\/sites\/2\/2015\/09\/Jiri-Wallenfels-e1444728101889-1024x907.jpeg\" class=\"alignleft wp-image-178 \" src=\"http:\/\/turnaround.cz\/restrukturalizacni-forum-2015\/wp-content\/uploads\/sites\/2\/2015\/09\/Jiri-Wallenfels-e1444728101889-300x266.jpeg\" alt=\"Jiri Wallenfels\" width=\"175\" height=\"156\" srcset=\"https:\/\/turnaround.cz\/restrukturalizacni-forum-2015\/wp-content\/uploads\/sites\/2\/2015\/09\/Jiri-Wallenfels-e1444728101889-300x266.jpeg 300w, https:\/\/turnaround.cz\/restrukturalizacni-forum-2015\/wp-content\/uploads\/sites\/2\/2015\/09\/Jiri-Wallenfels-e1444728101889-1024x907.jpeg 1024w, https:\/\/turnaround.cz\/restrukturalizacni-forum-2015\/wp-content\/uploads\/sites\/2\/2015\/09\/Jiri-Wallenfels-e1444728101889.jpeg 2041w\" sizes=\"auto, (max-width: 175px) 100vw, 175px\" \/>\n<p>Ji\u0159\u00ed Wallenfels p\u016fsob\u00ed od roku 2005 jako exekutorsk\u00fd kandid\u00e1t Exekutorsk\u00e9ho \u00fa\u0159adu v\u00a0Klatovech. P\u0159edt\u00edm p\u016fsobil jako exekutorsk\u00fd kandid\u00e1t Exekutorsk\u00e9ho \u00fa\u0159adu v\u00a0Plzni (2004) a jako advok\u00e1tn\u00ed koncipient v\u00a0AK Saxinger Weber Chalupsk\u00fd Plze\u0148 (2000-2003). Ji\u0159\u00ed vystudoval Pr\u00e1vnickou fakultu Z\u00e1pado\u010desk\u00e9 univerzity v\u00a0Plzni.<\/p>","protected":false},"excerpt":{"rendered":"<p>Juraj Alexander Juraj Alexander je advok\u00e1tem na pozici counsel a jedn\u00edm ze dvou vedouc\u00edch t\u00fdmu pro \u0159e\u0161en\u00ed restrukturalizac\u00ed, insolvenc\u00ed a bankrot\u016f pra\u017esk\u00e9 kancel\u00e1\u0159e Dentons. Zam\u011b\u0159uje se na insolven\u010dn\u00ed pr\u00e1vo v\u010detn\u011b jeho p\u0159eshrani\u010dn\u00edch prvk\u016f, f\u00faze, akvizice, financov\u00e1n\u00ed a soudn\u00ed spory a jako advok\u00e1t b\u011b\u017en\u011b zastupuje banky v r\u00e1mci v\u00fdznamn\u00fdch insolven\u010dn\u00edch \u0159\u00edzen\u00ed a soudn\u00edch spor\u016f. Publikoval \u0159adu&#8230;  <a class=\"excerpt-read-more\" href=\"https:\/\/turnaround.cz\/restrukturalizacni-forum-2015\/prednasejici\/\" title=\"Read P\u0159edn\u00e1\u0161ej\u00edc\u00ed\">Read more &raquo;<\/a><\/p>\n","protected":false},"author":1,"featured_media":0,"parent":0,"menu_order":0,"comment_status":"closed","ping_status":"closed","template":"","meta":{"ngg_post_thumbnail":0,"jetpack_post_was_ever_published":false,"footnotes":""},"class_list":["post-59","page","type-page","status-publish","hentry"],"acf":[],"jetpack_sharing_enabled":true,"jetpack_shortlink":"https:\/\/wp.me\/P6Wloj-X","_links":{"self":[{"href":"https:\/\/turnaround.cz\/restrukturalizacni-forum-2015\/wp-json\/wp\/v2\/pages\/59","targetHints":{"allow":["GET"]}}],"collection":[{"href":"https:\/\/turnaround.cz\/restrukturalizacni-forum-2015\/wp-json\/wp\/v2\/pages"}],"about":[{"href":"https:\/\/turnaround.cz\/restrukturalizacni-forum-2015\/wp-json\/wp\/v2\/types\/page"}],"author":[{"embeddable":true,"href":"https:\/\/turnaround.cz\/restrukturalizacni-forum-2015\/wp-json\/wp\/v2\/users\/1"}],"replies":[{"embeddable":true,"href":"https:\/\/turnaround.cz\/restrukturalizacni-forum-2015\/wp-json\/wp\/v2\/comments?post=59"}],"version-history":[{"count":30,"href":"https:\/\/turnaround.cz\/restrukturalizacni-forum-2015\/wp-json\/wp\/v2\/pages\/59\/revisions"}],"predecessor-version":[{"id":255,"href":"https:\/\/turnaround.cz\/restrukturalizacni-forum-2015\/wp-json\/wp\/v2\/pages\/59\/revisions\/255"}],"wp:attachment":[{"href":"https:\/\/turnaround.cz\/restrukturalizacni-forum-2015\/wp-json\/wp\/v2\/media?parent=59"}],"curies":[{"name":"wp","href":"https:\/\/api.w.org\/{rel}","templated":true}]}}