{"id":10,"date":"2016-09-12T20:15:38","date_gmt":"2016-09-12T19:15:38","guid":{"rendered":"https:\/\/turnaround.cz\/restrukturalizacni-forum-2024\/?page_id=10"},"modified":"2025-01-04T22:34:10","modified_gmt":"2025-01-04T21:34:10","slug":"prednasejici","status":"publish","type":"page","link":"https:\/\/turnaround.cz\/restrukturalizacni-forum-2024\/prednasejici\/","title":{"rendered":"P\u0159edn\u00e1\u0161ej\u00edc\u00ed"},"content":{"rendered":"<header class=\"entry-header article-header\">\n<h2 id=\"roland-bebcak\">Roland Beb\u010d\u00e1k<\/h2>\n<p><img data-recalc-dims=\"1\" loading=\"lazy\" decoding=\"async\" data-attachment-id=\"1976\" data-permalink=\"https:\/\/turnaround.cz\/restrukturalizacni-forum-2024\/prednasejici\/roland-bebcak-1\/\" data-orig-file=\"https:\/\/i0.wp.com\/turnaround.cz\/restrukturalizacni-forum-2024\/wp-content\/uploads\/sites\/14\/2024\/11\/Roland-Bebcak-1.jpg?fit=1365%2C2048&amp;ssl=1\" data-orig-size=\"1365,2048\" data-comments-opened=\"0\" data-image-meta=\"{&quot;aperture&quot;:&quot;0&quot;,&quot;credit&quot;:&quot;&quot;,&quot;camera&quot;:&quot;&quot;,&quot;caption&quot;:&quot;&quot;,&quot;created_timestamp&quot;:&quot;0&quot;,&quot;copyright&quot;:&quot;&quot;,&quot;focal_length&quot;:&quot;0&quot;,&quot;iso&quot;:&quot;0&quot;,&quot;shutter_speed&quot;:&quot;0&quot;,&quot;title&quot;:&quot;&quot;,&quot;orientation&quot;:&quot;0&quot;}\" data-image-title=\"Roland Beb\u010d\u00e1k (1)\" data-image-description=\"\" data-image-caption=\"\" data-medium-file=\"https:\/\/i0.wp.com\/turnaround.cz\/restrukturalizacni-forum-2024\/wp-content\/uploads\/sites\/14\/2024\/11\/Roland-Bebcak-1.jpg?fit=200%2C300&amp;ssl=1\" data-large-file=\"https:\/\/i0.wp.com\/turnaround.cz\/restrukturalizacni-forum-2024\/wp-content\/uploads\/sites\/14\/2024\/11\/Roland-Bebcak-1.jpg?fit=680%2C1020&amp;ssl=1\" class=\"size-medium wp-image-1976 alignleft\" src=\"https:\/\/i0.wp.com\/turnaround.cz\/restrukturalizacni-forum-2024\/wp-content\/uploads\/sites\/14\/2024\/11\/Roland-Bebcak-1.jpg?resize=200%2C300&#038;ssl=1\" alt=\"\" width=\"200\" height=\"300\" srcset=\"https:\/\/i0.wp.com\/turnaround.cz\/restrukturalizacni-forum-2024\/wp-content\/uploads\/sites\/14\/2024\/11\/Roland-Bebcak-1.jpg?resize=200%2C300&amp;ssl=1 200w, https:\/\/i0.wp.com\/turnaround.cz\/restrukturalizacni-forum-2024\/wp-content\/uploads\/sites\/14\/2024\/11\/Roland-Bebcak-1.jpg?resize=683%2C1024&amp;ssl=1 683w, https:\/\/i0.wp.com\/turnaround.cz\/restrukturalizacni-forum-2024\/wp-content\/uploads\/sites\/14\/2024\/11\/Roland-Bebcak-1.jpg?resize=768%2C1152&amp;ssl=1 768w, https:\/\/i0.wp.com\/turnaround.cz\/restrukturalizacni-forum-2024\/wp-content\/uploads\/sites\/14\/2024\/11\/Roland-Bebcak-1.jpg?resize=1024%2C1536&amp;ssl=1 1024w, https:\/\/i0.wp.com\/turnaround.cz\/restrukturalizacni-forum-2024\/wp-content\/uploads\/sites\/14\/2024\/11\/Roland-Bebcak-1.jpg?w=1365&amp;ssl=1 1365w\" sizes=\"auto, (max-width: 200px) 100vw, 200px\" \/>Roland Beb\u010d\u00e1k p\u016fsob\u00ed jako Managing Partner ve spole\u010dnosti White Star Real Estate CZ &amp; SK, kde zodpov\u00edd\u00e1 za strategick\u00e9 veden\u00ed a rozvoj kl\u00ed\u010dov\u00fdch projekt\u016f v oblasti nemovitost\u00ed. S v\u00edce ne\u017e 20 lety zku\u0161enost\u00ed na trhu st\u0159edn\u00ed a v\u00fdchodn\u00ed Evropy (CEE) se \u0159ad\u00ed mezi p\u0159edn\u00ed odborn\u00edky v oblasti investic a spr\u00e1vy nemovitost\u00ed.<\/p>\n<p>Ve sv\u00e9 roli v White Star Real Estate se zam\u011b\u0159uje na identifikaci investi\u010dn\u00edch p\u0159\u00edle\u017eitost\u00ed, \u0159\u00edzen\u00ed portfoli\u00ed a rozvoj dlouhodob\u00fdch vztah\u016f s partnery. D\u00edky hlubok\u00e9 znalosti trhu a schopnosti efektivn\u011b \u0159\u00eddit projekty p\u0159isp\u00edv\u00e1 k dal\u0161\u00edmu r\u016fstu a \u00fasp\u011bchu spole\u010dnosti, kter\u00e1 pat\u0159\u00ed mezi v\u00fdznamn\u00e9 hr\u00e1\u010de na realitn\u00edm trhu v regionu.<\/p>\n<p>Spolupracuje s mezin\u00e1rodn\u00edmi (USA, EU, UK, Asie) i lok\u00e1ln\u00edmi investory.<\/p>\n<h2 id=\"pavel-bogusky\" class=\"h2 entry-title\">Pavel Bogusk\u00fd<\/h2>\n<\/header>\n<section class=\"entry-content cf\"><img data-recalc-dims=\"1\" loading=\"lazy\" decoding=\"async\" data-attachment-id=\"1998\" data-permalink=\"https:\/\/turnaround.cz\/restrukturalizacni-forum-2024\/prednasejici\/pavel-bogusky\/\" data-orig-file=\"https:\/\/i0.wp.com\/turnaround.cz\/restrukturalizacni-forum-2024\/wp-content\/uploads\/sites\/14\/2024\/11\/Pavel-Bogusky.jpg?fit=340%2C510&amp;ssl=1\" data-orig-size=\"340,510\" data-comments-opened=\"0\" data-image-meta=\"{&quot;aperture&quot;:&quot;0&quot;,&quot;credit&quot;:&quot;&quot;,&quot;camera&quot;:&quot;&quot;,&quot;caption&quot;:&quot;&quot;,&quot;created_timestamp&quot;:&quot;0&quot;,&quot;copyright&quot;:&quot;&quot;,&quot;focal_length&quot;:&quot;0&quot;,&quot;iso&quot;:&quot;0&quot;,&quot;shutter_speed&quot;:&quot;0&quot;,&quot;title&quot;:&quot;&quot;,&quot;orientation&quot;:&quot;0&quot;}\" data-image-title=\"Pavel Bogusky\" data-image-description=\"\" data-image-caption=\"\" data-medium-file=\"https:\/\/i0.wp.com\/turnaround.cz\/restrukturalizacni-forum-2024\/wp-content\/uploads\/sites\/14\/2024\/11\/Pavel-Bogusky.jpg?fit=200%2C300&amp;ssl=1\" data-large-file=\"https:\/\/i0.wp.com\/turnaround.cz\/restrukturalizacni-forum-2024\/wp-content\/uploads\/sites\/14\/2024\/11\/Pavel-Bogusky.jpg?fit=340%2C510&amp;ssl=1\" class=\"size-medium wp-image-1998 alignright\" src=\"https:\/\/i0.wp.com\/turnaround.cz\/restrukturalizacni-forum-2024\/wp-content\/uploads\/sites\/14\/2024\/11\/Pavel-Bogusky.jpg?resize=200%2C300&#038;ssl=1\" alt=\"\" width=\"200\" height=\"300\" srcset=\"https:\/\/i0.wp.com\/turnaround.cz\/restrukturalizacni-forum-2024\/wp-content\/uploads\/sites\/14\/2024\/11\/Pavel-Bogusky.jpg?resize=200%2C300&amp;ssl=1 200w, https:\/\/i0.wp.com\/turnaround.cz\/restrukturalizacni-forum-2024\/wp-content\/uploads\/sites\/14\/2024\/11\/Pavel-Bogusky.jpg?w=340&amp;ssl=1 340w\" sizes=\"auto, (max-width: 200px) 100vw, 200px\" \/>Pavel Bogusk\u00fd p\u016fsob\u00ed jako partner v pra\u017esk\u00e9 pobo\u010dce advok\u00e1tn\u00ed kancel\u00e1\u0159e Dentons, kde se zam\u011b\u0159uje na restrukturalizace, insolvence, bankovn\u00ed financov\u00e1n\u00ed a s t\u00edm souvisej\u00edc\u00ed spornou agendu. Ve sv\u00e9 praxi poskytuje pr\u00e1vn\u00ed poradenstv\u00ed v t\u011bch nejkomplexn\u011bj\u0161\u00edch restrukturaliza\u010dn\u00edch a insolven\u010dn\u00edch p\u0159\u00edpadech. Pod\u00edlel se mimo jin\u00e9 na \u00fasp\u011b\u0161n\u00e9m pr\u00e1vn\u00edm boji proti n\u00e1sledk\u016fm nechvaln\u011b zn\u00e1m\u00e9ho rozsudku Nejvy\u0161\u0161\u00edho soudu \u010cR ve v\u011bci ELMA-THERM.<br \/>\nPavel je za\u0159azen do celosv\u011btov\u011b uzn\u00e1van\u00fdch \u017eeb\u0159\u00ed\u010dk\u016f Chambers &amp; Partners a IFLR1000 pro oblast restrukturalizac\u00ed a insolvenc\u00ed v \u010cesk\u00e9 republice. Krom\u011b poskytov\u00e1n\u00ed pr\u00e1vn\u00edho poradenstv\u00ed je Pavel mimo jin\u00e9 i spoluautorem koment\u00e1\u0159e k insolven\u010dn\u00edmu z\u00e1konu od nakladatelstv\u00ed C. H. BECK, v jeho\u017e r\u00e1mci zpracoval komplexn\u011b celou pr\u00e1vn\u00ed \u00fapravu reorganizace.<br \/>\nPavel je \u010dlenem Turnaround management association v \u010cesk\u00e9 republice.<\/p>\n<h2 id=\"jaroslav-broz\" class=\"h2 entry-title\">Jaroslav Bro\u017e<\/h2>\n<p><img decoding=\"async\" class=\"wp-post-image alignleft\" src=\"https:\/\/i0.wp.com\/turnaround.cz\/restrukturalizacni-forum-2021\/wp-content\/uploads\/sites\/9\/2024\/11\/Jaroslav-Broz_bw.jpg?w=228\" alt=\"\"  data-attachment-id=\"437\" data-permalink=\"http:\/\/turnaround.cz\/restrukturalizacni-forum-2021\/wp-content\/uploads\/sites\/9\/2024\/11\/Jaroslav-Broz_bw.jpg\" data-orig-file=\"http:\/\/turnaround.cz\/restrukturalizacni-forum-2021\/wp-content\/uploads\/sites\/9\/2024\/11\/Jaroslav-Broz_bw.jpg\" data-comments-opened=\"0\" data-image-meta=\"{&quot;aperture&quot;:&quot;0&quot;,&quot;credit&quot;:&quot;&quot;,&quot;camera&quot;:&quot;&quot;,&quot;caption&quot;:&quot;&quot;,&quot;created_timestamp&quot;:&quot;0&quot;,&quot;copyright&quot;:&quot;&quot;,&quot;focal_length&quot;:&quot;0&quot;,&quot;iso&quot;:&quot;0&quot;,&quot;shutter_speed&quot;:&quot;0&quot;,&quot;title&quot;:&quot;&quot;,&quot;orientation&quot;:&quot;0&quot;}\" data-image-title=\"Jaroslav_Broz\" data-image-description=\"\" data-image-caption=\"\" data-medium-file=\"http:\/\/turnaround.cz\/restrukturalizacni-forum-2021\/wp-content\/uploads\/sites\/9\/2024\/11\/Jaroslav-Broz_bw.jpg\" data-large-file=\"http:\/\/turnaround.cz\/restrukturalizacni-forum-2021\/wp-content\/uploads\/sites\/9\/2024\/11\/Jaroslav-Broz_bw.jpg\" data-recalc-dims=\"1\" \/>JUDr. Jaroslav Bro\u017e MJur (Oxon) p\u016fsob\u00ed, jako advok\u00e1t v BRO\u017d BRO\u017d VALA advok\u00e1tn\u00ed kancel\u00e1\u0159 s.r.o., likvid\u00e1tor a insolven\u010dn\u00ed spr\u00e1vce se zvl\u00e1\u0161tn\u00edm povolen\u00edm s mand\u00e1ty, kter\u00e9 obsahuj\u00ed mezin\u00e1rodn\u00ed prvek, mezin\u00e1rodn\u00ed sankce nebo se vymykaj\u00ed svoj\u00ed velikost\u00ed.<br \/>\nJaroslav je absolvent Pr\u00e1vnick\u00e9 fakulty Z\u00e1pado\u010desk\u00e9 univerzity v\u00a0Plzni (Mgr.), Pr\u00e1vnick\u00e9 fakulty Univerzity of Oxford v\u00a0Anglii &#8211; St. Catherine\u2019s\u00a0College (MJur) a Pr\u00e1vnick\u00e9 fakulty Masarykovy univerzity v\u00a0Brn\u011b (JUDr.), \u010dlen odborn\u00e9 sekce pro insolven\u010dn\u00ed pr\u00e1vo u\u00a0\u010cesk\u00e9 advok\u00e1tn\u00ed komory, \u010dlen zku\u0161ebn\u00ed komise pro zkou\u0161ky insolven\u010dn\u00edch spr\u00e1vc\u016f a \u010dlen mezin\u00e1rodn\u00ed asociace INSOL EUROPE.<br \/>\nJaroslav je d\u00e1le spoluautor velk\u00e9ho Koment\u00e1\u0159e Insolven\u010dn\u00edho z\u00e1kona (Wolters Kluwer), spoluautor Praktick\u00e9ho koment\u00e1\u0159e k\u00a0z\u00e1konu o preventivn\u00ed restrukturalizaci (Wolters Kluwer) \u010di autor odborn\u00fdch \u010dl\u00e1nk\u016f s insolven\u010dn\u00ed t\u00e9matikou (Bulletin Advokacie, epravo.cz, Konkursn\u00ed noviny, Soukrom\u00e9 pr\u00e1vno). V\u00a0neposledn\u00ed \u0159ad\u011b <em>ad hoc <\/em>p\u0159edn\u00e1\u0161\u00ed na \u010desk\u00fdch univerzit\u00e1ch (V\u0160B) \u010di konferenc\u00edch (Ikongres 2021, C.H. BECK \u2013 Insolvence a preventivn\u00ed restrukturalizace 2024) nebo pro priv\u00e1tn\u00ed subjekty.<\/p>\n<h2 id=\"martin-fronek\">Martin Fron\u011bk<\/h2>\n<p><img data-recalc-dims=\"1\" loading=\"lazy\" decoding=\"async\" data-attachment-id=\"1913\" data-permalink=\"https:\/\/turnaround.cz\/restrukturalizacni-forum-2024\/prednasejici\/fronek-martin\/\" data-orig-file=\"https:\/\/i0.wp.com\/turnaround.cz\/restrukturalizacni-forum-2024\/wp-content\/uploads\/sites\/14\/2024\/11\/Fronek-Martin.jpg?fit=311%2C410&amp;ssl=1\" data-orig-size=\"311,410\" data-comments-opened=\"0\" data-image-meta=\"{&quot;aperture&quot;:&quot;0&quot;,&quot;credit&quot;:&quot;Brendan Hoffman&quot;,&quot;camera&quot;:&quot;&quot;,&quot;caption&quot;:&quot;&quot;,&quot;created_timestamp&quot;:&quot;0&quot;,&quot;copyright&quot;:&quot;2014 Getty Images&quot;,&quot;focal_length&quot;:&quot;0&quot;,&quot;iso&quot;:&quot;0&quot;,&quot;shutter_speed&quot;:&quot;0&quot;,&quot;title&quot;:&quot;&quot;,&quot;orientation&quot;:&quot;0&quot;}\" data-image-title=\"Fron\u011bk Martin\" data-image-description=\"\" data-image-caption=\"\" data-medium-file=\"https:\/\/i0.wp.com\/turnaround.cz\/restrukturalizacni-forum-2024\/wp-content\/uploads\/sites\/14\/2024\/11\/Fronek-Martin.jpg?fit=228%2C300&amp;ssl=1\" data-large-file=\"https:\/\/i0.wp.com\/turnaround.cz\/restrukturalizacni-forum-2024\/wp-content\/uploads\/sites\/14\/2024\/11\/Fronek-Martin.jpg?fit=311%2C410&amp;ssl=1\" class=\"size-medium wp-image-1913 alignright\" src=\"https:\/\/i0.wp.com\/turnaround.cz\/restrukturalizacni-forum-2024\/wp-content\/uploads\/sites\/14\/2024\/11\/Fronek-Martin.jpg?resize=228%2C300&#038;ssl=1\" alt=\"\" width=\"228\" height=\"300\" srcset=\"https:\/\/i0.wp.com\/turnaround.cz\/restrukturalizacni-forum-2024\/wp-content\/uploads\/sites\/14\/2024\/11\/Fronek-Martin.jpg?resize=228%2C300&amp;ssl=1 228w, https:\/\/i0.wp.com\/turnaround.cz\/restrukturalizacni-forum-2024\/wp-content\/uploads\/sites\/14\/2024\/11\/Fronek-Martin.jpg?w=311&amp;ssl=1 311w\" sizes=\"auto, (max-width: 228px) 100vw, 228px\" \/>Martin Fron\u011bk je lok\u00e1ln\u00edm partnerem v pra\u017esk\u00e9 pobo\u010dce advok\u00e1tn\u00ed kancel\u00e1\u0159e White&amp;Case s v\u00edce ne\u017e 13 lety praxe v oblasti insolvenc\u00ed a restrukturalizac\u00ed, soudn\u00edch spor\u016f a trestn\u00edho pr\u00e1va. M\u00e1 zku\u0161enosti se zastupov\u00e1n\u00edm v\u011b\u0159itel\u016f p\u0159i konkurzn\u00edch likvidac\u00edch a p\u0159i soudn\u00edch i mimosoudn\u00edch restrukturalizac\u00edch. Pod\u00edl\u00ed se rovn\u011b\u017e na vytv\u00e1\u0159en\u00ed a implementaci strategi\u00ed soudn\u00edch spor\u016f, odkup\u016f a prodej\u016f v r\u00e1mci insolven\u010dn\u00edch \u0159\u00edzen\u00ed, a to na stran\u011b bankovn\u00edch v\u011b\u0159itel\u016f i tzv. distressed assets fond\u016f. V roce 2011 z\u00edskal magistersk\u00fd titul na Pr\u00e1vnick\u00e9 fakult\u011b Univerzity Karlovy v Praze, v roce 2015 rovn\u011b\u017e z\u00edskal titul doktora pr\u00e1v. Martin p\u0159edn\u00e1\u0161\u00ed na Vysok\u00e9 \u0161kole ekonomick\u00e9 v r\u00e1mci vedlej\u0161\u00ed specializace Turnaround Management, je \u010dlenem spr\u00e1vn\u00ed rady TMA.<\/p>\n<h2 id=\"jiri-hampl\">Ji\u0159\u00ed Hampl<\/h2>\n<p>Odborn\u00edk na korpor\u00e1tn\u00ed restrukturalizace s v\u00edce ne\u017e 15-letou prax\u00ed v bankovn\u00edm sektoru. Od absolvov\u00e1n\u00ed Hospod\u00e1\u0159sk\u00e9 fakulty Technick\u00e9 univerzity v Liberci v roce 2008 se nep\u0159etr\u017eit\u011b v\u011bnuje ohro\u017een\u00fdm korpor\u00e1tn\u00edm \u00fav\u011br\u016fm a zp\u016fsob\u016fm jejich \u0159e\u0161en\u00ed. Od roku 2022 p\u016fsob\u00ed v UniCredit Bank jako mana\u017eer \u00fatvaru Korpor\u00e1tn\u00ed restrukturalizace pro \u010ceskou a Slovenskou republiku. V pr\u016fb\u011bhu sv\u00e9 kari\u00e9ry spolupracoval na mnoha restrukturaliza\u010dn\u00edch projektech a i nad\u00e1le aktivn\u011b zastupuje z\u00e1jmy UniCredit p\u0159i \u0159e\u0161en\u00ed distresov\u00fdch situac\u00ed, a to v obou zem\u00edch.<\/p>\n<h2 id=\"petr-hana\">Petr H\u00e1na<\/h2>\n<p><img data-recalc-dims=\"1\" loading=\"lazy\" decoding=\"async\" data-attachment-id=\"1988\" data-permalink=\"https:\/\/turnaround.cz\/restrukturalizacni-forum-2024\/prednasejici\/hana_petr_05_bw_1\/\" data-orig-file=\"https:\/\/i0.wp.com\/turnaround.cz\/restrukturalizacni-forum-2024\/wp-content\/uploads\/sites\/14\/2024\/11\/Hana_Petr_05_bw_1.jpg?fit=1165%2C1331&amp;ssl=1\" data-orig-size=\"1165,1331\" data-comments-opened=\"0\" data-image-meta=\"{&quot;aperture&quot;:&quot;0&quot;,&quot;credit&quot;:&quot;&quot;,&quot;camera&quot;:&quot;&quot;,&quot;caption&quot;:&quot;&quot;,&quot;created_timestamp&quot;:&quot;0&quot;,&quot;copyright&quot;:&quot;&quot;,&quot;focal_length&quot;:&quot;0&quot;,&quot;iso&quot;:&quot;0&quot;,&quot;shutter_speed&quot;:&quot;0&quot;,&quot;title&quot;:&quot;&quot;,&quot;orientation&quot;:&quot;0&quot;}\" data-image-title=\"Hana_Petr_05_bw_1\" data-image-description=\"\" data-image-caption=\"\" data-medium-file=\"https:\/\/i0.wp.com\/turnaround.cz\/restrukturalizacni-forum-2024\/wp-content\/uploads\/sites\/14\/2024\/11\/Hana_Petr_05_bw_1.jpg?fit=263%2C300&amp;ssl=1\" data-large-file=\"https:\/\/i0.wp.com\/turnaround.cz\/restrukturalizacni-forum-2024\/wp-content\/uploads\/sites\/14\/2024\/11\/Hana_Petr_05_bw_1.jpg?fit=680%2C777&amp;ssl=1\" class=\"size-medium wp-image-1988 alignright\" src=\"https:\/\/i0.wp.com\/turnaround.cz\/restrukturalizacni-forum-2024\/wp-content\/uploads\/sites\/14\/2024\/11\/Hana_Petr_05_bw_1.jpg?resize=263%2C300&#038;ssl=1\" alt=\"\" width=\"263\" height=\"300\" srcset=\"https:\/\/i0.wp.com\/turnaround.cz\/restrukturalizacni-forum-2024\/wp-content\/uploads\/sites\/14\/2024\/11\/Hana_Petr_05_bw_1.jpg?resize=263%2C300&amp;ssl=1 263w, https:\/\/i0.wp.com\/turnaround.cz\/restrukturalizacni-forum-2024\/wp-content\/uploads\/sites\/14\/2024\/11\/Hana_Petr_05_bw_1.jpg?resize=896%2C1024&amp;ssl=1 896w, https:\/\/i0.wp.com\/turnaround.cz\/restrukturalizacni-forum-2024\/wp-content\/uploads\/sites\/14\/2024\/11\/Hana_Petr_05_bw_1.jpg?resize=768%2C877&amp;ssl=1 768w, https:\/\/i0.wp.com\/turnaround.cz\/restrukturalizacni-forum-2024\/wp-content\/uploads\/sites\/14\/2024\/11\/Hana_Petr_05_bw_1.jpg?w=1165&amp;ssl=1 1165w\" sizes=\"auto, (max-width: 263px) 100vw, 263px\" \/>Petr H\u00e1na je \u0159editelem v odd\u011blen\u00ed realitn\u00edho poradenstv\u00ed spole\u010dnosti Deloitte v Praze. Specializuje se p\u0159edev\u0161\u00edm na projekty v oblastech developmentu a \u0159\u00edzen\u00ed a optimalizaci portfolia nemovitost\u00ed. Pod\u00edl\u00ed se na v\u00fdvoji Cenov\u00e9 mapy transak\u010dn\u00edch cen. D\u00e1le se v\u011bnuje projekt\u016fm t\u00fdkaj\u00edc\u00edm se projektov\u00e9ho \u0159\u00edzen\u00ed a controllingu, optimalizace proces\u016f a organiza\u010dn\u00ed restrukturalizace stavebn\u00edch a developersk\u00fdch spole\u010dnost\u00ed. Spolupracoval na projektech v r\u00e1mci \u010cesk\u00e9 a Slovensk\u00e9 republiky pro v\u00fdznamn\u00e9 developersk\u00e9 spole\u010dnosti. Pod\u00edl\u00ed se na p\u0159\u00edprav\u011b pr\u016fzkum\u016f, anal\u00fdz a studi\u00ed zam\u011b\u0159en\u00fdch na v\u00fdvoj komer\u010dn\u00edho a reziden\u010dn\u00edho nemovitostn\u00edho trhu.<\/p>\n<h2 id=\"jakub-jirovec\">Jakub Jirovec<\/h2>\n<p>Jakub Jirovec je partnerem a spoluzakladatelem advok\u00e1tn\u00ed kancel\u00e1\u0159e Urban &amp; Hejduk. V r\u00e1mci sv\u00e9 praxe se v\u011bnuje soudn\u00edm spor\u016fm, insolven\u010dn\u00edmu a z\u00e1vazkov\u00e9mu pr\u00e1vu. Insolvenc\u00edm se v\u011bnuje 13 let, p\u0159i\u010dem\u017e v r\u00e1mci sv\u00fdch mand\u00e1t\u016f poskytuje komplexn\u00ed poradenstv\u00ed v\u011b\u0159itel\u016fm, dlu\u017en\u00edk\u016fm i investor\u016fm. Zku\u0161enosti m\u00e1 p\u0159edev\u0161\u00edm s insolvencemi v\u00fdrobn\u00edch z\u00e1vod\u016f, developersk\u00fdch projekt\u016f a retailov\u00fdch prodejc\u016f od\u011bv\u016f. V r\u00e1mci z\u00e1vazkov\u00e9ho pr\u00e1va se v posledn\u00ed dob\u011b v\u011bnoval sjedn\u00e1v\u00e1n\u00ed smluv EFET, zejm\u00e9na jejich insolven\u010dn\u00ed a sporov\u00e9 \u010d\u00e1sti.<\/p>\n<p>Jakub je absolventem Pr\u00e1vnick\u00e9 fakulty Univerzity Karlovy v Praze.<\/p>\n<h2 id=\"tomas-johanna\">Tom\u00e1\u0161 Johanna<\/h2>\n<p><img data-recalc-dims=\"1\" loading=\"lazy\" decoding=\"async\" class=\"alignright wp-post-image\" src=\"https:\/\/i0.wp.com\/turnaround.cz\/restrukturalizacni-forum-2024\/wp-content\/uploads\/sites\/14\/2024\/11\/johanna_bw_.jpg?resize=200%2C300&#038;ssl=1\" sizes=\"auto, (max-width: 200px) 100vw, 200px\" srcset=\"https:\/\/turnaround.cz\/restrukturalizacni-forum-2024\/wp-content\/uploads\/sites\/14\/2024\/11\/johanna_bw_.jpg\" alt=\"\" width=\"200\" height=\"300\" data-attachment-id=\"833\" data-permalink=\"https:\/\/turnaround.cz\/restrukturalizacni-forum-2024\/wp-content\/uploads\/sites\/14\/2024\/11\/johanna_bw_.jpg\" data-orig-file=\"https:\/\/turnaround.cz\/restrukturalizacni-forum-2024\/wp-content\/uploads\/sites\/14\/2024\/11\/johanna_bw_.jpg\" data-orig-size=\"1000,1500\" data-comments-opened=\"0\" data-image-meta=\"{&quot;aperture&quot;:&quot;5.6&quot;,&quot;credit&quot;:&quot;&quot;,&quot;camera&quot;:&quot;NIKON D850&quot;,&quot;caption&quot;:&quot;&quot;,&quot;created_timestamp&quot;:&quot;1691495266&quot;,&quot;copyright&quot;:&quot;&quot;,&quot;focal_length&quot;:&quot;62&quot;,&quot;iso&quot;:&quot;800&quot;,&quot;shutter_speed&quot;:&quot;0.004&quot;,&quot;title&quot;:&quot;&quot;,&quot;orientation&quot;:&quot;0&quot;}\" data-image-title=\"tomas-johanna\" data-image-description=\"\" data-image-caption=\"\" \/>Tom\u00e1\u0161 Johanna p\u016fsob\u00ed jako General legal counsel v investi\u010dn\u00ed a developersk\u00e9 skupin\u011b Progresus, kde vede pr\u00e1vn\u00ed odd\u011blen\u00ed.<br \/>\nTom\u00e1\u0161 v r\u00e1mci sv\u00e9 pr\u00e1vn\u00ed praxe zaji\u0161\u0165uje ve skupin\u011b Progresus ve\u0161ker\u00e9 pr\u00e1vn\u00ed a compliance poradenstv\u00ed souvisej\u00edc\u00ed s \u010dinnost\u00ed skupiny Progresus, tedy zejm\u00e9na v oblasti reziden\u010dn\u00edho a industri\u00e1ln\u00edho developmentu, v\u00fdrobn\u00edho sektoru a finan\u010dn\u00edch n\u00e1stroj\u016f. Tom\u00e1\u0161ovou hlavn\u00ed odpov\u011bdnost\u00ed je propojen\u00ed obchodn\u00edch model\u016f s jejich pr\u00e1vn\u00edm \u0159e\u0161en\u00edm, v\u010detn\u011b zaji\u0161t\u011bn\u00ed compliance a dodr\u017eov\u00e1n\u00ed investi\u010dn\u00edch pravidel skupiny Progresus v r\u00e1mci jej\u00ed akvizi\u010dn\u00ed, investi\u010dn\u00ed a finan\u010dn\u00ed \u010dinnosti.<br \/>\nP\u0159ed p\u0159ipojen\u00edm ke skupin\u011b Progresus poskytoval Tom\u00e1\u0161 sv\u00e9 pr\u00e1vn\u00ed slu\u017eby skupin\u011b Progresus a dal\u0161\u00edm klient\u016fm advok\u00e1tn\u00ed kancel\u00e1\u0159e BBH, ve kter\u00e9 Tom\u00e1\u0161 p\u016fsobil na pozici senior advok\u00e1ta. V r\u00e1mci sv\u00e9 pr\u00e1vn\u00ed praxe v BBH Tom\u00e1\u0161 z\u00edskal cenn\u00e9 zku\u0161enosti zejm\u00e9na v oblastech finan\u010dn\u00edch trh\u016f a finan\u010dn\u00ed regulace, M&amp;A a compliance. V\u011bnoval se v\u0161ak tak\u00e9 zastupov\u00e1n\u00ed klient\u016f p\u0159ed soudy, regul\u00e1tory a rozhod\u010d\u00edmi org\u00e1ny.<br \/>\nTom\u00e1\u0161 je advok\u00e1tem zapsan\u00fdm v seznamu advok\u00e1t\u016f veden\u00e9m \u010ceskou advok\u00e1tn\u00ed komorou.<\/p>\n<h2 id=\"zdenka-klapalova\">Zdenka Klapalov\u00e1<\/h2>\n<p><img data-recalc-dims=\"1\" loading=\"lazy\" decoding=\"async\" data-attachment-id=\"1971\" data-permalink=\"https:\/\/turnaround.cz\/restrukturalizacni-forum-2024\/prednasejici\/zdenka-klapalova-_1\/\" data-orig-file=\"https:\/\/i0.wp.com\/turnaround.cz\/restrukturalizacni-forum-2024\/wp-content\/uploads\/sites\/14\/2024\/11\/Zdenka-Klapalova-_1-scaled.jpg?fit=1802%2C2560&amp;ssl=1\" data-orig-size=\"1802,2560\" data-comments-opened=\"0\" data-image-meta=\"{&quot;aperture&quot;:&quot;1.8&quot;,&quot;credit&quot;:&quot;&quot;,&quot;camera&quot;:&quot;NIKON D750&quot;,&quot;caption&quot;:&quot;&quot;,&quot;created_timestamp&quot;:&quot;1625746826&quot;,&quot;copyright&quot;:&quot;&quot;,&quot;focal_length&quot;:&quot;50&quot;,&quot;iso&quot;:&quot;200&quot;,&quot;shutter_speed&quot;:&quot;0.001&quot;,&quot;title&quot;:&quot;&quot;,&quot;orientation&quot;:&quot;0&quot;}\" data-image-title=\"Zdenka Klapalov\u00e1 _1\" data-image-description=\"\" data-image-caption=\"\" data-medium-file=\"https:\/\/i0.wp.com\/turnaround.cz\/restrukturalizacni-forum-2024\/wp-content\/uploads\/sites\/14\/2024\/11\/Zdenka-Klapalova-_1-scaled.jpg?fit=211%2C300&amp;ssl=1\" data-large-file=\"https:\/\/i0.wp.com\/turnaround.cz\/restrukturalizacni-forum-2024\/wp-content\/uploads\/sites\/14\/2024\/11\/Zdenka-Klapalova-_1-scaled.jpg?fit=680%2C966&amp;ssl=1\" class=\"size-medium wp-image-1971 alignleft\" src=\"https:\/\/i0.wp.com\/turnaround.cz\/restrukturalizacni-forum-2024\/wp-content\/uploads\/sites\/14\/2024\/11\/Zdenka-Klapalova-_1.jpg?resize=211%2C300&#038;ssl=1\" alt=\"\" width=\"211\" height=\"300\" srcset=\"https:\/\/i0.wp.com\/turnaround.cz\/restrukturalizacni-forum-2024\/wp-content\/uploads\/sites\/14\/2024\/11\/Zdenka-Klapalova-_1-scaled.jpg?resize=211%2C300&amp;ssl=1 211w, https:\/\/i0.wp.com\/turnaround.cz\/restrukturalizacni-forum-2024\/wp-content\/uploads\/sites\/14\/2024\/11\/Zdenka-Klapalova-_1-scaled.jpg?resize=721%2C1024&amp;ssl=1 721w, https:\/\/i0.wp.com\/turnaround.cz\/restrukturalizacni-forum-2024\/wp-content\/uploads\/sites\/14\/2024\/11\/Zdenka-Klapalova-_1-scaled.jpg?resize=768%2C1091&amp;ssl=1 768w, https:\/\/i0.wp.com\/turnaround.cz\/restrukturalizacni-forum-2024\/wp-content\/uploads\/sites\/14\/2024\/11\/Zdenka-Klapalova-_1-scaled.jpg?resize=1081%2C1536&amp;ssl=1 1081w, https:\/\/i0.wp.com\/turnaround.cz\/restrukturalizacni-forum-2024\/wp-content\/uploads\/sites\/14\/2024\/11\/Zdenka-Klapalova-_1-scaled.jpg?resize=1442%2C2048&amp;ssl=1 1442w, https:\/\/i0.wp.com\/turnaround.cz\/restrukturalizacni-forum-2024\/wp-content\/uploads\/sites\/14\/2024\/11\/Zdenka-Klapalova-_1-scaled.jpg?w=1802&amp;ssl=1 1802w, https:\/\/i0.wp.com\/turnaround.cz\/restrukturalizacni-forum-2024\/wp-content\/uploads\/sites\/14\/2024\/11\/Zdenka-Klapalova-_1-scaled.jpg?w=1360&amp;ssl=1 1360w\" sizes=\"auto, (max-width: 211px) 100vw, 211px\" \/>Zdenka Klapalov\u00e1 je od roku 2001 jednatelkou a \u0159editelkou \u010desk\u00e9 pobo\u010dky realitn\u00ed a poradensk\u00e9 agentury Knight Frank.<\/p>\n<p>Je tak\u00e9 prezidentkou Asociace pro rozvoj trhu nemovitost\u00ed. Jako \u010dlenka profesn\u00edho sdru\u017een\u00ed RICS (Royal Institution of Chartered Surveyors) se pod\u00edl\u00ed na dodr\u017eov\u00e1n\u00ed nejvy\u0161\u0161\u00edch profesn\u00edch standard\u016f v oboru.<\/p>\n<p>Krom\u011b toho je aktivn\u00ed \u010dlenkou Centra restrukturalizace a insolvence Harryho Pollaka, kde se v\u011bnuje problematice restrukturalizace firem. Jej\u00ed \u0161irok\u00fd z\u00e1b\u011br aktivit a profesn\u00ed anga\u017eovanost ji \u0159ad\u00ed mezi nejv\u00fdznamn\u011bj\u0161\u00ed l\u00eddry v oblasti nemovitost\u00ed v \u010cesk\u00e9 republice<\/p>\n<h2 id=\"lenka-kostrounova\">Lenka Kostrounov\u00e1<\/h2>\n<p><img data-recalc-dims=\"1\" loading=\"lazy\" decoding=\"async\" data-attachment-id=\"1956\" data-permalink=\"https:\/\/turnaround.cz\/restrukturalizacni-forum-2024\/prednasejici\/kostrounova-lenka\/\" data-orig-file=\"https:\/\/i0.wp.com\/turnaround.cz\/restrukturalizacni-forum-2024\/wp-content\/uploads\/sites\/14\/2024\/11\/Kostrounova-Lenka.jpg?fit=2047%2C2047&amp;ssl=1\" data-orig-size=\"2047,2047\" data-comments-opened=\"0\" data-image-meta=\"{&quot;aperture&quot;:&quot;0&quot;,&quot;credit&quot;:&quot;&quot;,&quot;camera&quot;:&quot;&quot;,&quot;caption&quot;:&quot;&quot;,&quot;created_timestamp&quot;:&quot;0&quot;,&quot;copyright&quot;:&quot;&quot;,&quot;focal_length&quot;:&quot;0&quot;,&quot;iso&quot;:&quot;0&quot;,&quot;shutter_speed&quot;:&quot;0&quot;,&quot;title&quot;:&quot;&quot;,&quot;orientation&quot;:&quot;0&quot;}\" data-image-title=\"Kostrounov\u00e1 Lenka\" data-image-description=\"\" data-image-caption=\"\" data-medium-file=\"https:\/\/i0.wp.com\/turnaround.cz\/restrukturalizacni-forum-2024\/wp-content\/uploads\/sites\/14\/2024\/11\/Kostrounova-Lenka.jpg?fit=300%2C300&amp;ssl=1\" data-large-file=\"https:\/\/i0.wp.com\/turnaround.cz\/restrukturalizacni-forum-2024\/wp-content\/uploads\/sites\/14\/2024\/11\/Kostrounova-Lenka.jpg?fit=680%2C680&amp;ssl=1\" class=\" wp-image-1956 alignright\" src=\"https:\/\/i0.wp.com\/turnaround.cz\/restrukturalizacni-forum-2024\/wp-content\/uploads\/sites\/14\/2024\/11\/Kostrounova-Lenka.jpg?resize=241%2C241&#038;ssl=1\" alt=\"\" width=\"241\" height=\"241\" srcset=\"https:\/\/i0.wp.com\/turnaround.cz\/restrukturalizacni-forum-2024\/wp-content\/uploads\/sites\/14\/2024\/11\/Kostrounova-Lenka.jpg?resize=300%2C300&amp;ssl=1 300w, https:\/\/i0.wp.com\/turnaround.cz\/restrukturalizacni-forum-2024\/wp-content\/uploads\/sites\/14\/2024\/11\/Kostrounova-Lenka.jpg?resize=1024%2C1024&amp;ssl=1 1024w, https:\/\/i0.wp.com\/turnaround.cz\/restrukturalizacni-forum-2024\/wp-content\/uploads\/sites\/14\/2024\/11\/Kostrounova-Lenka.jpg?resize=150%2C150&amp;ssl=1 150w, https:\/\/i0.wp.com\/turnaround.cz\/restrukturalizacni-forum-2024\/wp-content\/uploads\/sites\/14\/2024\/11\/Kostrounova-Lenka.jpg?resize=768%2C768&amp;ssl=1 768w, https:\/\/i0.wp.com\/turnaround.cz\/restrukturalizacni-forum-2024\/wp-content\/uploads\/sites\/14\/2024\/11\/Kostrounova-Lenka.jpg?resize=1536%2C1536&amp;ssl=1 1536w, https:\/\/i0.wp.com\/turnaround.cz\/restrukturalizacni-forum-2024\/wp-content\/uploads\/sites\/14\/2024\/11\/Kostrounova-Lenka.jpg?resize=125%2C125&amp;ssl=1 125w, https:\/\/i0.wp.com\/turnaround.cz\/restrukturalizacni-forum-2024\/wp-content\/uploads\/sites\/14\/2024\/11\/Kostrounova-Lenka.jpg?w=2047&amp;ssl=1 2047w, https:\/\/i0.wp.com\/turnaround.cz\/restrukturalizacni-forum-2024\/wp-content\/uploads\/sites\/14\/2024\/11\/Kostrounova-Lenka.jpg?w=1360&amp;ssl=1 1360w\" sizes=\"auto, (max-width: 241px) 100vw, 241px\" \/>Lenka Kostrounov\u00e1 je odbornic\u00ed na financov\u00e1n\u00ed nemovitost\u00ed s v\u00edce jak 20 lety zku\u0161enost\u00ed se strukturov\u00e1n\u00edm financov\u00e1n\u00ed nemovitostn\u00edch transakc\u00ed v \u010cSOB. Objem poskytnut\u00fdch \u00fav\u011br\u016f p\u0159esahuje ekvivalent n\u011bkolika miliard eur. Je \u010dlenkou p\u0159edstavenstva Asociace pro rozvoj nemovitost\u00ed a krom\u011b kurz\u016f Development nemovitost\u00ed taky lektorkou MBA v oblasti nemovitost\u00ed (MBARE) na V\u0160E.<\/p>\n<h2><\/h2>\n<h2 id=\"michal-kudej\">Michal Kud\u011bj<\/h2>\n<p><img data-recalc-dims=\"1\" loading=\"lazy\" decoding=\"async\" data-attachment-id=\"2009\" data-permalink=\"https:\/\/turnaround.cz\/restrukturalizacni-forum-2024\/prednasejici\/michal-kudej\/\" data-orig-file=\"https:\/\/i0.wp.com\/turnaround.cz\/restrukturalizacni-forum-2024\/wp-content\/uploads\/sites\/14\/2024\/11\/Michal-Kudej.jpg?fit=1072%2C1653&amp;ssl=1\" data-orig-size=\"1072,1653\" data-comments-opened=\"0\" data-image-meta=\"{&quot;aperture&quot;:&quot;7.1&quot;,&quot;credit&quot;:&quot;&quot;,&quot;camera&quot;:&quot;NIKON D850&quot;,&quot;caption&quot;:&quot;&quot;,&quot;created_timestamp&quot;:&quot;1623932315&quot;,&quot;copyright&quot;:&quot;&quot;,&quot;focal_length&quot;:&quot;112&quot;,&quot;iso&quot;:&quot;100&quot;,&quot;shutter_speed&quot;:&quot;0.00625&quot;,&quot;title&quot;:&quot;&quot;,&quot;orientation&quot;:&quot;0&quot;}\" data-image-title=\"Michal Kud\u011bj\" data-image-description=\"\" data-image-caption=\"\" data-medium-file=\"https:\/\/i0.wp.com\/turnaround.cz\/restrukturalizacni-forum-2024\/wp-content\/uploads\/sites\/14\/2024\/11\/Michal-Kudej.jpg?fit=195%2C300&amp;ssl=1\" data-large-file=\"https:\/\/i0.wp.com\/turnaround.cz\/restrukturalizacni-forum-2024\/wp-content\/uploads\/sites\/14\/2024\/11\/Michal-Kudej.jpg?fit=664%2C1024&amp;ssl=1\" class=\"size-medium wp-image-2009 alignleft\" src=\"https:\/\/i0.wp.com\/turnaround.cz\/restrukturalizacni-forum-2024\/wp-content\/uploads\/sites\/14\/2024\/11\/Michal-Kudej.jpg?resize=195%2C300&#038;ssl=1\" alt=\"\" width=\"195\" height=\"300\" srcset=\"https:\/\/i0.wp.com\/turnaround.cz\/restrukturalizacni-forum-2024\/wp-content\/uploads\/sites\/14\/2024\/11\/Michal-Kudej.jpg?resize=195%2C300&amp;ssl=1 195w, https:\/\/i0.wp.com\/turnaround.cz\/restrukturalizacni-forum-2024\/wp-content\/uploads\/sites\/14\/2024\/11\/Michal-Kudej.jpg?resize=664%2C1024&amp;ssl=1 664w, https:\/\/i0.wp.com\/turnaround.cz\/restrukturalizacni-forum-2024\/wp-content\/uploads\/sites\/14\/2024\/11\/Michal-Kudej.jpg?resize=768%2C1184&amp;ssl=1 768w, https:\/\/i0.wp.com\/turnaround.cz\/restrukturalizacni-forum-2024\/wp-content\/uploads\/sites\/14\/2024\/11\/Michal-Kudej.jpg?resize=996%2C1536&amp;ssl=1 996w, https:\/\/i0.wp.com\/turnaround.cz\/restrukturalizacni-forum-2024\/wp-content\/uploads\/sites\/14\/2024\/11\/Michal-Kudej.jpg?w=1072&amp;ssl=1 1072w\" sizes=\"auto, (max-width: 195px) 100vw, 195px\" \/>Absolvent Vysok\u00e9 \u0161koly ekonomick\u00e9 v Praze, kde z\u00edskal jak in\u017een\u00fdrsk\u00fd, tak doktorsk\u00fd titul. V praxi se specializuje na firemn\u00ed finance a restrukturaliza\u010dn\u00ed procesy. V minulosti p\u016fsobil jako konzultant v oblasti firemn\u00edch financ\u00ed, f\u00faz\u00ed, akvizic a dal\u0161\u00edch podnikov\u00fdch kombinaci, v\u011bnoval se tak\u00e9 obchodovan\u00ed na kapit\u00e1lov\u00e9m trhu a investic\u00edm do nov\u00fdch projekt\u016f. Je zakl\u00e1daj\u00edc\u00edm partnerem poradensk\u00e9 spole\u010dnosti TARPAN Partners, kde p\u016fsob\u00ed od roku 2010. Od roku 2016 p\u016fsob\u00ed tak\u00e9 na Fakult\u011b podnikohospod\u00e1\u0159sk\u00e9 Vysok\u00e9 \u0161koly ekonomick\u00e9 v Praze, kde je \u010dlenem v\u011bdeck\u00e9 rady Centra restrukturalizace a insolvence Harryho Pollaka a odborn\u00fdm asistentem na kated\u0159e strategie, kde se v\u011bnuje v\u00fduce v oblasti firemn\u00edch financ\u00ed, due diligence a anal\u00fdzy rizika. Od roku 2017 p\u016fsob\u00ed tak\u00e9 jako zku\u0161ebn\u00ed komisa\u0159 pro zkou\u0161ky zvl\u00e1\u0161tn\u00edch insolven\u010dn\u00edch spr\u00e1vc\u016f. Je \u010dlenem expertn\u00ed pracovn\u00ed skupiny S22 \u2013 poradn\u00edho org\u00e1nu ministra spravedlnosti pro insolven\u010dn\u00ed pr\u00e1vo a byl \u010dlenem expertn\u00ed pracovn\u00ed skupiny ministerstva spravedlnosti pro transpozici evropsk\u00e9 sm\u011brnice o preventivn\u00ed restrukturalizaci do n\u00e1rodn\u00ed pr\u00e1vn\u00ed \u00fapravy. Je autorem \u0159ady odborn\u00fdch publikaci.<\/p>\n<h2 id=\"lukas-lhotak\">Luk\u00e1\u0161 Lhot\u00e1k<\/h2>\n<img data-recalc-dims=\"1\" loading=\"lazy\" decoding=\"async\" class=\"wp-post-image alignleft\" src=\"https:\/\/i0.wp.com\/turnaround.cz\/restrukturalizacni-forum-2024\/wp-content\/uploads\/sites\/14\/2024\/11\/Lukas-Lhota_bw_flipped.jpg?resize=227%2C274&#038;ssl=1\" width=\"227\" height=\"274\" \/>\n<p>Luk\u00e1\u0161 Lhot\u00e1k pracuje des\u00e1t\u00fdm rokem v Exportn\u00ed garan\u010dn\u00ed a poji\u0161\u0165ovac\u00ed spole\u010dnosti (EGAP) jako mana\u017eer v odd\u011blen\u00ed vym\u00e1h\u00e1n\u00ed pohled\u00e1vek.<\/p>\n<p>V oboru pohled\u00e1vek za\u010dal p\u016fsobit od roku 2001 ve spole\u010dnosti HS Inkaso, kter\u00e1 se specializovala na odkupy soubor\u016f exeku\u010dn\u00edch titul\u016f zejm\u00e9na z leasingov\u00fdch smluv.<\/p>\n<p>Od roku 2010 spolupracoval s Martinem Voh\u00e1nkou, kdy zalo\u017eil ve spole\u010dnosti EUROWAG syst\u00e9m poji\u0161t\u011bn\u00ed pohled\u00e1vek a cel\u00e9 odd\u011blen\u00ed workout, kde \u0159e\u0161il defaultn\u00ed p\u0159\u00edpady v regionu st\u0159edn\u00ed a v\u00fdchodn\u00ed Evropy.<\/p>\n<p>V EGAPu se od roku 2015 zab\u00fdv\u00e1 vym\u00e1h\u00e1n\u00edm pohled\u00e1vek zejm\u00e9na v postsov\u011btsk\u00e9m prostoru, kde se mu poda\u0159ilo mimo jin\u00fdch vy\u0159e\u0161it pohled\u00e1vky vznikl\u00e9 z pojistn\u00fdch ud\u00e1lost\u00ed automobilek na Ukrajin\u011b nebo v Kazachst\u00e1nu, paroplynov\u00e9 turb\u00edny v Polsku nebo farmaceutick\u00e9ho z\u00e1vodu v Petrohrad\u011b.<\/p>\n<p>S EGAPem nov\u011b poskytovan\u00fdmi z\u00e1rukami za bankovn\u00ed \u00fav\u011bry se soust\u0159e\u010fuje i na problematiku insolvenc\u00edch v \u010cR, kde \u0159e\u0161il nap\u0159\u00edklad p\u0159\u00edpad Vitrablok a zejm\u00e9na Liberty Ostrava, kter\u00e1 je moment\u00e1ln\u011b nejsledovan\u011bj\u0161\u00edm insolven\u010dn\u00edm p\u0159\u00edpadem.<\/p>\n<p>Luk\u00e1\u0161 je \u010dlenem Turnaround management association od roku 2018.<\/p>\n<h2 id=\"lee-louda\" class=\"h2 entry-title\">Lee Louda<\/h2>\n<p><img data-recalc-dims=\"1\" loading=\"lazy\" decoding=\"async\" data-attachment-id=\"1910\" data-permalink=\"https:\/\/turnaround.cz\/restrukturalizacni-forum-2024\/prednasejici\/lee-louda-08_bw_flipped\/\" data-orig-file=\"https:\/\/i0.wp.com\/turnaround.cz\/restrukturalizacni-forum-2024\/wp-content\/uploads\/sites\/14\/2024\/11\/lee-louda-08_bw_flipped.jpg?fit=667%2C1000&amp;ssl=1\" data-orig-size=\"667,1000\" data-comments-opened=\"0\" data-image-meta=\"{&quot;aperture&quot;:&quot;0&quot;,&quot;credit&quot;:&quot;&quot;,&quot;camera&quot;:&quot;&quot;,&quot;caption&quot;:&quot;&quot;,&quot;created_timestamp&quot;:&quot;0&quot;,&quot;copyright&quot;:&quot;&quot;,&quot;focal_length&quot;:&quot;0&quot;,&quot;iso&quot;:&quot;0&quot;,&quot;shutter_speed&quot;:&quot;0&quot;,&quot;title&quot;:&quot;&quot;,&quot;orientation&quot;:&quot;0&quot;}\" data-image-title=\"lee-louda-08_bw_flipped\" data-image-description=\"\" data-image-caption=\"\" data-medium-file=\"https:\/\/i0.wp.com\/turnaround.cz\/restrukturalizacni-forum-2024\/wp-content\/uploads\/sites\/14\/2024\/11\/lee-louda-08_bw_flipped.jpg?fit=200%2C300&amp;ssl=1\" data-large-file=\"https:\/\/i0.wp.com\/turnaround.cz\/restrukturalizacni-forum-2024\/wp-content\/uploads\/sites\/14\/2024\/11\/lee-louda-08_bw_flipped.jpg?fit=667%2C1000&amp;ssl=1\" class=\" wp-image-1910 alignright\" src=\"https:\/\/i0.wp.com\/turnaround.cz\/restrukturalizacni-forum-2024\/wp-content\/uploads\/sites\/14\/2024\/11\/lee-louda-08_bw_flipped.jpg?resize=235%2C353&#038;ssl=1\" alt=\"\" width=\"235\" height=\"353\" srcset=\"https:\/\/i0.wp.com\/turnaround.cz\/restrukturalizacni-forum-2024\/wp-content\/uploads\/sites\/14\/2024\/11\/lee-louda-08_bw_flipped.jpg?resize=200%2C300&amp;ssl=1 200w, https:\/\/i0.wp.com\/turnaround.cz\/restrukturalizacni-forum-2024\/wp-content\/uploads\/sites\/14\/2024\/11\/lee-louda-08_bw_flipped.jpg?w=667&amp;ssl=1 667w\" sizes=\"auto, (max-width: 235px) 100vw, 235px\" \/>Lee Louda je insolven\u010dn\u00edm spr\u00e1vcem se zvl\u00e1\u0161tn\u00edm povolen\u00edm. Absolvent Fakulty strojn\u00edho in\u017een\u00fdrstv\u00ed \u010cesk\u00e9ho vysok\u00e9ho u\u010den\u00ed technick\u00e9ho. Od roku 1994 zast\u00e1val \u0159adu funkc\u00ed v ekonomick\u00e9 oblasti, byl licencovan\u00fdm burzovn\u00edm makl\u00e9\u0159em, portfolio mana\u017eerem, nucen\u00fdm spr\u00e1vcem a likvid\u00e1torem subjekt\u016f finan\u010dn\u00edho trhu, absolventem Institutu oce\u0148ov\u00e1n\u00ed majetku p\u0159i V\u0160E, zab\u00fdval se krizov\u00fdm \u0159\u00edzen\u00edm a od roku 2004 i spr\u00e1vou konkursn\u00edch podstat. V r\u00e1mci zaveden\u00ed insolven\u010dn\u00edho z\u00e1kona od roku 2008 absolvoval p\u0159\u00edslu\u0161n\u00e9 zkou\u0161ky a z\u00edskal ob\u011b licence pro insolven\u010dn\u00ed spr\u00e1vu. Od roku 2008 tak\u00e9 aktivn\u011b p\u016fsob\u00ed p\u0159i V\u0160E jako p\u0159edn\u00e1\u0161ej\u00edc\u00ed a pod\u00edl\u00ed se na tematick\u00fdch a mezin\u00e1rodn\u00edch konferenc\u00edch v r\u00e1mci v\u00fdzkumu insolvence a v oblasti restrukturalizace a z\u00e1niku podniku. V roce 2012 obdr\u017eel v Madridu evropsk\u00e9 ocen\u011bn\u00ed Turnaround Management Association za koncernovou p\u0159eshrani\u010dn\u00ed reorganizaci Kord Group pro oblast velk\u00fdch korporac\u00ed. Od roku 2016 p\u016fsob\u00ed jako insolven\u010dn\u00ed spr\u00e1vce v\u00fdznamn\u00e9 t\u011b\u017ea\u0159sk\u00e9 spole\u010dnosti OKD, a.s. V roce 2018 na V\u0160E dokon\u010dil doktorandsk\u00e9 studium. V sou\u010dasnosti vede akademick\u00e9 pracovi\u0161t\u011b Centrum restrukturalizace a insolvence Harryho Pollaka p\u0159i V\u0160E. Od roku 2019 \u010dlen expertn\u00ed pracovn\u00ed skupiny Ministerstva spravedlnosti k transpozici sm\u011brnice o restrukturalizaci a insolvenci a k p\u0159\u00edprav\u011b z\u00e1kon\u016f Lex Covid I a Lex Covid II. Od roku 2021 je insolven\u010dn\u00edm spr\u00e1vcem evropsky v\u00fdznamn\u00e9ho p\u0159\u00edpadu p\u0159eshrani\u010dn\u00edho holdingu Arca Investments a.s., \u010d\u00edtaj\u00edc\u00edho v\u00edce jak 225 obchodn\u00edch korporac\u00ed. Od roku 2022 je poradcem ministra spravedlnosti a \u010dlenem expertn\u00ed pracovn\u00ed skupiny pro insolven\u010dn\u00ed pr\u00e1vo, z\u0159\u00edzen\u00e9 p\u0159i Ministerstvu spravedlnosti. \u010clen TMA.<\/p>\n<h2 id=\"michal-maly\" class=\"h2 entry-title\">Michal Mal\u00fd<\/h2>\n<p><img data-recalc-dims=\"1\" loading=\"lazy\" decoding=\"async\" data-attachment-id=\"1927\" data-permalink=\"https:\/\/turnaround.cz\/restrukturalizacni-forum-2024\/prednasejici\/maly-michal\/\" data-orig-file=\"https:\/\/i0.wp.com\/turnaround.cz\/restrukturalizacni-forum-2024\/wp-content\/uploads\/sites\/14\/2024\/11\/MALY-MICHAL.jpg?fit=1191%2C1552&amp;ssl=1\" data-orig-size=\"1191,1552\" data-comments-opened=\"0\" data-image-meta=\"{&quot;aperture&quot;:&quot;0&quot;,&quot;credit&quot;:&quot;&quot;,&quot;camera&quot;:&quot;&quot;,&quot;caption&quot;:&quot;&quot;,&quot;created_timestamp&quot;:&quot;0&quot;,&quot;copyright&quot;:&quot;&quot;,&quot;focal_length&quot;:&quot;0&quot;,&quot;iso&quot;:&quot;0&quot;,&quot;shutter_speed&quot;:&quot;0&quot;,&quot;title&quot;:&quot;&quot;,&quot;orientation&quot;:&quot;0&quot;}\" data-image-title=\"MAL\u00dd MICHAL\" data-image-description=\"\" data-image-caption=\"\" data-medium-file=\"https:\/\/i0.wp.com\/turnaround.cz\/restrukturalizacni-forum-2024\/wp-content\/uploads\/sites\/14\/2024\/11\/MALY-MICHAL.jpg?fit=230%2C300&amp;ssl=1\" data-large-file=\"https:\/\/i0.wp.com\/turnaround.cz\/restrukturalizacni-forum-2024\/wp-content\/uploads\/sites\/14\/2024\/11\/MALY-MICHAL.jpg?fit=680%2C886&amp;ssl=1\" class=\"size-medium wp-image-1927 alignleft\" src=\"https:\/\/i0.wp.com\/turnaround.cz\/restrukturalizacni-forum-2024\/wp-content\/uploads\/sites\/14\/2024\/11\/MALY-MICHAL.jpg?resize=230%2C300&#038;ssl=1\" alt=\"\" width=\"230\" height=\"300\" srcset=\"https:\/\/i0.wp.com\/turnaround.cz\/restrukturalizacni-forum-2024\/wp-content\/uploads\/sites\/14\/2024\/11\/MALY-MICHAL.jpg?resize=230%2C300&amp;ssl=1 230w, https:\/\/i0.wp.com\/turnaround.cz\/restrukturalizacni-forum-2024\/wp-content\/uploads\/sites\/14\/2024\/11\/MALY-MICHAL.jpg?resize=786%2C1024&amp;ssl=1 786w, https:\/\/i0.wp.com\/turnaround.cz\/restrukturalizacni-forum-2024\/wp-content\/uploads\/sites\/14\/2024\/11\/MALY-MICHAL.jpg?resize=768%2C1001&amp;ssl=1 768w, https:\/\/i0.wp.com\/turnaround.cz\/restrukturalizacni-forum-2024\/wp-content\/uploads\/sites\/14\/2024\/11\/MALY-MICHAL.jpg?resize=1179%2C1536&amp;ssl=1 1179w, https:\/\/i0.wp.com\/turnaround.cz\/restrukturalizacni-forum-2024\/wp-content\/uploads\/sites\/14\/2024\/11\/MALY-MICHAL.jpg?w=1191&amp;ssl=1 1191w\" sizes=\"auto, (max-width: 230px) 100vw, 230px\" \/>Michal Mal\u00fd p\u016fsob\u00ed jako senior mana\u017eer ve spole\u010dnosti PricewaterhouseCoopers \u010cesk\u00e1 republika v odd\u011blen\u00ed restrukturalizac\u00ed v r\u00e1mci regionu st\u0159edn\u00ed a v\u00fdchodn\u00ed Evropy.<\/p>\n<p>Michal m\u00e1 zku\u0161enosti v poradenstv\u00ed v oblasti restrukturalizac\u00ed a insolvenc\u00ed, kdy se pod\u00edlel na mnoha v\u00fdznamn\u00fdch projektech zahrnuj\u00edc\u00ed mj. podporu spole\u010dnostem v reorganizaci v\u010d. p\u0159\u00edpravy reorganiza\u010dn\u00edch pl\u00e1n\u016f, finan\u010dn\u00ed restrukturalizace, nez\u00e1visl\u00e1 posouzen\u00ed spole\u010dnost\u00ed, sestavov\u00e1n\u00ed business pl\u00e1n\u016f a \u0159\u00edzen\u00ed cash flow.<\/p>\n<p>Michal m\u00e1 zku\u0161enosti v odv\u011btv\u00edch retailu a e-commerce, pr\u016fmyslov\u00e9 v\u00fdroby a stroj\u00edrenstv\u00ed, chemick\u00e9ho a t\u011b\u017eebn\u00edho pr\u016fmyslu, EPC kontraktor\u016f, dopravn\u00edho a automobilov\u00e9ho pr\u016fmyslu, a to jak v \u010cesku a na Slovensku, tak i v regionu CEE.<\/p>\n<p>Michal je \u010dlenem Turnaround management association jak v \u010cesk\u00e9 republice, tak na Slovensku.<\/p>\n<h2 id=\"simon-petak\">\u0160imon Pet\u00e1k<\/h2>\n<img data-recalc-dims=\"1\" loading=\"lazy\" decoding=\"async\" data-attachment-id=\"1879\" data-permalink=\"https:\/\/turnaround.cz\/restrukturalizacni-forum-2024\/prednasejici\/petak-simon\/\" data-orig-file=\"https:\/\/i0.wp.com\/turnaround.cz\/restrukturalizacni-forum-2024\/wp-content\/uploads\/sites\/14\/2024\/11\/Petak-Simon.jpg?fit=400%2C400&amp;ssl=1\" data-orig-size=\"400,400\" data-comments-opened=\"0\" data-image-meta=\"{&quot;aperture&quot;:&quot;0&quot;,&quot;credit&quot;:&quot;&quot;,&quot;camera&quot;:&quot;&quot;,&quot;caption&quot;:&quot;&quot;,&quot;created_timestamp&quot;:&quot;0&quot;,&quot;copyright&quot;:&quot;&quot;,&quot;focal_length&quot;:&quot;0&quot;,&quot;iso&quot;:&quot;0&quot;,&quot;shutter_speed&quot;:&quot;0&quot;,&quot;title&quot;:&quot;&quot;,&quot;orientation&quot;:&quot;0&quot;}\" data-image-title=\"Pet\u00e1k \u0160imon\" data-image-description=\"\" data-image-caption=\"\" data-medium-file=\"https:\/\/i0.wp.com\/turnaround.cz\/restrukturalizacni-forum-2024\/wp-content\/uploads\/sites\/14\/2024\/11\/Petak-Simon.jpg?fit=300%2C300&amp;ssl=1\" data-large-file=\"https:\/\/i0.wp.com\/turnaround.cz\/restrukturalizacni-forum-2024\/wp-content\/uploads\/sites\/14\/2024\/11\/Petak-Simon.jpg?fit=400%2C400&amp;ssl=1\" class=\"size-medium wp-image-1879 alignright\" src=\"https:\/\/i0.wp.com\/turnaround.cz\/restrukturalizacni-forum-2024\/wp-content\/uploads\/sites\/14\/2024\/11\/Petak-Simon.jpg?resize=300%2C300&#038;ssl=1\" alt=\"\" width=\"300\" height=\"300\" srcset=\"https:\/\/i0.wp.com\/turnaround.cz\/restrukturalizacni-forum-2024\/wp-content\/uploads\/sites\/14\/2024\/11\/Petak-Simon.jpg?resize=300%2C300&amp;ssl=1 300w, https:\/\/i0.wp.com\/turnaround.cz\/restrukturalizacni-forum-2024\/wp-content\/uploads\/sites\/14\/2024\/11\/Petak-Simon.jpg?resize=150%2C150&amp;ssl=1 150w, https:\/\/i0.wp.com\/turnaround.cz\/restrukturalizacni-forum-2024\/wp-content\/uploads\/sites\/14\/2024\/11\/Petak-Simon.jpg?resize=125%2C125&amp;ssl=1 125w, https:\/\/i0.wp.com\/turnaround.cz\/restrukturalizacni-forum-2024\/wp-content\/uploads\/sites\/14\/2024\/11\/Petak-Simon.jpg?w=400&amp;ssl=1 400w\" sizes=\"auto, (max-width: 300px) 100vw, 300px\" \/>\n<p>\u0160imon Pet\u00e1k p\u016fsob\u00ed jako insolven\u010dn\u00ed spr\u00e1vce se zvl\u00e1\u0161tn\u00edm povolen\u00edm, likvid\u00e1tor subjekt\u016f finan\u010dn\u00edho trhu, advok\u00e1t a rozhodce.<\/p>\n<p>V roce 2004 za\u010dal p\u016fsobit v advokacii, v roce 2009 z\u00edskal povolen\u00ed a zvl\u00e1\u0161tn\u00ed povolen\u00ed insolven\u010dn\u00edho spr\u00e1vce a od roku 2014 je spole\u010dn\u00edkem TP Insolvence, v.o.s. V r\u00e1mci advokacie se krom\u011b insolven\u010dn\u00ed problematiky zam\u011b\u0159uje na spornou agendu a hospod\u00e1\u0159sk\u00e9 trestn\u00ed pr\u00e1vo.<\/p>\n<p>Z pozice insolven\u010dn\u00edho spr\u00e1vce \u010di pr\u00e1vn\u00edho poradce \u0159e\u0161\u00ed \u010di \u0159e\u0161il \u0159adu v\u00fdznamn\u00fdch insolven\u010dn\u00edch p\u0159\u00edpad\u016f, aktu\u00e1ln\u011b nejzn\u00e1m\u011bj\u0161\u00edm je Liberty Ostrava a.s.<\/p>\n<p>\u0160imon je \u010dlenem TMA.<\/p>\n<h2 id=\"miroslav-plasil\">Miroslav Pla\u0161il<\/h2>\n<p><img data-recalc-dims=\"1\" loading=\"lazy\" decoding=\"async\" data-attachment-id=\"1961\" data-permalink=\"https:\/\/turnaround.cz\/restrukturalizacni-forum-2024\/prednasejici\/foto_plasil_miroslav_bw-1\/\" data-orig-file=\"https:\/\/i0.wp.com\/turnaround.cz\/restrukturalizacni-forum-2024\/wp-content\/uploads\/sites\/14\/2024\/11\/Foto_Plasil_Miroslav_bw-1.jpg?fit=1653%2C2048&amp;ssl=1\" data-orig-size=\"1653,2048\" data-comments-opened=\"0\" data-image-meta=\"{&quot;aperture&quot;:&quot;0&quot;,&quot;credit&quot;:&quot;&quot;,&quot;camera&quot;:&quot;&quot;,&quot;caption&quot;:&quot;&quot;,&quot;created_timestamp&quot;:&quot;0&quot;,&quot;copyright&quot;:&quot;&quot;,&quot;focal_length&quot;:&quot;0&quot;,&quot;iso&quot;:&quot;0&quot;,&quot;shutter_speed&quot;:&quot;0&quot;,&quot;title&quot;:&quot;&quot;,&quot;orientation&quot;:&quot;0&quot;}\" data-image-title=\"Foto_Plasil_Miroslav_bw (1)\" data-image-description=\"\" data-image-caption=\"\" data-medium-file=\"https:\/\/i0.wp.com\/turnaround.cz\/restrukturalizacni-forum-2024\/wp-content\/uploads\/sites\/14\/2024\/11\/Foto_Plasil_Miroslav_bw-1.jpg?fit=242%2C300&amp;ssl=1\" data-large-file=\"https:\/\/i0.wp.com\/turnaround.cz\/restrukturalizacni-forum-2024\/wp-content\/uploads\/sites\/14\/2024\/11\/Foto_Plasil_Miroslav_bw-1.jpg?fit=680%2C842&amp;ssl=1\" class=\"size-medium wp-image-1961 alignleft\" src=\"https:\/\/i0.wp.com\/turnaround.cz\/restrukturalizacni-forum-2024\/wp-content\/uploads\/sites\/14\/2024\/11\/Foto_Plasil_Miroslav_bw-1.jpg?resize=242%2C300&#038;ssl=1\" alt=\"\" width=\"242\" height=\"300\" srcset=\"https:\/\/i0.wp.com\/turnaround.cz\/restrukturalizacni-forum-2024\/wp-content\/uploads\/sites\/14\/2024\/11\/Foto_Plasil_Miroslav_bw-1.jpg?resize=242%2C300&amp;ssl=1 242w, https:\/\/i0.wp.com\/turnaround.cz\/restrukturalizacni-forum-2024\/wp-content\/uploads\/sites\/14\/2024\/11\/Foto_Plasil_Miroslav_bw-1.jpg?resize=827%2C1024&amp;ssl=1 827w, https:\/\/i0.wp.com\/turnaround.cz\/restrukturalizacni-forum-2024\/wp-content\/uploads\/sites\/14\/2024\/11\/Foto_Plasil_Miroslav_bw-1.jpg?resize=768%2C952&amp;ssl=1 768w, https:\/\/i0.wp.com\/turnaround.cz\/restrukturalizacni-forum-2024\/wp-content\/uploads\/sites\/14\/2024\/11\/Foto_Plasil_Miroslav_bw-1.jpg?resize=1240%2C1536&amp;ssl=1 1240w, https:\/\/i0.wp.com\/turnaround.cz\/restrukturalizacni-forum-2024\/wp-content\/uploads\/sites\/14\/2024\/11\/Foto_Plasil_Miroslav_bw-1.jpg?w=1653&amp;ssl=1 1653w, https:\/\/i0.wp.com\/turnaround.cz\/restrukturalizacni-forum-2024\/wp-content\/uploads\/sites\/14\/2024\/11\/Foto_Plasil_Miroslav_bw-1.jpg?w=1360&amp;ssl=1 1360w\" sizes=\"auto, (max-width: 242px) 100vw, 242px\" \/>\u0158editel odboru makroobez\u0159etnostn\u00edch anal\u00fdz, \u010cNB.<\/p>\n<p>Vyu\u010duj\u00edc\u00ed na V\u0160E v Praze, statistick\u00e9 a ML metody v ekonomii.<\/p>\n<p>\u010clen pracovn\u00ed skupiny AWG ESRB (Analysis Working Group, European Systemic Risk Board).<\/p>\n<p>V\u00fdzkumn\u00edk v oblasti reziden\u010dn\u00edch nemovitost\u00ed<\/p>\n<\/section>\n<section class=\"entry-content cf\">\n<h2 id=\"katerina-pracna\" class=\"h2 entry-title\">Kate\u0159ina Pracn\u00e1<\/h2>\n<p><img data-recalc-dims=\"1\" loading=\"lazy\" decoding=\"async\" data-attachment-id=\"2000\" data-permalink=\"https:\/\/turnaround.cz\/restrukturalizacni-forum-2024\/prednasejici\/pracna_katerina\/\" data-orig-file=\"https:\/\/i0.wp.com\/turnaround.cz\/restrukturalizacni-forum-2024\/wp-content\/uploads\/sites\/14\/2024\/11\/pracna_katerina.jpg?fit=2048%2C1700&amp;ssl=1\" data-orig-size=\"2048,1700\" data-comments-opened=\"0\" data-image-meta=\"{&quot;aperture&quot;:&quot;0&quot;,&quot;credit&quot;:&quot;&quot;,&quot;camera&quot;:&quot;&quot;,&quot;caption&quot;:&quot;&quot;,&quot;created_timestamp&quot;:&quot;0&quot;,&quot;copyright&quot;:&quot;&quot;,&quot;focal_length&quot;:&quot;0&quot;,&quot;iso&quot;:&quot;0&quot;,&quot;shutter_speed&quot;:&quot;0&quot;,&quot;title&quot;:&quot;&quot;,&quot;orientation&quot;:&quot;0&quot;}\" data-image-title=\"pracna_katerina\" data-image-description=\"\" data-image-caption=\"\" data-medium-file=\"https:\/\/i0.wp.com\/turnaround.cz\/restrukturalizacni-forum-2024\/wp-content\/uploads\/sites\/14\/2024\/11\/pracna_katerina.jpg?fit=300%2C249&amp;ssl=1\" data-large-file=\"https:\/\/i0.wp.com\/turnaround.cz\/restrukturalizacni-forum-2024\/wp-content\/uploads\/sites\/14\/2024\/11\/pracna_katerina.jpg?fit=680%2C564&amp;ssl=1\" class=\"size-medium wp-image-2000 alignright\" src=\"https:\/\/i0.wp.com\/turnaround.cz\/restrukturalizacni-forum-2024\/wp-content\/uploads\/sites\/14\/2024\/11\/pracna_katerina.jpg?resize=300%2C249&#038;ssl=1\" alt=\"\" width=\"300\" height=\"249\" srcset=\"https:\/\/i0.wp.com\/turnaround.cz\/restrukturalizacni-forum-2024\/wp-content\/uploads\/sites\/14\/2024\/11\/pracna_katerina.jpg?resize=300%2C249&amp;ssl=1 300w, https:\/\/i0.wp.com\/turnaround.cz\/restrukturalizacni-forum-2024\/wp-content\/uploads\/sites\/14\/2024\/11\/pracna_katerina.jpg?resize=1024%2C850&amp;ssl=1 1024w, https:\/\/i0.wp.com\/turnaround.cz\/restrukturalizacni-forum-2024\/wp-content\/uploads\/sites\/14\/2024\/11\/pracna_katerina.jpg?resize=768%2C638&amp;ssl=1 768w, https:\/\/i0.wp.com\/turnaround.cz\/restrukturalizacni-forum-2024\/wp-content\/uploads\/sites\/14\/2024\/11\/pracna_katerina.jpg?resize=1536%2C1275&amp;ssl=1 1536w, https:\/\/i0.wp.com\/turnaround.cz\/restrukturalizacni-forum-2024\/wp-content\/uploads\/sites\/14\/2024\/11\/pracna_katerina.jpg?w=2048&amp;ssl=1 2048w, https:\/\/i0.wp.com\/turnaround.cz\/restrukturalizacni-forum-2024\/wp-content\/uploads\/sites\/14\/2024\/11\/pracna_katerina.jpg?w=1360&amp;ssl=1 1360w\" sizes=\"auto, (max-width: 300px) 100vw, 300px\" \/>Kate\u0159ina Pracn\u00e1 je seniorn\u00ed advok\u00e1tka a insolven\u010dn\u00ed spr\u00e1vkyn\u011b. Specializuje se na insolvence, restrukturalizace a sporovou agendu. Kate\u0159ina je absolventkou Pr\u00e1vnick\u00e9 fakulty Univerzity Karlovy v Praze a Podnikohospod\u00e1\u0159sk\u00e9 fakulty Vysok\u00e9 \u0161koly ekonomick\u00e9 v Praze. Insolvenc\u00edm a restrukturalizac\u00edm se v\u011bnuje p\u0159es 10 let, b\u011bhem ni\u017e se pod\u00edlela na mand\u00e1tech pro v\u011b\u0159itele, dlu\u017en\u00edky, investory i insolven\u010dn\u00ed spr\u00e1vce.<\/p>\n<h2 id=\"tomas-richter\">Tom\u00e1\u0161 Richter<\/h2>\n<p><img data-recalc-dims=\"1\" loading=\"lazy\" decoding=\"async\" data-attachment-id=\"2001\" data-permalink=\"https:\/\/turnaround.cz\/restrukturalizacni-forum-2024\/prednasejici\/richter\/\" data-orig-file=\"https:\/\/i0.wp.com\/turnaround.cz\/restrukturalizacni-forum-2024\/wp-content\/uploads\/sites\/14\/2024\/11\/richter.png?fit=340%2C527&amp;ssl=1\" data-orig-size=\"340,527\" data-comments-opened=\"0\" data-image-meta=\"{&quot;aperture&quot;:&quot;0&quot;,&quot;credit&quot;:&quot;&quot;,&quot;camera&quot;:&quot;&quot;,&quot;caption&quot;:&quot;&quot;,&quot;created_timestamp&quot;:&quot;0&quot;,&quot;copyright&quot;:&quot;&quot;,&quot;focal_length&quot;:&quot;0&quot;,&quot;iso&quot;:&quot;0&quot;,&quot;shutter_speed&quot;:&quot;0&quot;,&quot;title&quot;:&quot;&quot;,&quot;orientation&quot;:&quot;0&quot;}\" data-image-title=\"richter\" data-image-description=\"\" data-image-caption=\"\" data-medium-file=\"https:\/\/i0.wp.com\/turnaround.cz\/restrukturalizacni-forum-2024\/wp-content\/uploads\/sites\/14\/2024\/11\/richter.png?fit=194%2C300&amp;ssl=1\" data-large-file=\"https:\/\/i0.wp.com\/turnaround.cz\/restrukturalizacni-forum-2024\/wp-content\/uploads\/sites\/14\/2024\/11\/richter.png?fit=340%2C527&amp;ssl=1\" class=\"size-medium wp-image-2001 alignleft\" src=\"https:\/\/i0.wp.com\/turnaround.cz\/restrukturalizacni-forum-2024\/wp-content\/uploads\/sites\/14\/2024\/11\/richter.png?resize=194%2C300&#038;ssl=1\" alt=\"\" width=\"194\" height=\"300\" srcset=\"https:\/\/i0.wp.com\/turnaround.cz\/restrukturalizacni-forum-2024\/wp-content\/uploads\/sites\/14\/2024\/11\/richter.png?resize=194%2C300&amp;ssl=1 194w, https:\/\/i0.wp.com\/turnaround.cz\/restrukturalizacni-forum-2024\/wp-content\/uploads\/sites\/14\/2024\/11\/richter.png?w=340&amp;ssl=1 340w\" sizes=\"auto, (max-width: 194px) 100vw, 194px\" \/>Tom\u00e1\u0161 Richter je advok\u00e1t v advok\u00e1tn\u00ed kancel\u00e1\u0159i J\u0160K v Praze. Je docentem obchodn\u00edho pr\u00e1va, v letech 2011 a\u017e 2014 byl profesorem na nizozemsk\u00e9 Radboud University Nijmegen, kde byl dr\u017eitelem Chair in Cross-Border Corporate Insolvency Law. Je zakl\u00e1daj\u00edc\u00edm \u010dlenem \u010desk\u00e9 pobo\u010dky Turnaround Management Association. Od roku 2015 je \u010dlenem International Insolvency Institute, kde byl v letech 2019 a\u017e 2023 \u010dlenem p\u0159edstavenstva. V letech 2020-2023 byl p\u0159edsedou Akademick\u00e9ho f\u00f3ra INSOL Europe, a v INSOL Europe je nad\u00e1le \u010destn\u00fdm rady. Je tak\u00e9 \u010dlenem CERIL, a \u010dlenem v\u011bdeck\u00e9 rady Centra restrukturalizace a insolvence Harryho Pollaka na V\u0160E v Praze. Od roku 2004 je rozhodcem.<\/p>\n<header class=\"entry-header article-header\">\n<h2 id=\"dusan-sedlacek\" class=\"h2 entry-title\">Du\u0161an Sedl\u00e1\u010dek<\/h2>\n<\/header>\n<section class=\"entry-content cf\"><img data-recalc-dims=\"1\" loading=\"lazy\" decoding=\"async\" data-attachment-id=\"1887\" data-permalink=\"https:\/\/turnaround.cz\/restrukturalizacni-forum-2024\/prednasejici\/sedlacek-dusan\/\" data-orig-file=\"https:\/\/i0.wp.com\/turnaround.cz\/restrukturalizacni-forum-2024\/wp-content\/uploads\/sites\/14\/2024\/11\/Sedlacek-Dusan.jpg?fit=380%2C452&amp;ssl=1\" data-orig-size=\"380,452\" data-comments-opened=\"0\" data-image-meta=\"{&quot;aperture&quot;:&quot;0&quot;,&quot;credit&quot;:&quot;&quot;,&quot;camera&quot;:&quot;&quot;,&quot;caption&quot;:&quot;&quot;,&quot;created_timestamp&quot;:&quot;0&quot;,&quot;copyright&quot;:&quot;&quot;,&quot;focal_length&quot;:&quot;0&quot;,&quot;iso&quot;:&quot;0&quot;,&quot;shutter_speed&quot;:&quot;0&quot;,&quot;title&quot;:&quot;&quot;,&quot;orientation&quot;:&quot;0&quot;}\" data-image-title=\"Sedl\u00e1\u010dek Du\u0161an\" data-image-description=\"\" data-image-caption=\"\" data-medium-file=\"https:\/\/i0.wp.com\/turnaround.cz\/restrukturalizacni-forum-2024\/wp-content\/uploads\/sites\/14\/2024\/11\/Sedlacek-Dusan.jpg?fit=252%2C300&amp;ssl=1\" data-large-file=\"https:\/\/i0.wp.com\/turnaround.cz\/restrukturalizacni-forum-2024\/wp-content\/uploads\/sites\/14\/2024\/11\/Sedlacek-Dusan.jpg?fit=380%2C452&amp;ssl=1\" class=\"size-medium wp-image-1887 alignright\" src=\"https:\/\/i0.wp.com\/turnaround.cz\/restrukturalizacni-forum-2024\/wp-content\/uploads\/sites\/14\/2024\/11\/Sedlacek-Dusan.jpg?resize=252%2C300&#038;ssl=1\" alt=\"\" width=\"252\" height=\"300\" srcset=\"https:\/\/i0.wp.com\/turnaround.cz\/restrukturalizacni-forum-2024\/wp-content\/uploads\/sites\/14\/2024\/11\/Sedlacek-Dusan.jpg?resize=252%2C300&amp;ssl=1 252w, https:\/\/i0.wp.com\/turnaround.cz\/restrukturalizacni-forum-2024\/wp-content\/uploads\/sites\/14\/2024\/11\/Sedlacek-Dusan.jpg?w=380&amp;ssl=1 380w\" sizes=\"auto, (max-width: 252px) 100vw, 252px\" \/>Du\u0161an Sedl\u00e1\u010dek je partnerem advok\u00e1tn\u00ed kancel\u00e1\u0159e HAVEL &amp; PARTNERS a zam\u011b\u0159uje se na oblast restrukturalizac\u00ed a insolven\u010dn\u00edho \u0159\u00edzen\u00ed a na \u0159e\u0161en\u00ed spor\u016f v soudn\u00edch a arbitr\u00e1\u017en\u00edch \u0159\u00edzen\u00edch.M\u00e1 rozs\u00e1hl\u00e9 zku\u0161enosti s insolven\u010dn\u00edm \u0159\u00edzen\u00edm, a to jak p\u0159i zastupov\u00e1n\u00ed v\u011b\u0159itel\u016f (v\u010detn\u011b v\u00fdznamn\u00fdch bankovn\u00edch instituc\u00ed) p\u0159i uplat\u0148ov\u00e1n\u00ed jejich pr\u00e1v, tak p\u0159i poradenstv\u00ed \u010desk\u00fdm i zahrani\u010dn\u00edm klient\u016fm v souvislosti s restrukturalizac\u00ed podnik\u016f \u010di \u0159e\u0161en\u00edm \u00fapadkov\u00e9 situace. V oblasti insolven\u010dn\u00edho pr\u00e1va i v dal\u0161\u00edch oblastech sv\u00e9 specializace publikuje a p\u0159edn\u00e1\u0161\u00ed v \u010cesk\u00e9 republice i v zahrani\u010d\u00ed.<\/p>\n<p>Je \u010dlenem Turnaround Management Association \u010cR.<\/p>\n<\/section>\n<section class=\"entry-content cf\">\n<h2 id=\"jaroslav-schonfeld\">Jaroslav Sch\u00f6nfeld<\/h2>\n<p><img data-recalc-dims=\"1\" loading=\"lazy\" decoding=\"async\" data-attachment-id=\"1908\" data-permalink=\"https:\/\/turnaround.cz\/restrukturalizacni-forum-2024\/prednasejici\/schonfeld-jaroslav_bw\/\" data-orig-file=\"https:\/\/i0.wp.com\/turnaround.cz\/restrukturalizacni-forum-2024\/wp-content\/uploads\/sites\/14\/2024\/11\/Schonfeld-Jaroslav_BW.jpg?fit=1365%2C2048&amp;ssl=1\" data-orig-size=\"1365,2048\" data-comments-opened=\"0\" data-image-meta=\"{&quot;aperture&quot;:&quot;0&quot;,&quot;credit&quot;:&quot;&quot;,&quot;camera&quot;:&quot;&quot;,&quot;caption&quot;:&quot;&quot;,&quot;created_timestamp&quot;:&quot;0&quot;,&quot;copyright&quot;:&quot;&quot;,&quot;focal_length&quot;:&quot;0&quot;,&quot;iso&quot;:&quot;0&quot;,&quot;shutter_speed&quot;:&quot;0&quot;,&quot;title&quot;:&quot;&quot;,&quot;orientation&quot;:&quot;0&quot;}\" data-image-title=\"Sch\u00f6nfeld Jaroslav_BW\" data-image-description=\"\" data-image-caption=\"\" data-medium-file=\"https:\/\/i0.wp.com\/turnaround.cz\/restrukturalizacni-forum-2024\/wp-content\/uploads\/sites\/14\/2024\/11\/Schonfeld-Jaroslav_BW.jpg?fit=200%2C300&amp;ssl=1\" data-large-file=\"https:\/\/i0.wp.com\/turnaround.cz\/restrukturalizacni-forum-2024\/wp-content\/uploads\/sites\/14\/2024\/11\/Schonfeld-Jaroslav_BW.jpg?fit=680%2C1020&amp;ssl=1\" class=\"size-medium wp-image-1908 alignleft\" src=\"https:\/\/i0.wp.com\/turnaround.cz\/restrukturalizacni-forum-2024\/wp-content\/uploads\/sites\/14\/2024\/11\/Schonfeld-Jaroslav_BW.jpg?resize=200%2C300&#038;ssl=1\" alt=\"\" width=\"200\" height=\"300\" srcset=\"https:\/\/i0.wp.com\/turnaround.cz\/restrukturalizacni-forum-2024\/wp-content\/uploads\/sites\/14\/2024\/11\/Schonfeld-Jaroslav_BW.jpg?resize=200%2C300&amp;ssl=1 200w, https:\/\/i0.wp.com\/turnaround.cz\/restrukturalizacni-forum-2024\/wp-content\/uploads\/sites\/14\/2024\/11\/Schonfeld-Jaroslav_BW.jpg?resize=683%2C1024&amp;ssl=1 683w, https:\/\/i0.wp.com\/turnaround.cz\/restrukturalizacni-forum-2024\/wp-content\/uploads\/sites\/14\/2024\/11\/Schonfeld-Jaroslav_BW.jpg?resize=768%2C1152&amp;ssl=1 768w, https:\/\/i0.wp.com\/turnaround.cz\/restrukturalizacni-forum-2024\/wp-content\/uploads\/sites\/14\/2024\/11\/Schonfeld-Jaroslav_BW.jpg?resize=1024%2C1536&amp;ssl=1 1024w, https:\/\/i0.wp.com\/turnaround.cz\/restrukturalizacni-forum-2024\/wp-content\/uploads\/sites\/14\/2024\/11\/Schonfeld-Jaroslav_BW.jpg?w=1365&amp;ssl=1 1365w\" sizes=\"auto, (max-width: 200px) 100vw, 200px\" \/>Jaroslav Sch\u00f6nfeld vystudoval na V\u0160E v Praze. Od roku 2008 pracuje na kated\u0159e strategie (d\u0159\u00edve podnikov\u00e9 ekonomiky) fakulty podnikohospod\u00e1\u0159sk\u00e9 Vysok\u00e9 \u0161koly ekonomick\u00e9. T\u011b\u017ei\u0161t\u011bm jeho z\u00e1jmu je transformace, restrukturalizace a sanace podnikatelsk\u00fdch subjekt\u016f, mana\u017eersk\u00e9 finance, oce\u0148ov\u00e1n\u00ed podniku a insolven\u010dn\u00ed procesy. P\u016fsob\u00ed aktivn\u011b v r\u00e1mci vedlej\u0161\u00ed specializace Turnaround Management. Je \u010dlenem v\u011bdeck\u00e9 rady a \u0159\u00edd\u00edc\u00edho v\u00fdboru Centra restrukturalizace a insolvence Harryho Pollaka p\u0159i Vysok\u00e9 \u0161kole ekonomick\u00e9 v Praze, \u010dlenem spr\u00e1vn\u00ed rady profesn\u00ed organizace Turnaround Management Association \u010cR. Intenzivn\u011b spolupracuje s prax\u00ed, kde t\u00e9m\u011b\u0159 ji\u017e 25 let p\u016fsob\u00ed na r\u016fzn\u00fdch mana\u017eersk\u00fdch pozic\u00edch v r\u00e1mci bankovn\u00edho sektoru zejm\u00e9na pak v \u010cesk\u00e9 spo\u0159iteln\u011b, a.s. Je p\u0159edsedou Komise pro Workout p\u0159i \u010cesk\u00e9 bankovn\u00ed asociaci. V roce 2012 z\u00edskal v Madridu evropsk\u00e9 ocen\u011bn\u00ed Turnaround Management Association za koncernovou p\u0159eshrani\u010dn\u00ed reorganizaci Kord Group pro oblast velk\u00fdch korporac\u00ed.<\/p>\n<h2 id=\"miroslav-singer\">Miroslav Singer<\/h2>\n<div id=\"attachment_2002\" style=\"width: 210px\" class=\"wp-caption alignright\"><img data-recalc-dims=\"1\" loading=\"lazy\" decoding=\"async\" aria-describedby=\"caption-attachment-2002\" data-attachment-id=\"2002\" data-permalink=\"https:\/\/turnaround.cz\/restrukturalizacni-forum-2024\/prednasejici\/binary-comment-3\/\" data-orig-file=\"https:\/\/i0.wp.com\/turnaround.cz\/restrukturalizacni-forum-2024\/wp-content\/uploads\/sites\/14\/2024\/11\/singer-detail.jpg?fit=856%2C1284&amp;ssl=1\" data-orig-size=\"856,1284\" data-comments-opened=\"0\" data-image-meta=\"{&quot;aperture&quot;:&quot;0&quot;,&quot;credit&quot;:&quot;Karel SANDA&quot;,&quot;camera&quot;:&quot;Canon EOS-1D X&quot;,&quot;caption&quot;:&quot;binary comment&quot;,&quot;created_timestamp&quot;:&quot;1485857029&quot;,&quot;copyright&quot;:&quot;&quot;,&quot;focal_length&quot;:&quot;0&quot;,&quot;iso&quot;:&quot;100&quot;,&quot;shutter_speed&quot;:&quot;0&quot;,&quot;title&quot;:&quot;binary comment&quot;,&quot;orientation&quot;:&quot;0&quot;}\" data-image-title=\"binary comment\" data-image-description=\"\" data-image-caption=\"&lt;p&gt;binary comment&lt;\/p&gt;\n\" data-medium-file=\"https:\/\/i0.wp.com\/turnaround.cz\/restrukturalizacni-forum-2024\/wp-content\/uploads\/sites\/14\/2024\/11\/singer-detail.jpg?fit=200%2C300&amp;ssl=1\" data-large-file=\"https:\/\/i0.wp.com\/turnaround.cz\/restrukturalizacni-forum-2024\/wp-content\/uploads\/sites\/14\/2024\/11\/singer-detail.jpg?fit=680%2C1020&amp;ssl=1\" class=\"size-medium wp-image-2002\" src=\"https:\/\/i0.wp.com\/turnaround.cz\/restrukturalizacni-forum-2024\/wp-content\/uploads\/sites\/14\/2024\/11\/singer-detail.jpg?resize=200%2C300&#038;ssl=1\" alt=\"\" width=\"200\" height=\"300\" srcset=\"https:\/\/i0.wp.com\/turnaround.cz\/restrukturalizacni-forum-2024\/wp-content\/uploads\/sites\/14\/2024\/11\/singer-detail.jpg?resize=200%2C300&amp;ssl=1 200w, https:\/\/i0.wp.com\/turnaround.cz\/restrukturalizacni-forum-2024\/wp-content\/uploads\/sites\/14\/2024\/11\/singer-detail.jpg?resize=683%2C1024&amp;ssl=1 683w, https:\/\/i0.wp.com\/turnaround.cz\/restrukturalizacni-forum-2024\/wp-content\/uploads\/sites\/14\/2024\/11\/singer-detail.jpg?resize=768%2C1152&amp;ssl=1 768w, https:\/\/i0.wp.com\/turnaround.cz\/restrukturalizacni-forum-2024\/wp-content\/uploads\/sites\/14\/2024\/11\/singer-detail.jpg?w=856&amp;ssl=1 856w\" sizes=\"auto, (max-width: 200px) 100vw, 200px\" \/><p id=\"caption-attachment-2002\" class=\"wp-caption-text\">binary comment<\/p><\/div>\n<p>Miroslav Singer po ukon\u010den\u00ed studia na Vysok\u00e9 \u0161kole ekonomick\u00e9 (obor matematick\u00e9 metody v ekonomii v Praze) pokra\u010doval na doktorandsk\u00e9m studiu University of Pittsburgh, kde v roce 1995 obh\u00e1jil svou disertaci a z\u00edskal titul Ph.D. B\u011bhem let 1991\u20131995 pracoval jako v\u00fdzkumn\u00edk a p\u0159edn\u00e1\u0161ej\u00edc\u00ed, pozd\u011bji jako z\u00e1stupce \u0159editele pro v\u00fdzkum v N\u00e1rodohospod\u00e1\u0159sk\u00e9m \u00fastavu AV \u010cR a v Centru pro ekonomick\u00fd v\u00fdzkum a doktorsk\u00e9 studium Univerzity Karlovy. Od roku 1995 zast\u00e1val v\u00fdznamn\u00e9 mana\u017eersk\u00e9 posty ve finan\u010dn\u00ed a pr\u016fmyslov\u00e9 skupin\u011b Expandia, kde byl tak\u00e9 v letech 2000 a 2001 \u0159editelem spole\u010dnosti Expandia Holding. V roce 2001 Miroslav Singer nastoupil jako \u0159editel do spole\u010dnosti PricewaterhouseCoopers \u010cR a setrval v n\u00ed a\u017e do roku 2005. V letech 2005 a\u017e 2010 byl \u010dlenem bankovn\u00ed rady a viceguvern\u00e9rem \u010cesk\u00e9 n\u00e1rodn\u00ed banky. Od roku 2010 do 2016 p\u016fsobil jako guvern\u00e9r \u010cesk\u00e9 n\u00e1rodn\u00ed banky. V lednu 2017 byl jmenov\u00e1n do funkce \u0159editele institucion\u00e1ln\u00edch vztah\u016f a hlavn\u00edho ekonoma Generali CEE Holdingu. Od ledna 2018 je rovn\u011b\u017e \u010dlenem v\u00fdkonn\u00e9ho v\u00fdboru. P\u016fsob\u00ed tak\u00e9 jako p\u0159edseda dozor\u010d\u00ed rady Generali \u010cesk\u00e9 poji\u0161\u0165ovny a Generali Pois\u0165ov\u0148a na Slovensku. Vedle toho je tak\u00e9 m\u00edstop\u0159edseda dozor\u010d\u00ed rady MONETA Money Bank.<\/p>\n<h2 id=\"david-smejkal\">David Smejkal<\/h2>\n<p><img data-recalc-dims=\"1\" loading=\"lazy\" decoding=\"async\" data-attachment-id=\"1903\" data-permalink=\"https:\/\/turnaround.cz\/restrukturalizacni-forum-2024\/prednasejici\/smejkal_david_2_black_and_white\/\" data-orig-file=\"https:\/\/i0.wp.com\/turnaround.cz\/restrukturalizacni-forum-2024\/wp-content\/uploads\/sites\/14\/2024\/11\/Smejkal_david_2_black_and_white.jpg?fit=1536%2C2048&amp;ssl=1\" data-orig-size=\"1536,2048\" data-comments-opened=\"0\" data-image-meta=\"{&quot;aperture&quot;:&quot;0&quot;,&quot;credit&quot;:&quot;&quot;,&quot;camera&quot;:&quot;&quot;,&quot;caption&quot;:&quot;&quot;,&quot;created_timestamp&quot;:&quot;0&quot;,&quot;copyright&quot;:&quot;&quot;,&quot;focal_length&quot;:&quot;0&quot;,&quot;iso&quot;:&quot;0&quot;,&quot;shutter_speed&quot;:&quot;0&quot;,&quot;title&quot;:&quot;&quot;,&quot;orientation&quot;:&quot;0&quot;}\" data-image-title=\"Smejkal_david_2_black_and_white\" data-image-description=\"\" data-image-caption=\"\" data-medium-file=\"https:\/\/i0.wp.com\/turnaround.cz\/restrukturalizacni-forum-2024\/wp-content\/uploads\/sites\/14\/2024\/11\/Smejkal_david_2_black_and_white.jpg?fit=225%2C300&amp;ssl=1\" data-large-file=\"https:\/\/i0.wp.com\/turnaround.cz\/restrukturalizacni-forum-2024\/wp-content\/uploads\/sites\/14\/2024\/11\/Smejkal_david_2_black_and_white.jpg?fit=680%2C907&amp;ssl=1\" class=\"size-medium wp-image-1903 alignleft\" src=\"https:\/\/i0.wp.com\/turnaround.cz\/restrukturalizacni-forum-2024\/wp-content\/uploads\/sites\/14\/2024\/11\/Smejkal_david_2_black_and_white.jpg?resize=225%2C300&#038;ssl=1\" alt=\"\" width=\"225\" height=\"300\" srcset=\"https:\/\/i0.wp.com\/turnaround.cz\/restrukturalizacni-forum-2024\/wp-content\/uploads\/sites\/14\/2024\/11\/Smejkal_david_2_black_and_white.jpg?resize=225%2C300&amp;ssl=1 225w, https:\/\/i0.wp.com\/turnaround.cz\/restrukturalizacni-forum-2024\/wp-content\/uploads\/sites\/14\/2024\/11\/Smejkal_david_2_black_and_white.jpg?resize=768%2C1024&amp;ssl=1 768w, https:\/\/i0.wp.com\/turnaround.cz\/restrukturalizacni-forum-2024\/wp-content\/uploads\/sites\/14\/2024\/11\/Smejkal_david_2_black_and_white.jpg?resize=1152%2C1536&amp;ssl=1 1152w, https:\/\/i0.wp.com\/turnaround.cz\/restrukturalizacni-forum-2024\/wp-content\/uploads\/sites\/14\/2024\/11\/Smejkal_david_2_black_and_white.jpg?w=1536&amp;ssl=1 1536w, https:\/\/i0.wp.com\/turnaround.cz\/restrukturalizacni-forum-2024\/wp-content\/uploads\/sites\/14\/2024\/11\/Smejkal_david_2_black_and_white.jpg?w=1360&amp;ssl=1 1360w\" sizes=\"auto, (max-width: 225px) 100vw, 225px\" \/>David Smejkal je \u0159editelem znaleck\u00e9 kancel\u00e1\u0159e A-Consult plus, kter\u00e1 se ji\u017e od roku 1991 v\u011bnuje oce\u0148ov\u00e1n\u00ed a znalectv\u00ed v oboru ekonomika se \u0161irokou p\u016fsobnost\u00ed. Oce\u0148ov\u00e1n\u00ed se v\u011bnuje ji\u017e v\u00edce jak 25 let, v\u010detn\u011b pr\u00e1ce na nejv\u011bt\u0161\u00edch insolven\u010dn\u00edch p\u0159\u00edpadech jako byly OKD, Motorpal, JobAIR, V\u00edtkovick\u00e9 sl\u00e9v\u00e1rny, Viachem Group a des\u00edtky dal\u0161\u00edch.<\/p>\n<p>V\u011bnuje se tak\u00e9 v\u00fdvoji software na oce\u0148ov\u00e1n\u00ed nemovitost\u00ed a specializovan\u00fdch aplikac\u00ed pro digitalizaci v oblasti oce\u0148ov\u00e1n\u00ed, pr\u00e1ci s katastrem, prostorov\u00fdmi daty, bankovn\u00ed monitoring zaji\u0161t\u011bn\u00ed a automatick\u00e9 oce\u0148ovac\u00ed modely. David je z\u00e1rove\u0148 prezidentem Asociace certifikovan\u00fdch odhad\u016f, kterou zastupuje v International Federation of Surveyors. P\u016fsob\u00ed ve v\u011bdeck\u00e9 rad\u011b Centra restrukturalizace a insolvence Harryho Pollaka, Vysok\u00e9 \u0161koly ekonomick\u00e9, kde z\u00e1rove\u0148 p\u016fsob\u00ed jako lektor, zejm\u00e9na v r\u00e1mci vedlej\u0161\u00ed specializace Turnaround management a Hodnota podniku. Na Ambis.Vysok\u00e9 \u0161kole vede postgradu\u00e1ln\u00ed studium Oce\u0148ov\u00e1n\u00ed nemovitost\u00ed na tr\u017en\u00edch principech. Je \u010dlenem International Association of Assessing Officers a odborn\u00e9 platformy Nemoforum p\u0159i \u010cUZK. Je rovn\u011b\u017e \u010dlenem pracovn\u00ed skupiny expert\u016f na znaleck\u00e9 pr\u00e1vo na Ministerstvu spravedlnosti. Je certifikovan\u00fdm odhadcem nemovitost\u00ed a tak\u00e9 prezidentem Vodn\u00ed z\u00e1chrann\u00e9 slu\u017eby \u010c\u010cK, kter\u00e1 ho za 30 let nau\u010dila \u0159e\u0161it skute\u010dn\u011b krizov\u00e9 situace s klidem a rozvahou.<\/p>\n<h2 id=\"petr-smutny\">Petr Smutn\u00fd<\/h2>\n<p><img data-recalc-dims=\"1\" loading=\"lazy\" decoding=\"async\" data-attachment-id=\"1890\" data-permalink=\"https:\/\/turnaround.cz\/restrukturalizacni-forum-2024\/prednasejici\/petr_smutny_crop_bw\/\" data-orig-file=\"https:\/\/i0.wp.com\/turnaround.cz\/restrukturalizacni-forum-2024\/wp-content\/uploads\/sites\/14\/2024\/11\/Petr_Smutny_crop_bw.jpg?fit=1365%2C1421&amp;ssl=1\" data-orig-size=\"1365,1421\" data-comments-opened=\"0\" data-image-meta=\"{&quot;aperture&quot;:&quot;0&quot;,&quot;credit&quot;:&quot;&quot;,&quot;camera&quot;:&quot;&quot;,&quot;caption&quot;:&quot;&quot;,&quot;created_timestamp&quot;:&quot;0&quot;,&quot;copyright&quot;:&quot;&quot;,&quot;focal_length&quot;:&quot;0&quot;,&quot;iso&quot;:&quot;0&quot;,&quot;shutter_speed&quot;:&quot;0&quot;,&quot;title&quot;:&quot;&quot;,&quot;orientation&quot;:&quot;0&quot;}\" data-image-title=\"Petr_Smutny_crop_bw\" data-image-description=\"\" data-image-caption=\"\" data-medium-file=\"https:\/\/i0.wp.com\/turnaround.cz\/restrukturalizacni-forum-2024\/wp-content\/uploads\/sites\/14\/2024\/11\/Petr_Smutny_crop_bw.jpg?fit=288%2C300&amp;ssl=1\" data-large-file=\"https:\/\/i0.wp.com\/turnaround.cz\/restrukturalizacni-forum-2024\/wp-content\/uploads\/sites\/14\/2024\/11\/Petr_Smutny_crop_bw.jpg?fit=680%2C708&amp;ssl=1\" class=\"size-medium wp-image-1890 alignright\" src=\"https:\/\/i0.wp.com\/turnaround.cz\/restrukturalizacni-forum-2024\/wp-content\/uploads\/sites\/14\/2024\/11\/Petr_Smutny_crop_bw.jpg?resize=288%2C300&#038;ssl=1\" alt=\"\" width=\"288\" height=\"300\" srcset=\"https:\/\/i0.wp.com\/turnaround.cz\/restrukturalizacni-forum-2024\/wp-content\/uploads\/sites\/14\/2024\/11\/Petr_Smutny_crop_bw.jpg?resize=288%2C300&amp;ssl=1 288w, https:\/\/i0.wp.com\/turnaround.cz\/restrukturalizacni-forum-2024\/wp-content\/uploads\/sites\/14\/2024\/11\/Petr_Smutny_crop_bw.jpg?resize=984%2C1024&amp;ssl=1 984w, https:\/\/i0.wp.com\/turnaround.cz\/restrukturalizacni-forum-2024\/wp-content\/uploads\/sites\/14\/2024\/11\/Petr_Smutny_crop_bw.jpg?resize=768%2C800&amp;ssl=1 768w, https:\/\/i0.wp.com\/turnaround.cz\/restrukturalizacni-forum-2024\/wp-content\/uploads\/sites\/14\/2024\/11\/Petr_Smutny_crop_bw.jpg?w=1365&amp;ssl=1 1365w\" sizes=\"auto, (max-width: 288px) 100vw, 288px\" \/>Petr Smutn\u00fd je partnerem ve spole\u010dnosti PricewaterhouseCoopers \u010cesk\u00e1 republika, kde \u0159\u00edd\u00ed odd\u011blen\u00ed restrukturalizac\u00ed v r\u00e1mci regionu st\u0159edn\u00ed a v\u00fdchodn\u00ed Evropy. Zam\u011b\u0159uje se p\u0159edev\u0161\u00edm na poskytov\u00e1n\u00ed poradenstv\u00ed ohro\u017een\u00fdm spole\u010dnostem nebo spole\u010dnostem \u010del\u00edc\u00edm insolvenci. Petr m\u00e1 dlouhodob\u00e9 zku\u0161enosti s projekty posouzen\u00ed v\u00fdkonnosti spole\u010dnosti, finan\u010dn\u00ed anal\u00fdzy a restrukturalizace. V minulosti vedl po\u010detn\u00e9 restrukturaliza\u010dn\u00ed projekty jak v \u010cesk\u00e9 a Slovensk\u00e9 republice, tak i ve Slovinsku, Srbsku a Chorvatsku. Petr se pod\u00edlel tak\u00e9 na komplexn\u00ed reorganizaci KORD Group \u2013 pr\u016fmyslov\u00e9 skupiny s provozy ve st\u0159edn\u00ed a v\u00fdchodn\u00ed Evrop\u011b, je\u017e z\u00edskala ocen\u011bn\u00ed Restrukturalizace roku 2012 v r\u00e1mci Evropy. Takt\u00e9\u017e hr\u00e1l v\u00fdznamnou roli v r\u00e1mci restrukturalizace loterijn\u00ed spole\u010dnosti SAZKA, kter\u00e1 m\u011bla mnoho inovativn\u00edch prvk\u016f a z\u00edskala ocen\u011bn\u00ed Restrukturalizace roku 2014. Petr je p\u0159edsedou Turnaround Management Association \u010cR.<\/p>\n<h2 id=\"petr-sprinz\" class=\"h2 entry-title\">Petr Sprinz<\/h2>\n<section class=\"entry-content cf\"><img data-recalc-dims=\"1\" loading=\"lazy\" decoding=\"async\" data-attachment-id=\"1893\" data-permalink=\"https:\/\/turnaround.cz\/restrukturalizacni-forum-2024\/prednasejici\/sprinz_petr_bw\/\" data-orig-file=\"https:\/\/i0.wp.com\/turnaround.cz\/restrukturalizacni-forum-2024\/wp-content\/uploads\/sites\/14\/2024\/11\/Sprinz_Petr_bw.jpg?fit=1052%2C1350&amp;ssl=1\" data-orig-size=\"1052,1350\" data-comments-opened=\"0\" data-image-meta=\"{&quot;aperture&quot;:&quot;0&quot;,&quot;credit&quot;:&quot;&quot;,&quot;camera&quot;:&quot;&quot;,&quot;caption&quot;:&quot;&quot;,&quot;created_timestamp&quot;:&quot;0&quot;,&quot;copyright&quot;:&quot;&quot;,&quot;focal_length&quot;:&quot;0&quot;,&quot;iso&quot;:&quot;0&quot;,&quot;shutter_speed&quot;:&quot;0&quot;,&quot;title&quot;:&quot;&quot;,&quot;orientation&quot;:&quot;0&quot;}\" data-image-title=\"Sprinz_Petr_bw\" data-image-description=\"\" data-image-caption=\"\" data-medium-file=\"https:\/\/i0.wp.com\/turnaround.cz\/restrukturalizacni-forum-2024\/wp-content\/uploads\/sites\/14\/2024\/11\/Sprinz_Petr_bw.jpg?fit=234%2C300&amp;ssl=1\" data-large-file=\"https:\/\/i0.wp.com\/turnaround.cz\/restrukturalizacni-forum-2024\/wp-content\/uploads\/sites\/14\/2024\/11\/Sprinz_Petr_bw.jpg?fit=680%2C873&amp;ssl=1\" class=\"wp-image-1893 alignleft\" src=\"https:\/\/i0.wp.com\/turnaround.cz\/restrukturalizacni-forum-2024\/wp-content\/uploads\/sites\/14\/2024\/11\/Sprinz_Petr_bw.jpg?resize=295%2C378&#038;ssl=1\" alt=\"\" width=\"295\" height=\"378\" srcset=\"https:\/\/i0.wp.com\/turnaround.cz\/restrukturalizacni-forum-2024\/wp-content\/uploads\/sites\/14\/2024\/11\/Sprinz_Petr_bw.jpg?resize=234%2C300&amp;ssl=1 234w, https:\/\/i0.wp.com\/turnaround.cz\/restrukturalizacni-forum-2024\/wp-content\/uploads\/sites\/14\/2024\/11\/Sprinz_Petr_bw.jpg?resize=798%2C1024&amp;ssl=1 798w, https:\/\/i0.wp.com\/turnaround.cz\/restrukturalizacni-forum-2024\/wp-content\/uploads\/sites\/14\/2024\/11\/Sprinz_Petr_bw.jpg?resize=768%2C986&amp;ssl=1 768w, https:\/\/i0.wp.com\/turnaround.cz\/restrukturalizacni-forum-2024\/wp-content\/uploads\/sites\/14\/2024\/11\/Sprinz_Petr_bw.jpg?w=1052&amp;ssl=1 1052w\" sizes=\"auto, (max-width: 295px) 100vw, 295px\" \/>Petr Sprinz m\u00e1 v\u00edce ne\u017e 15 let zku\u0161enost\u00ed v oblasti insolven\u010dn\u00edho pr\u00e1va, soudn\u00edch spor\u016f a komplexn\u00edch transakc\u00ed; p\u016fsob\u00ed jako rozhodce.Je rovn\u011b\u017e mezin\u00e1rodn\u011b uzn\u00e1van\u00fdm odborn\u00edkem v oblasti insolvenc\u00ed a restrukturalizac\u00ed.Ohledn\u011b sporn\u00e9 agendy zastupoval klienty v komplexn\u00edch soudn\u00edch a rozhod\u010d\u00edch \u0159\u00edzen\u00edch t\u00fdkaj\u00edc\u00edch se EPC smluv, dod\u00e1vek surovin, korpor\u00e1tn\u00edch ot\u00e1zek a jin\u00fdch slo\u017eit\u00fdch situac\u00ed. Petr Sprinz dojedn\u00e1val komplexn\u00ed transakce, v\u010detn\u011b slo\u017eit\u00fdch dod\u00e1vkov\u00fdch smluv \u010di narovn\u00e1n\u00ed.<br \/>\nJe vedouc\u00edm autorsk\u00e9ho kolektivu koment\u00e1\u0159e k insolven\u010dn\u00edmu z\u00e1konu, jako\u017e i p\u0159ipravovan\u00e9ho koment\u00e1\u0159e k z\u00e1konu o preventivn\u00ed restrukturalizaci. Je t\u00e9\u017e spoluautorem koment\u00e1\u0159e k ob\u010dansk\u00e9mu z\u00e1kon\u00edku k ot\u00e1zce zaji\u0161t\u011bn\u00ed.<br \/>\nJe \u010dlenem sekce \u010cAK pro insolven\u010dn\u00ed pr\u00e1vo, CERIL, \u010dlenem sekce INSOL International. Pod\u00edlel se na p\u0159\u00edprav\u011b n\u011bkolika pr\u00e1vn\u00edch p\u0159edpis\u016f.<br \/>\nP\u0159ed zalo\u017een\u00edm advok\u00e1tn\u00ed kancel\u00e1\u0159e RESOLV p\u016fsobil t\u0159i roky v \u010desk\u00e9 pobo\u010dce Allen &amp; Overy jako vedouc\u00ed praxe zam\u011b\u0159en\u00e9 na insolvence a \u0159e\u0161en\u00ed jin\u00fdch komplikovan\u00fdch situac\u00ed. Do roku 2020 byl partnerem odpov\u011bdn\u00fdm za oblast insolvenc\u00ed, soudn\u00edch spor\u016f (v\u010detn\u011b rozhod\u010d\u00edho \u0159\u00edzen\u00ed) v advok\u00e1tn\u00ed kancel\u00e1\u0159i Havel &amp; Partners. P\u0159edt\u00edm p\u016fsobil v advok\u00e1tn\u00ed kancel\u00e1\u0159i Weil, Gotshal &amp; Manges.<\/p>\n<h2 id=\"radim-skarpa\" class=\"h2 entry-title\">Radim \u0160karpa<\/h2>\n<p><img data-recalc-dims=\"1\" loading=\"lazy\" decoding=\"async\" class=\"alignright wp-post-image\" src=\"https:\/\/i0.wp.com\/turnaround.cz\/restrukturalizacni-forum-2024\/wp-content\/uploads\/sites\/14\/2024\/11\/skarpa_bw_flipped.jpg?resize=300%2C300&#038;ssl=1\" sizes=\"auto, (max-width: 300px) 100vw, 300px\" srcset=\"https:\/\/turnaround.cz\/restrukturalizacni-forum-2024\/wp-content\/uploads\/sites\/14\/2024\/11\/skarpa_bw_flipped.jpg\" alt=\"\" width=\"300\" height=\"300\" data-attachment-id=\"359\" data-permalink=\"https:\/\/turnaround.cz\/restrukturalizacni-forum-2024\/wp-content\/uploads\/sites\/14\/2024\/11\/skarpa_bw_flipped.jpg\" data-orig-size=\"320,320\" data-comments-opened=\"0\" data-image-meta=\"{&quot;aperture&quot;:&quot;0&quot;,&quot;credit&quot;:&quot;&quot;,&quot;camera&quot;:&quot;&quot;,&quot;caption&quot;:&quot;&quot;,&quot;created_timestamp&quot;:&quot;0&quot;,&quot;copyright&quot;:&quot;&quot;,&quot;focal_length&quot;:&quot;0&quot;,&quot;iso&quot;:&quot;0&quot;,&quot;shutter_speed&quot;:&quot;0&quot;,&quot;title&quot;:&quot;&quot;,&quot;orientation&quot;:&quot;0&quot;}\" data-image-title=\"Skarpa_Radim\" data-image-description=\"\" data-image-caption=\"\" data-medium-file=\"https:\/\/turnaround.cz\/wp-content\/uploads\/2021\/08\/Skarpa_Radim-300x300.jpg\" data-large-file=\"https:\/\/turnaround.cz\/wp-content\/uploads\/2021\/08\/Skarpa_Radim.jpg\" \/>Radim \u0160karpa je \u0159editelem v odd\u011blen\u00ed restrukturalizac\u00ed (BRS) v PwC, kter\u00e9 se zam\u011b\u0159uje na poskytov\u00e1n\u00ed poradensk\u00fdch slu\u017eeb nejen spole\u010dnostem v pot\u00ed\u017e\u00edch, ale i insolven\u010dn\u00edm spr\u00e1vc\u016fm nebo v\u011b\u0159itel\u016fm.<br \/>\nPoskytov\u00e1n\u00ed poradenstv\u00ed se Radim v\u011bnuje od ukon\u010den\u00ed studia na V\u0160E v Praze 2006. Radim m\u00e1 zku\u0161enosti z projekt\u016f v oblasti zvy\u0161ov\u00e1n\u00ed v\u00fdkonnosti, zlep\u0161ov\u00e1n\u00ed proces\u016f a intern\u00edho auditu. Nejv\u00edce zku\u0161enost\u00ed m\u00e1 ale s projekty restrukturalizac\u00ed spole\u010dnost\u00ed a s insolven\u010dn\u00edmi projekty a to jak na stran\u011b dlu\u017en\u00edk\u016f, tak na stran\u011b insolven\u010dn\u00edch spr\u00e1vc\u016f. Radim realizoval projekty v cel\u00e9 \u0159ad\u011b odv\u011btv\u00ed v\u010detn\u011b chemick\u00e9ho a t\u011b\u017eebn\u00edho pr\u016fmyslu, lesnictv\u00ed nebo stroj\u00edrenstv\u00ed. Mimo \u010ceskou republiku se pod\u00edlel i na projektech ve Slovinsku.<br \/>\nRadim je \u010dlenem Turnaround Management Association v \u010cesk\u00e9 republice.<\/p>\n<h2 id=\"oxana-snajberg\" class=\"h2 entry-title\">Oxana \u0160najberg<\/h2>\n<p><img data-recalc-dims=\"1\" loading=\"lazy\" decoding=\"async\" data-attachment-id=\"1900\" data-permalink=\"https:\/\/turnaround.cz\/restrukturalizacni-forum-2024\/prednasejici\/oxana_snajberg_foto_bw-1\/\" data-orig-file=\"https:\/\/i0.wp.com\/turnaround.cz\/restrukturalizacni-forum-2024\/wp-content\/uploads\/sites\/14\/2024\/11\/Oxana_Snajberg_foto_bw-1.jpg?fit=1638%2C2048&amp;ssl=1\" data-orig-size=\"1638,2048\" data-comments-opened=\"0\" data-image-meta=\"{&quot;aperture&quot;:&quot;0&quot;,&quot;credit&quot;:&quot;&quot;,&quot;camera&quot;:&quot;&quot;,&quot;caption&quot;:&quot;&quot;,&quot;created_timestamp&quot;:&quot;0&quot;,&quot;copyright&quot;:&quot;&quot;,&quot;focal_length&quot;:&quot;0&quot;,&quot;iso&quot;:&quot;0&quot;,&quot;shutter_speed&quot;:&quot;0&quot;,&quot;title&quot;:&quot;&quot;,&quot;orientation&quot;:&quot;0&quot;}\" data-image-title=\"Oxana_Snajberg_foto_bw (1)\" data-image-description=\"\" data-image-caption=\"\" data-medium-file=\"https:\/\/i0.wp.com\/turnaround.cz\/restrukturalizacni-forum-2024\/wp-content\/uploads\/sites\/14\/2024\/11\/Oxana_Snajberg_foto_bw-1.jpg?fit=240%2C300&amp;ssl=1\" data-large-file=\"https:\/\/i0.wp.com\/turnaround.cz\/restrukturalizacni-forum-2024\/wp-content\/uploads\/sites\/14\/2024\/11\/Oxana_Snajberg_foto_bw-1.jpg?fit=680%2C850&amp;ssl=1\" class=\"size-medium wp-image-1900 alignleft\" src=\"https:\/\/i0.wp.com\/turnaround.cz\/restrukturalizacni-forum-2024\/wp-content\/uploads\/sites\/14\/2024\/11\/Oxana_Snajberg_foto_bw-1.jpg?resize=240%2C300&#038;ssl=1\" alt=\"\" width=\"240\" height=\"300\" srcset=\"https:\/\/i0.wp.com\/turnaround.cz\/restrukturalizacni-forum-2024\/wp-content\/uploads\/sites\/14\/2024\/11\/Oxana_Snajberg_foto_bw-1.jpg?resize=240%2C300&amp;ssl=1 240w, https:\/\/i0.wp.com\/turnaround.cz\/restrukturalizacni-forum-2024\/wp-content\/uploads\/sites\/14\/2024\/11\/Oxana_Snajberg_foto_bw-1.jpg?resize=819%2C1024&amp;ssl=1 819w, https:\/\/i0.wp.com\/turnaround.cz\/restrukturalizacni-forum-2024\/wp-content\/uploads\/sites\/14\/2024\/11\/Oxana_Snajberg_foto_bw-1.jpg?resize=768%2C960&amp;ssl=1 768w, https:\/\/i0.wp.com\/turnaround.cz\/restrukturalizacni-forum-2024\/wp-content\/uploads\/sites\/14\/2024\/11\/Oxana_Snajberg_foto_bw-1.jpg?resize=1229%2C1536&amp;ssl=1 1229w, https:\/\/i0.wp.com\/turnaround.cz\/restrukturalizacni-forum-2024\/wp-content\/uploads\/sites\/14\/2024\/11\/Oxana_Snajberg_foto_bw-1.jpg?w=1638&amp;ssl=1 1638w, https:\/\/i0.wp.com\/turnaround.cz\/restrukturalizacni-forum-2024\/wp-content\/uploads\/sites\/14\/2024\/11\/Oxana_Snajberg_foto_bw-1.jpg?w=1360&amp;ssl=1 1360w\" sizes=\"auto, (max-width: 240px) 100vw, 240px\" \/>Oxana \u0160najberg je \u0159\u00edd\u00edc\u00ed partnerkou znaleck\u00e9 kancel\u00e1\u0159e EqSA v oboru ekonomika. Oxana je znalcem pro oce\u0148ov\u00e1n\u00ed podnik\u016f, oce\u0148ov\u00e1n\u00ed cenn\u00fdch pap\u00edr\u016f a oce\u0148ov\u00e1n\u00ed nehmotn\u00e9ho majetku s v\u00edce ne\u017e 15letou prax\u00ed. B\u011bhem sv\u00e9ho p\u016fsoben\u00ed ve znaleck\u00e9 kancel\u00e1\u0159i EqSA se Oxana v\u011bnovala mimo jin\u00e9 ocen\u011bn\u00ed \u00fav\u011brov\u00fdch portfoli\u00ed bankovn\u00edch instituc\u00ed v \u010cR p\u0159i jejich likvidaci nebo zpracov\u00e1n\u00ed posudk\u016f pro \u00fa\u010dely v\u00fdznamn\u00fdch insolven\u010dn\u00edch \u0159\u00edzen\u00ed. D\u00e1le p\u016fsob\u00ed na fakult\u011b Financ\u00ed a \u00fa\u010detnictv\u00ed Vysok\u00e9 \u0161koly ekonomick\u00e9 v Praze, kde se pod\u00edl\u00ed na publika\u010dn\u00ed \u010dinnosti, v\u00fduce odborn\u00fdch p\u0159edm\u011bt\u016f a dal\u0161\u00edch projektech.<\/p>\n<h2 id=\"jiri-tomola\">Ji\u0159\u00ed Tomola<\/h2>\n<p><img data-recalc-dims=\"1\" loading=\"lazy\" decoding=\"async\" data-attachment-id=\"2003\" data-permalink=\"https:\/\/turnaround.cz\/restrukturalizacni-forum-2024\/prednasejici\/jiri-tomola_dentons_bw\/\" data-orig-file=\"https:\/\/i0.wp.com\/turnaround.cz\/restrukturalizacni-forum-2024\/wp-content\/uploads\/sites\/14\/2024\/11\/Jiri-Tomola_Dentons_BW.jpg?fit=500%2C750&amp;ssl=1\" data-orig-size=\"500,750\" data-comments-opened=\"0\" data-image-meta=\"{&quot;aperture&quot;:&quot;7.1&quot;,&quot;credit&quot;:&quot;&quot;,&quot;camera&quot;:&quot;NIKON D850&quot;,&quot;caption&quot;:&quot;&quot;,&quot;created_timestamp&quot;:&quot;1691496509&quot;,&quot;copyright&quot;:&quot;&quot;,&quot;focal_length&quot;:&quot;70&quot;,&quot;iso&quot;:&quot;500&quot;,&quot;shutter_speed&quot;:&quot;0.003125&quot;,&quot;title&quot;:&quot;&quot;,&quot;orientation&quot;:&quot;0&quot;}\" data-image-title=\"Jiri Tomola_Dentons_BW\" data-image-description=\"\" data-image-caption=\"\" data-medium-file=\"https:\/\/i0.wp.com\/turnaround.cz\/restrukturalizacni-forum-2024\/wp-content\/uploads\/sites\/14\/2024\/11\/Jiri-Tomola_Dentons_BW.jpg?fit=200%2C300&amp;ssl=1\" data-large-file=\"https:\/\/i0.wp.com\/turnaround.cz\/restrukturalizacni-forum-2024\/wp-content\/uploads\/sites\/14\/2024\/11\/Jiri-Tomola_Dentons_BW.jpg?fit=500%2C750&amp;ssl=1\" class=\" wp-image-2003 alignright\" src=\"https:\/\/i0.wp.com\/turnaround.cz\/restrukturalizacni-forum-2024\/wp-content\/uploads\/sites\/14\/2024\/11\/Jiri-Tomola_Dentons_BW.jpg?resize=245%2C368&#038;ssl=1\" alt=\"\" width=\"245\" height=\"368\" srcset=\"https:\/\/i0.wp.com\/turnaround.cz\/restrukturalizacni-forum-2024\/wp-content\/uploads\/sites\/14\/2024\/11\/Jiri-Tomola_Dentons_BW.jpg?resize=200%2C300&amp;ssl=1 200w, https:\/\/i0.wp.com\/turnaround.cz\/restrukturalizacni-forum-2024\/wp-content\/uploads\/sites\/14\/2024\/11\/Jiri-Tomola_Dentons_BW.jpg?w=500&amp;ssl=1 500w\" sizes=\"auto, (max-width: 245px) 100vw, 245px\" \/>Ji\u0159\u00ed Tomola je partnerem, vedouc\u00edm t\u00fdmu restrukturalizac\u00ed a insolvenc\u00ed a jedn\u00edm ze dvou vedouc\u00edch t\u00fdmu pro bankovnictv\u00ed a financov\u00e1n\u00ed pra\u017esk\u00e9 kancel\u00e1\u0159e Dentons.<\/p>\n<p>Ji\u0159\u00ed pracoval na \u0159ad\u011b v\u00fdznamn\u00fdch insolven\u010dn\u00edch kauz ve st\u0159edn\u00ed a v\u00fdchodn\u00ed Evrop\u011b, zastupuje \u010desk\u00e9 a mezin\u00e1rodn\u00ed finan\u010dn\u00ed instituce v pozici v\u011b\u0159itel\u016f, zastupuje tak\u00e9 spole\u010dnosti v pozici dlu\u017en\u00edk\u016f a poskytuje poradenstv\u00ed v souvislosti s p\u0159\u00edpravou a implementac\u00ed reorganizac\u00ed. V n\u011bkter\u00fdch z t\u011bchto insolven\u010dn\u00edch \u0159\u00edzen\u00ed byly poprv\u00e9 p\u0159ed \u010desk\u00fdmi soudy \u00fasp\u011b\u0161n\u011b obhajov\u00e1ny a obh\u00e1jeny koncepty syndikovan\u00fdch \u00fav\u011br\u016f a postaven\u00ed agenta pro zaji\u0161t\u011bn\u00ed (v\u010detn\u011b ujedn\u00e1n\u00ed o paraleln\u00edm dluhu a v\u011b\u0159itelsk\u00e9 solidarit\u011b). M\u00e1 unik\u00e1tn\u00ed zku\u0161enosti s p\u0159\u00edpravou tzv. p\u0159edbalen\u00fdch reorganizac\u00ed a jejich vyjedn\u00e1v\u00e1n\u00edm s v\u011b\u0159iteli. Ji\u0159\u00edho zku\u0161enosti zahrnuj\u00ed tak\u00e9 poradenstv\u00ed investor\u016fm p\u0159i akvizic\u00edch majetku z insolven\u010dn\u00edho \u0159\u00edzen\u00ed a zastupov\u00e1n\u00ed klient\u016f ve sporech souvisej\u00edc\u00edch s insolven\u010dn\u00edm \u0159\u00edzen\u00edm, v\u010detn\u011b zastupov\u00e1n\u00ed ve sporech p\u0159ed \u00dastavn\u00edm soudem \u010cesk\u00e9 republiky.<\/p>\n<p>Presti\u017en\u00ed \u017eeb\u0159\u00ed\u010dky Chambers Europe, Legal500 EMEA a IFLR1000 \u0159ad\u00ed Ji\u0159\u00edho mezi p\u0159edn\u00ed odborn\u00edky na oblast restrukturalizac\u00ed a insolvenc\u00ed a bankovnictv\u00ed v \u010cesk\u00e9 republice.<\/p>\n<p>Ji\u0159\u00ed absolvoval studium na Pr\u00e1vnick\u00e9 fakult\u011b Univerzity Karlovy v Praze, kde v roce 2000 z\u00edskal magistersk\u00fd titul. Od roku 2006 je \u010dlenem \u010cAK. D\u00e1le je \u010dlenem mezin\u00e1rodn\u00ed Turnaround Management Association.<\/p>\n<h2 id=\"david-zvak\">David \u017dvak<\/h2>\n<p><img data-recalc-dims=\"1\" loading=\"lazy\" decoding=\"async\" data-attachment-id=\"2004\" data-permalink=\"https:\/\/turnaround.cz\/restrukturalizacni-forum-2024\/prednasejici\/dzvak_foto_bw\/\" data-orig-file=\"https:\/\/i0.wp.com\/turnaround.cz\/restrukturalizacni-forum-2024\/wp-content\/uploads\/sites\/14\/2024\/11\/DZvak_foto_BW.jpg?fit=1193%2C1536&amp;ssl=1\" data-orig-size=\"1193,1536\" data-comments-opened=\"0\" data-image-meta=\"{&quot;aperture&quot;:&quot;0&quot;,&quot;credit&quot;:&quot;&quot;,&quot;camera&quot;:&quot;&quot;,&quot;caption&quot;:&quot;&quot;,&quot;created_timestamp&quot;:&quot;1731625125&quot;,&quot;copyright&quot;:&quot;&quot;,&quot;focal_length&quot;:&quot;0&quot;,&quot;iso&quot;:&quot;0&quot;,&quot;shutter_speed&quot;:&quot;0&quot;,&quot;title&quot;:&quot;&quot;,&quot;orientation&quot;:&quot;0&quot;}\" data-image-title=\"DZvak_foto_BW\" data-image-description=\"\" data-image-caption=\"\" data-medium-file=\"https:\/\/i0.wp.com\/turnaround.cz\/restrukturalizacni-forum-2024\/wp-content\/uploads\/sites\/14\/2024\/11\/DZvak_foto_BW.jpg?fit=233%2C300&amp;ssl=1\" data-large-file=\"https:\/\/i0.wp.com\/turnaround.cz\/restrukturalizacni-forum-2024\/wp-content\/uploads\/sites\/14\/2024\/11\/DZvak_foto_BW.jpg?fit=680%2C876&amp;ssl=1\" class=\"size-medium wp-image-2004 alignleft\" src=\"https:\/\/i0.wp.com\/turnaround.cz\/restrukturalizacni-forum-2024\/wp-content\/uploads\/sites\/14\/2024\/11\/DZvak_foto_BW.jpg?resize=233%2C300&#038;ssl=1\" alt=\"\" width=\"233\" height=\"300\" srcset=\"https:\/\/i0.wp.com\/turnaround.cz\/restrukturalizacni-forum-2024\/wp-content\/uploads\/sites\/14\/2024\/11\/DZvak_foto_BW.jpg?resize=233%2C300&amp;ssl=1 233w, https:\/\/i0.wp.com\/turnaround.cz\/restrukturalizacni-forum-2024\/wp-content\/uploads\/sites\/14\/2024\/11\/DZvak_foto_BW.jpg?resize=795%2C1024&amp;ssl=1 795w, https:\/\/i0.wp.com\/turnaround.cz\/restrukturalizacni-forum-2024\/wp-content\/uploads\/sites\/14\/2024\/11\/DZvak_foto_BW.jpg?resize=768%2C989&amp;ssl=1 768w, https:\/\/i0.wp.com\/turnaround.cz\/restrukturalizacni-forum-2024\/wp-content\/uploads\/sites\/14\/2024\/11\/DZvak_foto_BW.jpg?w=1193&amp;ssl=1 1193w\" sizes=\"auto, (max-width: 233px) 100vw, 233px\" \/>David \u017dvak je absolventem Vysok\u00e9 \u0161koly ekonomick\u00e9, fakulty financ\u00ed a \u00fa\u010detnictv\u00ed. Na za\u010d\u00e1tku sv\u00e9 profesn\u00ed kari\u00e9ry p\u016fsobil n\u011bkolik let v poradensk\u00fdch firm\u00e1ch Deloitte a PwC. Od roku 2011 se v\u011bnuje problematice restrukturalizac\u00ed a insolvenc\u00ed, prim\u00e1rn\u011b se zam\u011b\u0159uje ne neform\u00e1ln\u00ed restrukturalizace. V sou\u010dasn\u00e9 dob\u011b p\u016fsob\u00ed v \u010cSOB, kde vede t\u00fdm restrukturalizac\u00ed korpor\u00e1tn\u00edch klient\u016f. Je \u010dlenem TMA.<\/p>\n<\/section>\n<\/section>\n<\/section>\n","protected":false},"excerpt":{"rendered":"<p>Roland Beb\u010d\u00e1k Roland Beb\u010d\u00e1k p\u016fsob\u00ed jako Managing Partner ve spole\u010dnosti White Star Real Estate CZ &amp; SK, kde zodpov\u00edd\u00e1 za strategick\u00e9 veden\u00ed a rozvoj kl\u00ed\u010dov\u00fdch projekt\u016f v oblasti nemovitost\u00ed. S v\u00edce ne\u017e 20 lety zku\u0161enost\u00ed na trhu st\u0159edn\u00ed a v\u00fdchodn\u00ed Evropy (CEE) se \u0159ad\u00ed mezi p\u0159edn\u00ed odborn\u00edky v oblasti investic a spr\u00e1vy nemovitost\u00ed. Ve sv\u00e9&#8230;  <a class=\"excerpt-read-more\" href=\"https:\/\/turnaround.cz\/restrukturalizacni-forum-2024\/prednasejici\/\" title=\"Read P\u0159edn\u00e1\u0161ej\u00edc\u00ed\">Read more &raquo;<\/a><\/p>\n","protected":false},"author":1,"featured_media":0,"parent":0,"menu_order":0,"comment_status":"closed","ping_status":"closed","template":"","meta":{"ngg_post_thumbnail":0,"jetpack_post_was_ever_published":false,"footnotes":""},"class_list":["post-10","page","type-page","status-publish","hentry"],"acf":[],"jetpack_sharing_enabled":true,"jetpack_shortlink":"https:\/\/wp.me\/Pdw2zV-a","_links":{"self":[{"href":"https:\/\/turnaround.cz\/restrukturalizacni-forum-2024\/wp-json\/wp\/v2\/pages\/10","targetHints":{"allow":["GET"]}}],"collection":[{"href":"https:\/\/turnaround.cz\/restrukturalizacni-forum-2024\/wp-json\/wp\/v2\/pages"}],"about":[{"href":"https:\/\/turnaround.cz\/restrukturalizacni-forum-2024\/wp-json\/wp\/v2\/types\/page"}],"author":[{"embeddable":true,"href":"https:\/\/turnaround.cz\/restrukturalizacni-forum-2024\/wp-json\/wp\/v2\/users\/1"}],"replies":[{"embeddable":true,"href":"https:\/\/turnaround.cz\/restrukturalizacni-forum-2024\/wp-json\/wp\/v2\/comments?post=10"}],"version-history":[{"count":203,"href":"https:\/\/turnaround.cz\/restrukturalizacni-forum-2024\/wp-json\/wp\/v2\/pages\/10\/revisions"}],"predecessor-version":[{"id":2254,"href":"https:\/\/turnaround.cz\/restrukturalizacni-forum-2024\/wp-json\/wp\/v2\/pages\/10\/revisions\/2254"}],"wp:attachment":[{"href":"https:\/\/turnaround.cz\/restrukturalizacni-forum-2024\/wp-json\/wp\/v2\/media?parent=10"}],"curies":[{"name":"wp","href":"https:\/\/api.w.org\/{rel}","templated":true}]}}